{"id":18677,"date":"2024-05-23T14:03:57","date_gmt":"2024-05-23T12:03:57","guid":{"rendered":"https:\/\/www.carmedeolazabal.cat\/reportajes-corporativos\/empresas-y-equipos\/"},"modified":"2026-03-19T11:17:23","modified_gmt":"2026-03-19T09:17:23","slug":"empreses-i-equips","status":"publish","type":"page","link":"https:\/\/www.carmedeolazabal.cat\/ca\/reportatges-corporatius\/empreses-i-equips\/","title":{"rendered":"Empreses i equips"},"content":{"rendered":"\n<div class=\"wp-block-cover alignfull is-light\" style=\"min-height:80vh;aspect-ratio:unset;\"><img loading=\"lazy\" decoding=\"async\" width=\"2000\" height=\"1333\" class=\"wp-block-cover__image-background wp-image-18132\" alt=\"sesion fotografica corporativa\" src=\"https:\/\/www.carmedeolazabal.cat\/wp-content\/uploads\/2024\/07\/sesion-fotografica-corporativa.webp\" data-object-fit=\"cover\" title=\"\" srcset=\"https:\/\/www.carmedeolazabal.cat\/wp-content\/uploads\/2024\/07\/sesion-fotografica-corporativa.webp 2000w, https:\/\/www.carmedeolazabal.cat\/wp-content\/uploads\/2024\/07\/sesion-fotografica-corporativa-300x200.webp 300w, https:\/\/www.carmedeolazabal.cat\/wp-content\/uploads\/2024\/07\/sesion-fotografica-corporativa-1024x682.webp 1024w, https:\/\/www.carmedeolazabal.cat\/wp-content\/uploads\/2024\/07\/sesion-fotografica-corporativa-768x512.webp 768w, https:\/\/www.carmedeolazabal.cat\/wp-content\/uploads\/2024\/07\/sesion-fotografica-corporativa-1536x1024.webp 1536w, https:\/\/www.carmedeolazabal.cat\/wp-content\/uploads\/2024\/07\/sesion-fotografica-corporativa-1200x800.webp 1200w, https:\/\/www.carmedeolazabal.cat\/wp-content\/uploads\/2024\/07\/sesion-fotografica-corporativa-938x625.webp 938w, https:\/\/www.carmedeolazabal.cat\/wp-content\/uploads\/2024\/07\/sesion-fotografica-corporativa-1130x753.webp 1130w\" sizes=\"auto, (max-width: 2000px) 100vw, 2000px\" \/><span aria-hidden=\"true\" class=\"wp-block-cover__background has-black-background-color has-background-dim-0 has-background-dim\"><\/span><div class=\"wp-block-cover__inner-container is-layout-flow wp-block-cover-is-layout-flow\">\n<div class=\"wp-block-group has-text-color has-link-color wp-elements-ba9b7828a1089f773d05cfb7befa5af8\" style=\"color:#ffffff\"><div class=\"wp-block-group__inner-container is-layout-constrained wp-block-group-is-layout-constrained\">\n<div class=\"wp-block-columns is-layout-flex wp-container-core-columns-is-layout-9d6595d7 wp-block-columns-is-layout-flex\">\n<div class=\"wp-block-column is-layout-flow wp-block-column-is-layout-flow\" style=\"flex-basis:100%\"><\/div>\n<\/div>\n<\/div><\/div>\n<\/div><\/div>\n\n\n\n<div class=\"wp-block-uagb-container uagb-block-3332d5a2 alignfull uagb-is-root-container\"><div class=\"uagb-container-inner-blocks-wrap\">\n<h1 class=\"wp-block-heading has-text-align-center\">Fotografia corporativa<\/h1>\n\n\n\n<p class=\"has-text-align-center\">S\u00f3c la <strong>Carme d&#8217;Olazabal<\/strong>, tinc <strong>estudi de fotografia corporativa a Sant Cugat<\/strong> i em despla\u00e7o a la teva empresa. Realitzo <strong>fotografia per a perfils professionals, books corporatius d&#8217;instal\u00b7lacions<\/strong> i <strong>equips<\/strong>, <strong>retrats per a LinkedIn<\/strong> i <strong>fotografia de producte<\/strong>.<\/p>\n\n\n<div id=\"ez-toc-container\" class=\"ez-toc-v2_0_80 counter-hierarchy ez-toc-counter ez-toc-custom ez-toc-container-direction\">\n<div class=\"ez-toc-title-container\">\n<p class=\"ez-toc-title\" style=\"cursor:inherit\"><\/p>\n<span class=\"ez-toc-title-toggle\"><\/span><\/div>\n<nav><ul class='ez-toc-list ez-toc-list-level-1 ' ><li class='ez-toc-page-1 ez-toc-heading-level-2'><a class=\"ez-toc-link ez-toc-heading-1\" href=\"https:\/\/www.carmedeolazabal.cat\/ca\/reportatges-corporatius\/empreses-i-equips\/#galeria-de-fotografia-professional-per-a-empreses\">Galeria de fotografia professional per a empreses<\/a><\/li><li class='ez-toc-page-1 ez-toc-heading-level-2'><a class=\"ez-toc-link ez-toc-heading-2\" href=\"https:\/\/www.carmedeolazabal.cat\/ca\/reportatges-corporatius\/empreses-i-equips\/#preus-reportatges-empreses\">Preus reportatges empreses<\/a><\/li><li class='ez-toc-page-1 ez-toc-heading-level-2'><a class=\"ez-toc-link ez-toc-heading-3\" href=\"https:\/\/www.carmedeolazabal.cat\/ca\/reportatges-corporatius\/empreses-i-equips\/#opinions\">Opinions<\/a><\/li><li class='ez-toc-page-1 ez-toc-heading-level-2'><a class=\"ez-toc-link ez-toc-heading-4\" href=\"https:\/\/www.carmedeolazabal.cat\/ca\/reportatges-corporatius\/empreses-i-equips\/#books-corporatius-dinstallacions-i-equips\">Books corporatius d&#8217;instal\u00b7lacions i equips<\/a><\/li><li class='ez-toc-page-1 ez-toc-heading-level-2'><a class=\"ez-toc-link ez-toc-heading-5\" href=\"https:\/\/www.carmedeolazabal.cat\/ca\/reportatges-corporatius\/empreses-i-equips\/#fotografia-per-a-perfils-professionals-i-retrats-per-a-linkedin\">Fotografia per a perfils professionals i retrats per a LinkedIn<\/a><\/li><li class='ez-toc-page-1 ez-toc-heading-level-2'><a class=\"ez-toc-link ez-toc-heading-6\" href=\"https:\/\/www.carmedeolazabal.cat\/ca\/reportatges-corporatius\/empreses-i-equips\/#fotografia-de-producte\">Fotografia de producte<\/a><\/li><li class='ez-toc-page-1 ez-toc-heading-level-2'><a class=\"ez-toc-link ez-toc-heading-7\" href=\"https:\/\/www.carmedeolazabal.cat\/ca\/reportatges-corporatius\/empreses-i-equips\/#preguntes-frequentes\">Preguntes freq\u00fcentes<\/a><\/li><\/ul><\/nav><\/div>\n\n\n\n\n<p class=\"has-text-align-center\">La <strong>fotografia professional per a empreses<\/strong> \u00e9s un instrument fonamental per presentar-se a futurs clients. Projectar la imatge que t&#8217;interessa donar de tu i del teu negoci. Avui dia, les fotografies que s&#8217;exposen a la teva p\u00e0gina web professional s\u00f3n l&#8217;aparador de la teva empresa, <strong>donen confian\u00e7a i reforcen la imatge de la teva marca<\/strong>, tant la <strong>corporativa<\/strong> com la <strong>personal<\/strong>.<\/p>\n\n\n\n<h2 class=\"wp-block-heading has-text-align-center\"><span class=\"ez-toc-section\" id=\"galeria-de-fotografia-professional-per-a-empreses\"><\/span>Galeria de fotografia professional per a empreses<span class=\"ez-toc-section-end\"><\/span><\/h2>\n<\/div><\/div>\n\n\n\n<div class=\"wp-block-uagb-container uagb-block-1f61cb70 alignfull uagb-is-root-container\"><style>#jtg-17156 .modula-item .jtg-social a, .lightbox-socials.jtg-social a{ fill: #ffffff; color: #ffffff }#jtg-17156 .modula-item .jtg-social-mobile a{ fill: #ffffff; color: #ffffff }#jtg-17156 .modula-item .jtg-social svg, .lightbox-socials.jtg-social svg { height: 16px; width: 16px }#jtg-17156 .modula-item .jtg-social-mobile svg { height: 16px; width: 16px }#jtg-17156 .modula-item .jtg-social a:not(:last-child), .lightbox-socials.jtg-social a:not(:last-child) { margin-right: 10px }#jtg-17156 .modula-item .jtg-social-mobile .jtg-social-mobile-icons a:not(:last-child){ margin-right: 10px }#jtg-17156 .modula-item .figc {}#jtg-17156 .modula-item .modula-item-content { transform: scale(1) }#jtg-17156 .modula-items .figc p.description { font-size:14px; }#jtg-17156 .modula-items .figc p.description { color:;}#jtg-17156.modula-gallery .modula-item > a, #jtg-17156.modula-gallery .modula-item, #jtg-17156.modula-gallery .modula-item-content > a:not(.modula-no-follow) { cursor:pointer; } #jtg-17156.modula-gallery .modula-item-content .modula-no-follow { cursor: default; } #jtg-17156 .modula-item .modula-item-overlay, #jtg-17156 .modula-item.effect-layla, #jtg-17156  .modula-item.effect-ruby,#jtg-17156 .modula-item.effect-bubba,#jtg-17156 .modula-item.effect-sarah,#jtg-17156 .modula-item.effect-milo,#jtg-17156 .modula-item.effect-julia,#jtg-17156 .modula-item.effect-hera,#jtg-17156 .modula-item.effect-winston,#jtg-17156 .modula-item.effect-selena,#jtg-17156 .modula-item.effect-terry,#jtg-17156 .modula-item.effect-phoebe,#jtg-17156 .modula-item.effect-apollo,#jtg-17156 .modula-item.effect-steve,#jtg-17156 .modula-item.effect-ming{ background-color:#fff; }#jtg-17156  .modula-item.effect-oscar { background: -webkit-linear-gradient(45deg,#fff 0,#9b4a1b 40%,#fff 100%);background: linear-gradient(45deg,#fff 0,#9b4a1b 40%,#fff 100%);}#jtg-17156  .modula-item.effect-roxy {background: -webkit-linear-gradient(45deg,#fff 0,#05abe0 100%);background: linear-gradient(45deg,#fff 0,#05abe0 100%);}#jtg-17156 .modula-item.effect-dexter {background: -webkit-linear-gradient(top,#fff 0,rgba(104,60,19,1) 100%); background: linear-gradient(to bottom,#fff 0,rgba(104,60,19,1) 100%);}#jtg-17156  .modula-item.effect-jazz {background: -webkit-linear-gradient(-45deg,#fff 0,#f33f58 100%);background: linear-gradient(-45deg,#fff 0,#f33f58 100%);}#jtg-17156 .modula-item.effect-lexi {background: -webkit-linear-gradient(-45deg,#fff 0,#fff 100%);background: linear-gradient(-45deg,#fff 0,#fff 100%);}#jtg-17156 .modula-item.effect-duke {background: -webkit-linear-gradient(-45deg,#fff 0,#cc6055 100%);background: linear-gradient(-45deg,#fff 0,#cc6055 100%);}#jtg-17156 .jtg-title {font-weight:normal; }#jtg-17156 p.description {font-weight:normal; }#jtg-17156:not(.modula-loaded-scale)  .modula-item .modula-item-content { transform: scale(1) translate(0px,0px) rotate(0deg); }@keyframes modulaScaling { 0% {transform: scale(1) translate(0px,p0x) rotate(0deg);} 50%{transform: scale(1) translate(0px,0px) rotate(0deg);}100%{transform: scale(1) translate(0px,p0x) rotate(0deg);}}#jtg-17156.modula-gallery .modula-item.effect-terry .jtg-social a:not(:last-child){margin-bottom:10px;}.modula-fancybox-container.modula-lightbox-jtg-17156 .modula-fancybox-caption .modula-fancybox-caption__body, .modula-fancybox-container.modula-lightbox-jtg-17156 .modula-fancybox-caption .modula-fancybox-caption__body p {text-align:center}.modula-fancybox-container.modula-lightbox-jtg-17156 .modula-fancybox-bg{background:rgba(30,30,30,0.9);opacity:1 !important;}html body .modula.modula-columns .modula-items.grid-gallery .modula-item.effect-under .modula-item-content { height:auto;}.modula-fancybox-container.modula-lightbox-jtg-17156 .fancybox__caption {align-self:center}@media screen and (max-width:480px){#jtg-17156 .modula-item .figc .jtg-title {  font-size: 12px; }#jtg-17156 .modula-items .figc p.description { color:;font-size:10px; }}#jtg-17156 .modula-items .modula-item:hover img{opacity:1;}<\/style>\n<!-- Gallery Container -->\n<div  id=\"jtg-17156\" class=\"modula modula-gallery modula-custom-grid\" data-config=\"{&quot;height&quot;:800,&quot;tabletHeight&quot;:800,&quot;mobileHeight&quot;:800,&quot;desktopHeight&quot;:800,&quot;enableTwitter&quot;:false,&quot;enableWhatsapp&quot;:false,&quot;enableFacebook&quot;:false,&quot;enablePinterest&quot;:false,&quot;enableLinkedin&quot;:false,&quot;enableEmail&quot;:false,&quot;randomFactor&quot;:0.5,&quot;type&quot;:&quot;custom-grid&quot;,&quot;columns&quot;:12,&quot;gutter&quot;:0,&quot;mobileGutter&quot;:0,&quot;tabletGutter&quot;:0,&quot;desktopGutter&quot;:0,&quot;enableResponsive&quot;:true,&quot;tabletColumns&quot;:4,&quot;mobileColumns&quot;:2,&quot;lazyLoad&quot;:true,&quot;lightboxOpts&quot;:{&quot;animated&quot;:true,&quot;Thumbs&quot;:{&quot;type&quot;:&quot;modern&quot;,&quot;showOnStart&quot;:false},&quot;Toolbar&quot;:{&quot;display&quot;:{&quot;right&quot;:[&quot;close&quot;],&quot;left&quot;:[&quot;infobar&quot;]},&quot;enabled&quot;:true},&quot;Carousel&quot;:{&quot;Panzoom&quot;:{&quot;touch&quot;:false},&quot;infinite&quot;:false,&quot;transition&quot;:false},&quot;keyboard&quot;:{&quot;Escape&quot;:&quot;close&quot;,&quot;Delete&quot;:&quot;close&quot;,&quot;Backspace&quot;:&quot;close&quot;,&quot;PageUp&quot;:&quot;next&quot;,&quot;PageDown&quot;:&quot;prev&quot;,&quot;ArrowUp&quot;:&quot;prev&quot;,&quot;ArrowDown&quot;:&quot;next&quot;,&quot;ArrowRight&quot;:&quot;next&quot;,&quot;ArrowLeft&quot;:&quot;prev&quot;},&quot;touch&quot;:false,&quot;backdropClick&quot;:false,&quot;l10n&quot;:{&quot;CLOSE&quot;:&quot;Close&quot;,&quot;NEXT&quot;:&quot;Next&quot;,&quot;PREV&quot;:&quot;Previous&quot;,&quot;Error&quot;:&quot;The requested content cannot be loaded. Please try again later.&quot;,&quot;PLAY_START&quot;:&quot;Start slideshow&quot;,&quot;PLAY_STOP&quot;:&quot;Pause slideshow&quot;,&quot;FULL_SCREEN&quot;:&quot;Full screen&quot;,&quot;THUMBS&quot;:&quot;Thumbnails&quot;,&quot;DOWNLOAD&quot;:&quot;Download&quot;,&quot;SHARE&quot;:&quot;Share&quot;,&quot;ZOOM&quot;:&quot;Zoom&quot;,&quot;EMAIL&quot;:&quot;Here is the link to the image : %%image_link%% and this is the link to the gallery : %%gallery_link%%&quot;,&quot;MODAL&quot;:&quot;You can close this modal content with the ESC key&quot;,&quot;ERROR&quot;:&quot;Something Went Wrong, Please Try Again Later&quot;,&quot;IMAGE_ERROR&quot;:&quot;Image Not Found&quot;,&quot;ELEMENT_NOT_FOUND&quot;:&quot;HTML Element Not Found&quot;,&quot;AJAX_NOT_FOUND&quot;:&quot;Error Loading AJAX : Not Found&quot;,&quot;AJAX_FORBIDDEN&quot;:&quot;Error Loading AJAX : Forbidden&quot;,&quot;IFRAME_ERROR&quot;:&quot;Error Loading Page&quot;,&quot;TOGGLE_ZOOM&quot;:&quot;Toggle zoom level&quot;,&quot;TOGGLE_THUMBS&quot;:&quot;Toggle thumbnails&quot;,&quot;TOGGLE_SLIDESHOW&quot;:&quot;Toggle slideshow&quot;,&quot;TOGGLE_FULLSCREEN&quot;:&quot;Toggle full-screen mode&quot;},&quot;Images&quot;:{&quot;Panzoom&quot;:{&quot;maxScale&quot;:2},&quot;zoom&quot;:false},&quot;toolbar&quot;:true,&quot;wheel&quot;:false,&quot;animationEffect&quot;:&quot;&quot;,&quot;animationDuration&quot;:366,&quot;transitionEffect&quot;:&quot;&quot;,&quot;transitionDuration&quot;:366,&quot;preventCaptionOverlap&quot;:false,&quot;mainClass&quot;:&quot;modula-fancybox-container modula-lightbox-jtg-17156&quot;,&quot;Html&quot;:{&quot;videoAutoplay&quot;:0,&quot;videoTpl&quot;:&quot;&lt;video class=\\&quot;fancybox__html5video\\&quot; controls muted playsinline controlsList controlsList=\\&quot;nodownload\\&quot; poster=\\&quot;{{poster}}\\&quot; src=\\&quot;{{src}}\\&quot; type=\\&quot;{{format}}\\&quot; &gt;  Sorry, your browser doesn&#039;t support embedded videos, &lt;a href=\\&quot;{{src}}\\&quot;&gt; download &lt;\\\/a&gt; and watch with your favorite video player! &lt;\\\/video&gt;&quot;},&quot;showClass&quot;:&quot;m-In&quot;,&quot;hideClass&quot;:&quot;m-Out&quot;},&quot;inView&quot;:false,&quot;email_subject&quot;:&quot;Check out this awesome image !!&quot;,&quot;email_message&quot;:&quot;Here is the link to the image : %%image_link%% and this is the link to the gallery : %%gallery_link%%&quot;,&quot;lightbox&quot;:&quot;fancybox&quot;,&quot;filterClick&quot;:&quot;0&quot;,&quot;dropdownFilters&quot;:&quot;0&quot;,&quot;defaultActiveFilter&quot;:&quot;all&quot;,&quot;initLightbox&quot;:&quot;modula_pro_init_lightbox&quot;,&quot;haveFilters&quot;:0,&quot;lightbox_devices&quot;:&quot;both&quot;}\">\n\n\t\n\t<!-- Items Container -->\n\t<div  class=\"modula-items\">\n\t\t<div class=\"modula-item\" data-width=\"3\" data-height=\"4\" >\n\t<div class=\"modula-item-content\">\n\t\t\n\t\t\t\t\t<a data-image-id=\"17157\" tabindex=\"0\" href=\"https:\/\/www.carmedeolazabal.cat\/wp-content\/uploads\/2024\/06\/sesiones-fotos-empresas-profesional.webp\" rel=\"jtg-17156\" data-caption=\"&lt;p&gt;sesiones fotos empresas profesional&lt;\/p&gt;\" aria-label=\"Open image in lightbox\" role=\"button\" data-thumb=\"https:\/\/www.carmedeolazabal.cat\/wp-content\/uploads\/2024\/06\/sesiones-fotos-empresas-profesional-150x150.webp\" class=\"tile-inner modula-item-link\"><\/a>\n\t\t\n\t\t<img class=\"pic wp-image-17157 lazyload\"  data-valign=\"middle\" data-halign=\"center\" alt=\"sesiones fotos empresas profesional\" data-full=\"https:\/\/www.carmedeolazabal.cat\/wp-content\/uploads\/2024\/06\/sesiones-fotos-empresas-profesional.webp\" title=\"sesiones fotos empresas profesional\" width=\"900\" height=\"1350\" data-src=\"https:\/\/www.carmedeolazabal.cat\/wp-content\/uploads\/2024\/06\/sesiones-fotos-empresas-profesional.webp\" data-caption=\"sesiones fotos empresas profesional\" data-source=\"modula\" data-srcset=\"https:\/\/www.carmedeolazabal.cat\/wp-content\/uploads\/2024\/06\/sesiones-fotos-empresas-profesional.webp 900w, https:\/\/www.carmedeolazabal.cat\/wp-content\/uploads\/2024\/06\/sesiones-fotos-empresas-profesional-200x300.webp 200w, https:\/\/www.carmedeolazabal.cat\/wp-content\/uploads\/2024\/06\/sesiones-fotos-empresas-profesional-683x1024.webp 683w, https:\/\/www.carmedeolazabal.cat\/wp-content\/uploads\/2024\/06\/sesiones-fotos-empresas-profesional-768x1152.webp 768w\" data-sizes=\"(max-width: 900px) 100vw, 900px\" srcset=\"https:\/\/www.carmedeolazabal.cat\/wp-content\/uploads\/2024\/06\/sesiones-fotos-empresas-profesional.webp 900w, https:\/\/www.carmedeolazabal.cat\/wp-content\/uploads\/2024\/06\/sesiones-fotos-empresas-profesional-200x300.webp 200w, https:\/\/www.carmedeolazabal.cat\/wp-content\/uploads\/2024\/06\/sesiones-fotos-empresas-profesional-683x1024.webp 683w, https:\/\/www.carmedeolazabal.cat\/wp-content\/uploads\/2024\/06\/sesiones-fotos-empresas-profesional-768x1152.webp 768w\" sizes=\"(max-width: 900px) 100vw, 900px\" \/>\n\t<\/div>\n\n<\/div><div class=\"modula-item\" data-width=\"3\" data-height=\"3\" >\n\t<div class=\"modula-item-content\">\n\t\t\n\t\t\t\t\t<a data-image-id=\"17159\" tabindex=\"0\" href=\"https:\/\/www.carmedeolazabal.cat\/wp-content\/uploads\/2024\/06\/sesiones-fotos-empresas-equipos.webp\" rel=\"jtg-17156\" data-caption=\"&lt;p&gt;sesiones fotos empresas equipos&lt;\/p&gt;\" aria-label=\"Open image in lightbox\" role=\"button\" data-thumb=\"https:\/\/www.carmedeolazabal.cat\/wp-content\/uploads\/2024\/06\/sesiones-fotos-empresas-equipos-150x150.webp\" class=\"tile-inner modula-item-link\"><\/a>\n\t\t\n\t\t<img class=\"pic wp-image-17159 lazyload\"  data-valign=\"middle\" data-halign=\"center\" alt=\"sesiones fotos empresas equipos\" data-full=\"https:\/\/www.carmedeolazabal.cat\/wp-content\/uploads\/2024\/06\/sesiones-fotos-empresas-equipos.webp\" title=\"sesiones fotos empresas equipos\" width=\"1000\" height=\"667\" data-src=\"https:\/\/www.carmedeolazabal.cat\/wp-content\/uploads\/2024\/06\/sesiones-fotos-empresas-equipos.webp\" data-caption=\"sesiones fotos empresas equipos\" data-source=\"modula\" data-srcset=\"https:\/\/www.carmedeolazabal.cat\/wp-content\/uploads\/2024\/06\/sesiones-fotos-empresas-equipos.webp 1000w, https:\/\/www.carmedeolazabal.cat\/wp-content\/uploads\/2024\/06\/sesiones-fotos-empresas-equipos-300x200.webp 300w, https:\/\/www.carmedeolazabal.cat\/wp-content\/uploads\/2024\/06\/sesiones-fotos-empresas-equipos-768x512.webp 768w, https:\/\/www.carmedeolazabal.cat\/wp-content\/uploads\/2024\/06\/sesiones-fotos-empresas-equipos-938x626.webp 938w\" data-sizes=\"(max-width: 1000px) 100vw, 1000px\" srcset=\"https:\/\/www.carmedeolazabal.cat\/wp-content\/uploads\/2024\/06\/sesiones-fotos-empresas-equipos.webp 1000w, https:\/\/www.carmedeolazabal.cat\/wp-content\/uploads\/2024\/06\/sesiones-fotos-empresas-equipos-300x200.webp 300w, https:\/\/www.carmedeolazabal.cat\/wp-content\/uploads\/2024\/06\/sesiones-fotos-empresas-equipos-768x512.webp 768w, https:\/\/www.carmedeolazabal.cat\/wp-content\/uploads\/2024\/06\/sesiones-fotos-empresas-equipos-938x626.webp 938w\" sizes=\"(max-width: 1000px) 100vw, 1000px\" \/>\n\t<\/div>\n\n<\/div><div class=\"modula-item\" data-width=\"3\" data-height=\"3\" >\n\t<div class=\"modula-item-content\">\n\t\t\n\t\t\t\t\t<a data-image-id=\"17171\" tabindex=\"0\" href=\"https:\/\/www.carmedeolazabal.cat\/wp-content\/uploads\/2024\/06\/reportajes-fotografo-empresas.webp\" rel=\"jtg-17156\" data-caption=\"&lt;p&gt;reportajes fotografo empresas&lt;\/p&gt;\" aria-label=\"Open image in lightbox\" role=\"button\" data-thumb=\"https:\/\/www.carmedeolazabal.cat\/wp-content\/uploads\/2024\/06\/reportajes-fotografo-empresas-150x150.webp\" class=\"tile-inner modula-item-link\"><\/a>\n\t\t\n\t\t<img class=\"pic wp-image-17171 lazyload\"  data-valign=\"middle\" data-halign=\"center\" alt=\"reportajes fotografo empresas\" data-full=\"https:\/\/www.carmedeolazabal.cat\/wp-content\/uploads\/2024\/06\/reportajes-fotografo-empresas.webp\" title=\"reportajes fotografo empresas\" width=\"1000\" height=\"667\" data-src=\"https:\/\/www.carmedeolazabal.cat\/wp-content\/uploads\/2024\/06\/reportajes-fotografo-empresas.webp\" data-caption=\"reportajes fotografo empresas\" data-source=\"modula\" data-srcset=\"https:\/\/www.carmedeolazabal.cat\/wp-content\/uploads\/2024\/06\/reportajes-fotografo-empresas.webp 1000w, https:\/\/www.carmedeolazabal.cat\/wp-content\/uploads\/2024\/06\/reportajes-fotografo-empresas-300x200.webp 300w, https:\/\/www.carmedeolazabal.cat\/wp-content\/uploads\/2024\/06\/reportajes-fotografo-empresas-768x512.webp 768w, https:\/\/www.carmedeolazabal.cat\/wp-content\/uploads\/2024\/06\/reportajes-fotografo-empresas-938x626.webp 938w\" data-sizes=\"(max-width: 1000px) 100vw, 1000px\" srcset=\"https:\/\/www.carmedeolazabal.cat\/wp-content\/uploads\/2024\/06\/reportajes-fotografo-empresas.webp 1000w, https:\/\/www.carmedeolazabal.cat\/wp-content\/uploads\/2024\/06\/reportajes-fotografo-empresas-300x200.webp 300w, https:\/\/www.carmedeolazabal.cat\/wp-content\/uploads\/2024\/06\/reportajes-fotografo-empresas-768x512.webp 768w, https:\/\/www.carmedeolazabal.cat\/wp-content\/uploads\/2024\/06\/reportajes-fotografo-empresas-938x626.webp 938w\" sizes=\"(max-width: 1000px) 100vw, 1000px\" \/>\n\t<\/div>\n\n<\/div><div class=\"modula-item\" data-width=\"3\" data-height=\"3\" >\n\t<div class=\"modula-item-content\">\n\t\t\n\t\t\t\t\t<a data-image-id=\"17187\" tabindex=\"0\" href=\"https:\/\/www.carmedeolazabal.cat\/wp-content\/uploads\/2024\/06\/sesion-fotos-para-empresa.webp\" rel=\"jtg-17156\" data-caption=\"&lt;p&gt;sesion fotos para empresa&lt;\/p&gt;\" aria-label=\"Open image in lightbox\" role=\"button\" data-thumb=\"https:\/\/www.carmedeolazabal.cat\/wp-content\/uploads\/2024\/06\/sesion-fotos-para-empresa-150x150.webp\" class=\"tile-inner modula-item-link\"><\/a>\n\t\t\n\t\t<img class=\"pic wp-image-17187 lazyload\"  data-valign=\"middle\" data-halign=\"center\" alt=\"sesion fotos para empresa\" data-full=\"https:\/\/www.carmedeolazabal.cat\/wp-content\/uploads\/2024\/06\/sesion-fotos-para-empresa.webp\" title=\"sesion fotos para empresa\" width=\"799\" height=\"533\" data-src=\"https:\/\/www.carmedeolazabal.cat\/wp-content\/uploads\/2024\/06\/sesion-fotos-para-empresa.webp\" data-caption=\"sesion fotos para empresa\" data-source=\"modula\" data-srcset=\"https:\/\/www.carmedeolazabal.cat\/wp-content\/uploads\/2024\/06\/sesion-fotos-para-empresa.webp 799w, https:\/\/www.carmedeolazabal.cat\/wp-content\/uploads\/2024\/06\/sesion-fotos-para-empresa-300x200.webp 300w, https:\/\/www.carmedeolazabal.cat\/wp-content\/uploads\/2024\/06\/sesion-fotos-para-empresa-768x512.webp 768w\" data-sizes=\"(max-width: 799px) 100vw, 799px\" srcset=\"https:\/\/www.carmedeolazabal.cat\/wp-content\/uploads\/2024\/06\/sesion-fotos-para-empresa.webp 799w, https:\/\/www.carmedeolazabal.cat\/wp-content\/uploads\/2024\/06\/sesion-fotos-para-empresa-300x200.webp 300w, https:\/\/www.carmedeolazabal.cat\/wp-content\/uploads\/2024\/06\/sesion-fotos-para-empresa-768x512.webp 768w\" sizes=\"(max-width: 799px) 100vw, 799px\" \/>\n\t<\/div>\n\n<\/div><div class=\"modula-item\" data-width=\"3\" data-height=\"4\" >\n\t<div class=\"modula-item-content\">\n\t\t\n\t\t\t\t\t<a data-image-id=\"17181\" tabindex=\"0\" href=\"https:\/\/www.carmedeolazabal.cat\/wp-content\/uploads\/2024\/06\/sant-cugat-sesion-fotos-empresas.webp\" rel=\"jtg-17156\" data-caption=\"&lt;p&gt;sant cugat sesion fotos empresas&lt;\/p&gt;\" aria-label=\"Open image in lightbox\" role=\"button\" data-thumb=\"https:\/\/www.carmedeolazabal.cat\/wp-content\/uploads\/2024\/06\/sant-cugat-sesion-fotos-empresas-150x150.webp\" class=\"tile-inner modula-item-link\"><\/a>\n\t\t\n\t\t<img class=\"pic wp-image-17181 lazyload\"  data-valign=\"middle\" data-halign=\"center\" alt=\"sant cugat sesion fotos empresas\" data-full=\"https:\/\/www.carmedeolazabal.cat\/wp-content\/uploads\/2024\/06\/sant-cugat-sesion-fotos-empresas.webp\" title=\"sant cugat sesion fotos empresas\" width=\"533\" height=\"800\" data-src=\"https:\/\/www.carmedeolazabal.cat\/wp-content\/uploads\/2024\/06\/sant-cugat-sesion-fotos-empresas.webp\" data-caption=\"sant cugat sesion fotos empresas\" data-source=\"modula\" data-srcset=\"https:\/\/www.carmedeolazabal.cat\/wp-content\/uploads\/2024\/06\/sant-cugat-sesion-fotos-empresas.webp 533w, https:\/\/www.carmedeolazabal.cat\/wp-content\/uploads\/2024\/06\/sant-cugat-sesion-fotos-empresas-200x300.webp 200w\" data-sizes=\"(max-width: 533px) 100vw, 533px\" srcset=\"https:\/\/www.carmedeolazabal.cat\/wp-content\/uploads\/2024\/06\/sant-cugat-sesion-fotos-empresas.webp 533w, https:\/\/www.carmedeolazabal.cat\/wp-content\/uploads\/2024\/06\/sant-cugat-sesion-fotos-empresas-200x300.webp 200w\" sizes=\"(max-width: 533px) 100vw, 533px\" \/>\n\t<\/div>\n\n<\/div><div class=\"modula-item\" data-width=\"3\" data-height=\"3\" >\n\t<div class=\"modula-item-content\">\n\t\t\n\t\t\t\t\t<a data-image-id=\"17161\" tabindex=\"0\" href=\"https:\/\/www.carmedeolazabal.cat\/wp-content\/uploads\/2024\/06\/empresas-reportajes-fotograficos.webp\" rel=\"jtg-17156\" data-caption=\"&lt;p&gt;empresas reportajes fotograficos&lt;\/p&gt;\" aria-label=\"Open image in lightbox\" role=\"button\" data-thumb=\"https:\/\/www.carmedeolazabal.cat\/wp-content\/uploads\/2024\/06\/empresas-reportajes-fotograficos-150x150.webp\" class=\"tile-inner modula-item-link\"><\/a>\n\t\t\n\t\t<img class=\"pic wp-image-17161 lazyload\"  data-valign=\"middle\" data-halign=\"center\" alt=\"empresas reportajes fotograficos\" data-full=\"https:\/\/www.carmedeolazabal.cat\/wp-content\/uploads\/2024\/06\/empresas-reportajes-fotograficos.webp\" title=\"empresas reportajes fotograficos\" width=\"900\" height=\"1350\" data-src=\"https:\/\/www.carmedeolazabal.cat\/wp-content\/uploads\/2024\/06\/empresas-reportajes-fotograficos.webp\" data-caption=\"empresas reportajes fotograficos\" data-source=\"modula\" data-srcset=\"https:\/\/www.carmedeolazabal.cat\/wp-content\/uploads\/2024\/06\/empresas-reportajes-fotograficos.webp 900w, https:\/\/www.carmedeolazabal.cat\/wp-content\/uploads\/2024\/06\/empresas-reportajes-fotograficos-200x300.webp 200w, https:\/\/www.carmedeolazabal.cat\/wp-content\/uploads\/2024\/06\/empresas-reportajes-fotograficos-683x1024.webp 683w, https:\/\/www.carmedeolazabal.cat\/wp-content\/uploads\/2024\/06\/empresas-reportajes-fotograficos-768x1152.webp 768w\" data-sizes=\"(max-width: 900px) 100vw, 900px\" srcset=\"https:\/\/www.carmedeolazabal.cat\/wp-content\/uploads\/2024\/06\/empresas-reportajes-fotograficos.webp 900w, https:\/\/www.carmedeolazabal.cat\/wp-content\/uploads\/2024\/06\/empresas-reportajes-fotograficos-200x300.webp 200w, https:\/\/www.carmedeolazabal.cat\/wp-content\/uploads\/2024\/06\/empresas-reportajes-fotograficos-683x1024.webp 683w, https:\/\/www.carmedeolazabal.cat\/wp-content\/uploads\/2024\/06\/empresas-reportajes-fotograficos-768x1152.webp 768w\" sizes=\"(max-width: 900px) 100vw, 900px\" \/>\n\t<\/div>\n\n<\/div><div class=\"modula-item\" data-width=\"3\" data-height=\"3\" >\n\t<div class=\"modula-item-content\">\n\t\t\n\t\t\t\t\t<a data-image-id=\"17165\" tabindex=\"0\" href=\"https:\/\/www.carmedeolazabal.cat\/wp-content\/uploads\/2024\/06\/fotografo-empresas-equipos.webp\" rel=\"jtg-17156\" data-caption=\"&lt;p&gt;fotografo empresas equipos&lt;\/p&gt;\" aria-label=\"Open image in lightbox\" role=\"button\" data-thumb=\"https:\/\/www.carmedeolazabal.cat\/wp-content\/uploads\/2024\/06\/fotografo-empresas-equipos-150x150.webp\" class=\"tile-inner modula-item-link\"><\/a>\n\t\t\n\t\t<img class=\"pic wp-image-17165 lazyload\"  data-valign=\"middle\" data-halign=\"center\" alt=\"fotografo empresas equipos\" data-full=\"https:\/\/www.carmedeolazabal.cat\/wp-content\/uploads\/2024\/06\/fotografo-empresas-equipos.webp\" title=\"fotografo empresas equipos\" width=\"1000\" height=\"667\" data-src=\"https:\/\/www.carmedeolazabal.cat\/wp-content\/uploads\/2024\/06\/fotografo-empresas-equipos.webp\" data-caption=\"fotografo empresas equipos\" data-source=\"modula\" data-srcset=\"https:\/\/www.carmedeolazabal.cat\/wp-content\/uploads\/2024\/06\/fotografo-empresas-equipos.webp 1000w, https:\/\/www.carmedeolazabal.cat\/wp-content\/uploads\/2024\/06\/fotografo-empresas-equipos-300x200.webp 300w, https:\/\/www.carmedeolazabal.cat\/wp-content\/uploads\/2024\/06\/fotografo-empresas-equipos-768x512.webp 768w, https:\/\/www.carmedeolazabal.cat\/wp-content\/uploads\/2024\/06\/fotografo-empresas-equipos-938x626.webp 938w\" data-sizes=\"(max-width: 1000px) 100vw, 1000px\" srcset=\"https:\/\/www.carmedeolazabal.cat\/wp-content\/uploads\/2024\/06\/fotografo-empresas-equipos.webp 1000w, https:\/\/www.carmedeolazabal.cat\/wp-content\/uploads\/2024\/06\/fotografo-empresas-equipos-300x200.webp 300w, https:\/\/www.carmedeolazabal.cat\/wp-content\/uploads\/2024\/06\/fotografo-empresas-equipos-768x512.webp 768w, https:\/\/www.carmedeolazabal.cat\/wp-content\/uploads\/2024\/06\/fotografo-empresas-equipos-938x626.webp 938w\" sizes=\"(max-width: 1000px) 100vw, 1000px\" \/>\n\t<\/div>\n\n<\/div><div class=\"modula-item\" data-width=\"3\" data-height=\"3\" >\n\t<div class=\"modula-item-content\">\n\t\t\n\t\t\t\t\t<a data-image-id=\"17173\" tabindex=\"0\" href=\"https:\/\/www.carmedeolazabal.cat\/wp-content\/uploads\/2024\/06\/reportajes-fotos-corporativos-empresas.webp\" rel=\"jtg-17156\" data-caption=\"&lt;p&gt;reportajes fotos corporativos empresas&lt;\/p&gt;\" aria-label=\"Open image in lightbox\" role=\"button\" data-thumb=\"https:\/\/www.carmedeolazabal.cat\/wp-content\/uploads\/2024\/06\/reportajes-fotos-corporativos-empresas-150x150.webp\" class=\"tile-inner modula-item-link\"><\/a>\n\t\t\n\t\t<img class=\"pic wp-image-17173 lazyload\"  data-valign=\"middle\" data-halign=\"center\" alt=\"reportajes fotos corporativos empresas\" data-full=\"https:\/\/www.carmedeolazabal.cat\/wp-content\/uploads\/2024\/06\/reportajes-fotos-corporativos-empresas.webp\" title=\"reportajes fotos corporativos empresas\" width=\"1000\" height=\"667\" data-src=\"https:\/\/www.carmedeolazabal.cat\/wp-content\/uploads\/2024\/06\/reportajes-fotos-corporativos-empresas.webp\" data-caption=\"reportajes fotos corporativos empresas\" data-source=\"modula\" data-srcset=\"https:\/\/www.carmedeolazabal.cat\/wp-content\/uploads\/2024\/06\/reportajes-fotos-corporativos-empresas.webp 1000w, https:\/\/www.carmedeolazabal.cat\/wp-content\/uploads\/2024\/06\/reportajes-fotos-corporativos-empresas-300x200.webp 300w, https:\/\/www.carmedeolazabal.cat\/wp-content\/uploads\/2024\/06\/reportajes-fotos-corporativos-empresas-768x512.webp 768w, https:\/\/www.carmedeolazabal.cat\/wp-content\/uploads\/2024\/06\/reportajes-fotos-corporativos-empresas-938x626.webp 938w\" data-sizes=\"(max-width: 1000px) 100vw, 1000px\" srcset=\"https:\/\/www.carmedeolazabal.cat\/wp-content\/uploads\/2024\/06\/reportajes-fotos-corporativos-empresas.webp 1000w, https:\/\/www.carmedeolazabal.cat\/wp-content\/uploads\/2024\/06\/reportajes-fotos-corporativos-empresas-300x200.webp 300w, https:\/\/www.carmedeolazabal.cat\/wp-content\/uploads\/2024\/06\/reportajes-fotos-corporativos-empresas-768x512.webp 768w, https:\/\/www.carmedeolazabal.cat\/wp-content\/uploads\/2024\/06\/reportajes-fotos-corporativos-empresas-938x626.webp 938w\" sizes=\"(max-width: 1000px) 100vw, 1000px\" \/>\n\t<\/div>\n\n<\/div><div class=\"modula-item\" data-width=\"3\" data-height=\"4\" >\n\t<div class=\"modula-item-content\">\n\t\t\n\t\t\t\t\t<a data-image-id=\"17185\" tabindex=\"0\" href=\"https:\/\/www.carmedeolazabal.cat\/wp-content\/uploads\/2024\/06\/sesion-fotos-negocios-equipos.webp\" rel=\"jtg-17156\" data-caption=\"&lt;p&gt;sesion fotos negocios equipos&lt;\/p&gt;\" aria-label=\"Open image in lightbox\" role=\"button\" data-thumb=\"https:\/\/www.carmedeolazabal.cat\/wp-content\/uploads\/2024\/06\/sesion-fotos-negocios-equipos-150x150.webp\" class=\"tile-inner modula-item-link\"><\/a>\n\t\t\n\t\t<img class=\"pic wp-image-17185 lazyload\"  data-valign=\"middle\" data-halign=\"center\" alt=\"sesion fotos negocios equipos\" data-full=\"https:\/\/www.carmedeolazabal.cat\/wp-content\/uploads\/2024\/06\/sesion-fotos-negocios-equipos.webp\" title=\"sesion fotos negocios equipos\" width=\"900\" height=\"1350\" data-src=\"https:\/\/www.carmedeolazabal.cat\/wp-content\/uploads\/2024\/06\/sesion-fotos-negocios-equipos.webp\" data-caption=\"sesion fotos negocios equipos\" data-source=\"modula\" data-srcset=\"https:\/\/www.carmedeolazabal.cat\/wp-content\/uploads\/2024\/06\/sesion-fotos-negocios-equipos.webp 900w, https:\/\/www.carmedeolazabal.cat\/wp-content\/uploads\/2024\/06\/sesion-fotos-negocios-equipos-200x300.webp 200w, https:\/\/www.carmedeolazabal.cat\/wp-content\/uploads\/2024\/06\/sesion-fotos-negocios-equipos-683x1024.webp 683w, https:\/\/www.carmedeolazabal.cat\/wp-content\/uploads\/2024\/06\/sesion-fotos-negocios-equipos-768x1152.webp 768w\" data-sizes=\"(max-width: 900px) 100vw, 900px\" srcset=\"https:\/\/www.carmedeolazabal.cat\/wp-content\/uploads\/2024\/06\/sesion-fotos-negocios-equipos.webp 900w, https:\/\/www.carmedeolazabal.cat\/wp-content\/uploads\/2024\/06\/sesion-fotos-negocios-equipos-200x300.webp 200w, https:\/\/www.carmedeolazabal.cat\/wp-content\/uploads\/2024\/06\/sesion-fotos-negocios-equipos-683x1024.webp 683w, https:\/\/www.carmedeolazabal.cat\/wp-content\/uploads\/2024\/06\/sesion-fotos-negocios-equipos-768x1152.webp 768w\" sizes=\"(max-width: 900px) 100vw, 900px\" \/>\n\t<\/div>\n\n<\/div><div class=\"modula-item\" data-width=\"3\" data-height=\"3\" >\n\t<div class=\"modula-item-content\">\n\t\t\n\t\t\t\t\t<a data-image-id=\"17163\" tabindex=\"0\" href=\"https:\/\/www.carmedeolazabal.cat\/wp-content\/uploads\/2024\/06\/empresas-sesion-fotos-progfesional.webp\" rel=\"jtg-17156\" data-caption=\"&lt;p&gt;empresas sesion fotos progfesional&lt;\/p&gt;\" aria-label=\"Open image in lightbox\" role=\"button\" data-thumb=\"https:\/\/www.carmedeolazabal.cat\/wp-content\/uploads\/2024\/06\/empresas-sesion-fotos-progfesional-150x150.webp\" class=\"tile-inner modula-item-link\"><\/a>\n\t\t\n\t\t<img class=\"pic wp-image-17163 lazyload\"  data-valign=\"middle\" data-halign=\"center\" alt=\"empresas sesion fotos progfesional\" data-full=\"https:\/\/www.carmedeolazabal.cat\/wp-content\/uploads\/2024\/06\/empresas-sesion-fotos-progfesional.webp\" title=\"empresas sesion fotos progfesional\" width=\"800\" height=\"533\" data-src=\"https:\/\/www.carmedeolazabal.cat\/wp-content\/uploads\/2024\/06\/empresas-sesion-fotos-progfesional.webp\" data-caption=\"empresas sesion fotos progfesional\" data-source=\"modula\" data-srcset=\"https:\/\/www.carmedeolazabal.cat\/wp-content\/uploads\/2024\/06\/empresas-sesion-fotos-progfesional.webp 800w, https:\/\/www.carmedeolazabal.cat\/wp-content\/uploads\/2024\/06\/empresas-sesion-fotos-progfesional-300x200.webp 300w, https:\/\/www.carmedeolazabal.cat\/wp-content\/uploads\/2024\/06\/empresas-sesion-fotos-progfesional-768x512.webp 768w\" data-sizes=\"(max-width: 800px) 100vw, 800px\" srcset=\"https:\/\/www.carmedeolazabal.cat\/wp-content\/uploads\/2024\/06\/empresas-sesion-fotos-progfesional.webp 800w, https:\/\/www.carmedeolazabal.cat\/wp-content\/uploads\/2024\/06\/empresas-sesion-fotos-progfesional-300x200.webp 300w, https:\/\/www.carmedeolazabal.cat\/wp-content\/uploads\/2024\/06\/empresas-sesion-fotos-progfesional-768x512.webp 768w\" sizes=\"(max-width: 800px) 100vw, 800px\" \/>\n\t<\/div>\n\n<\/div><div class=\"modula-item\" data-width=\"3\" data-height=\"3\" >\n\t<div class=\"modula-item-content\">\n\t\t\n\t\t\t\t\t<a data-image-id=\"17179\" tabindex=\"0\" href=\"https:\/\/www.carmedeolazabal.cat\/wp-content\/uploads\/2024\/06\/retratos-profesionales-corporativos.webp\" rel=\"jtg-17156\" data-caption=\"&lt;p&gt;retratos profesionales corporativos&lt;\/p&gt;\" aria-label=\"Open image in lightbox\" role=\"button\" data-thumb=\"https:\/\/www.carmedeolazabal.cat\/wp-content\/uploads\/2024\/06\/retratos-profesionales-corporativos-150x150.webp\" class=\"tile-inner modula-item-link\"><\/a>\n\t\t\n\t\t<img class=\"pic wp-image-17179 lazyload\"  data-valign=\"middle\" data-halign=\"center\" alt=\"retratos profesionales corporativos\" data-full=\"https:\/\/www.carmedeolazabal.cat\/wp-content\/uploads\/2024\/06\/retratos-profesionales-corporativos.webp\" title=\"retratos profesionales corporativos\" width=\"900\" height=\"1350\" data-src=\"https:\/\/www.carmedeolazabal.cat\/wp-content\/uploads\/2024\/06\/retratos-profesionales-corporativos.webp\" data-caption=\"retratos profesionales corporativos\" data-source=\"modula\" data-srcset=\"https:\/\/www.carmedeolazabal.cat\/wp-content\/uploads\/2024\/06\/retratos-profesionales-corporativos.webp 900w, https:\/\/www.carmedeolazabal.cat\/wp-content\/uploads\/2024\/06\/retratos-profesionales-corporativos-200x300.webp 200w, https:\/\/www.carmedeolazabal.cat\/wp-content\/uploads\/2024\/06\/retratos-profesionales-corporativos-683x1024.webp 683w, https:\/\/www.carmedeolazabal.cat\/wp-content\/uploads\/2024\/06\/retratos-profesionales-corporativos-768x1152.webp 768w\" data-sizes=\"(max-width: 900px) 100vw, 900px\" srcset=\"https:\/\/www.carmedeolazabal.cat\/wp-content\/uploads\/2024\/06\/retratos-profesionales-corporativos.webp 900w, https:\/\/www.carmedeolazabal.cat\/wp-content\/uploads\/2024\/06\/retratos-profesionales-corporativos-200x300.webp 200w, https:\/\/www.carmedeolazabal.cat\/wp-content\/uploads\/2024\/06\/retratos-profesionales-corporativos-683x1024.webp 683w, https:\/\/www.carmedeolazabal.cat\/wp-content\/uploads\/2024\/06\/retratos-profesionales-corporativos-768x1152.webp 768w\" sizes=\"(max-width: 900px) 100vw, 900px\" \/>\n\t<\/div>\n\n<\/div><div class=\"modula-item\" data-width=\"3\" data-height=\"3\" >\n\t<div class=\"modula-item-content\">\n\t\t\n\t\t\t\t\t<a data-image-id=\"17190\" tabindex=\"0\" href=\"https:\/\/www.carmedeolazabal.cat\/wp-content\/uploads\/2024\/06\/reportajes-empresas-fotos-sant-cugat.webp\" rel=\"jtg-17156\" data-caption=\"&lt;p&gt;reportajes empresas fotos sant cugat&lt;\/p&gt;\" aria-label=\"Open image in lightbox\" role=\"button\" data-thumb=\"https:\/\/www.carmedeolazabal.cat\/wp-content\/uploads\/2024\/06\/reportajes-empresas-fotos-sant-cugat-150x150.webp\" class=\"tile-inner modula-item-link\"><\/a>\n\t\t\n\t\t<img class=\"pic wp-image-17190 lazyload\"  data-valign=\"middle\" data-halign=\"center\" alt=\"reportajes empresas fotos sant cugat\" data-full=\"https:\/\/www.carmedeolazabal.cat\/wp-content\/uploads\/2024\/06\/reportajes-empresas-fotos-sant-cugat.webp\" title=\"reportajes empresas fotos sant cugat\" width=\"800\" height=\"533\" data-src=\"https:\/\/www.carmedeolazabal.cat\/wp-content\/uploads\/2024\/06\/reportajes-empresas-fotos-sant-cugat.webp\" data-caption=\"reportajes empresas fotos sant cugat\" data-source=\"modula\" data-srcset=\"https:\/\/www.carmedeolazabal.cat\/wp-content\/uploads\/2024\/06\/reportajes-empresas-fotos-sant-cugat.webp 800w, https:\/\/www.carmedeolazabal.cat\/wp-content\/uploads\/2024\/06\/reportajes-empresas-fotos-sant-cugat-300x200.webp 300w, https:\/\/www.carmedeolazabal.cat\/wp-content\/uploads\/2024\/06\/reportajes-empresas-fotos-sant-cugat-768x512.webp 768w\" data-sizes=\"(max-width: 800px) 100vw, 800px\" srcset=\"https:\/\/www.carmedeolazabal.cat\/wp-content\/uploads\/2024\/06\/reportajes-empresas-fotos-sant-cugat.webp 800w, https:\/\/www.carmedeolazabal.cat\/wp-content\/uploads\/2024\/06\/reportajes-empresas-fotos-sant-cugat-300x200.webp 300w, https:\/\/www.carmedeolazabal.cat\/wp-content\/uploads\/2024\/06\/reportajes-empresas-fotos-sant-cugat-768x512.webp 768w\" sizes=\"(max-width: 800px) 100vw, 800px\" \/>\n\t<\/div>\n\n<\/div><div class=\"modula-item\" data-width=\"3\" data-height=\"4\" >\n\t<div class=\"modula-item-content\">\n\t\t\n\t\t\t\t\t<a data-image-id=\"17183\" tabindex=\"0\" href=\"https:\/\/www.carmedeolazabal.cat\/wp-content\/uploads\/2024\/06\/sesion-fotos-empresas-corporativas.webp\" rel=\"jtg-17156\" data-caption=\"&lt;p&gt;sesion fotos empresas corporativas&lt;\/p&gt;\" aria-label=\"Open image in lightbox\" role=\"button\" data-thumb=\"https:\/\/www.carmedeolazabal.cat\/wp-content\/uploads\/2024\/06\/sesion-fotos-empresas-corporativas-150x150.webp\" class=\"tile-inner modula-item-link\"><\/a>\n\t\t\n\t\t<img class=\"pic wp-image-17183 lazyload\"  data-valign=\"middle\" data-halign=\"center\" alt=\"sesion fotos empresas corporativas\" data-full=\"https:\/\/www.carmedeolazabal.cat\/wp-content\/uploads\/2024\/06\/sesion-fotos-empresas-corporativas.webp\" title=\"sesion fotos empresas corporativas\" width=\"900\" height=\"1350\" data-src=\"https:\/\/www.carmedeolazabal.cat\/wp-content\/uploads\/2024\/06\/sesion-fotos-empresas-corporativas.webp\" data-caption=\"sesion fotos empresas corporativas\" data-source=\"modula\" data-srcset=\"https:\/\/www.carmedeolazabal.cat\/wp-content\/uploads\/2024\/06\/sesion-fotos-empresas-corporativas.webp 900w, https:\/\/www.carmedeolazabal.cat\/wp-content\/uploads\/2024\/06\/sesion-fotos-empresas-corporativas-200x300.webp 200w, https:\/\/www.carmedeolazabal.cat\/wp-content\/uploads\/2024\/06\/sesion-fotos-empresas-corporativas-683x1024.webp 683w, https:\/\/www.carmedeolazabal.cat\/wp-content\/uploads\/2024\/06\/sesion-fotos-empresas-corporativas-768x1152.webp 768w\" data-sizes=\"(max-width: 900px) 100vw, 900px\" srcset=\"https:\/\/www.carmedeolazabal.cat\/wp-content\/uploads\/2024\/06\/sesion-fotos-empresas-corporativas.webp 900w, https:\/\/www.carmedeolazabal.cat\/wp-content\/uploads\/2024\/06\/sesion-fotos-empresas-corporativas-200x300.webp 200w, https:\/\/www.carmedeolazabal.cat\/wp-content\/uploads\/2024\/06\/sesion-fotos-empresas-corporativas-683x1024.webp 683w, https:\/\/www.carmedeolazabal.cat\/wp-content\/uploads\/2024\/06\/sesion-fotos-empresas-corporativas-768x1152.webp 768w\" sizes=\"(max-width: 900px) 100vw, 900px\" \/>\n\t<\/div>\n\n<\/div><div class=\"modula-item\" data-width=\"3\" data-height=\"3\" >\n\t<div class=\"modula-item-content\">\n\t\t\n\t\t\t\t\t<a data-image-id=\"17167\" tabindex=\"0\" href=\"https:\/\/www.carmedeolazabal.cat\/wp-content\/uploads\/2024\/06\/reportajes-fotograficos-empresas-sant-cugat.webp\" rel=\"jtg-17156\" data-caption=\"&lt;p&gt;reportajes fotograficos empresas sant cugat&lt;\/p&gt;\" aria-label=\"Open image in lightbox\" role=\"button\" data-thumb=\"https:\/\/www.carmedeolazabal.cat\/wp-content\/uploads\/2024\/06\/reportajes-fotograficos-empresas-sant-cugat-150x150.webp\" class=\"tile-inner modula-item-link\"><\/a>\n\t\t\n\t\t<img class=\"pic wp-image-17167 lazyload\"  data-valign=\"middle\" data-halign=\"center\" alt=\"reportajes fotograficos empresas sant cugat\" data-full=\"https:\/\/www.carmedeolazabal.cat\/wp-content\/uploads\/2024\/06\/reportajes-fotograficos-empresas-sant-cugat.webp\" title=\"reportajes fotograficos empresas sant cugat\" width=\"1000\" height=\"667\" data-src=\"https:\/\/www.carmedeolazabal.cat\/wp-content\/uploads\/2024\/06\/reportajes-fotograficos-empresas-sant-cugat.webp\" data-caption=\"reportajes fotograficos empresas sant cugat\" data-source=\"modula\" data-srcset=\"https:\/\/www.carmedeolazabal.cat\/wp-content\/uploads\/2024\/06\/reportajes-fotograficos-empresas-sant-cugat.webp 1000w, https:\/\/www.carmedeolazabal.cat\/wp-content\/uploads\/2024\/06\/reportajes-fotograficos-empresas-sant-cugat-300x200.webp 300w, https:\/\/www.carmedeolazabal.cat\/wp-content\/uploads\/2024\/06\/reportajes-fotograficos-empresas-sant-cugat-768x512.webp 768w, https:\/\/www.carmedeolazabal.cat\/wp-content\/uploads\/2024\/06\/reportajes-fotograficos-empresas-sant-cugat-938x626.webp 938w\" data-sizes=\"(max-width: 1000px) 100vw, 1000px\" srcset=\"https:\/\/www.carmedeolazabal.cat\/wp-content\/uploads\/2024\/06\/reportajes-fotograficos-empresas-sant-cugat.webp 1000w, https:\/\/www.carmedeolazabal.cat\/wp-content\/uploads\/2024\/06\/reportajes-fotograficos-empresas-sant-cugat-300x200.webp 300w, https:\/\/www.carmedeolazabal.cat\/wp-content\/uploads\/2024\/06\/reportajes-fotograficos-empresas-sant-cugat-768x512.webp 768w, https:\/\/www.carmedeolazabal.cat\/wp-content\/uploads\/2024\/06\/reportajes-fotograficos-empresas-sant-cugat-938x626.webp 938w\" sizes=\"(max-width: 1000px) 100vw, 1000px\" \/>\n\t<\/div>\n\n<\/div><div class=\"modula-item\" data-width=\"3\" data-height=\"3\" >\n\t<div class=\"modula-item-content\">\n\t\t\n\t\t\t\t\t<a data-image-id=\"17169\" tabindex=\"0\" href=\"https:\/\/www.carmedeolazabal.cat\/wp-content\/uploads\/2024\/06\/reportajes-fotograficos-profesionales-empresas.webp\" rel=\"jtg-17156\" data-caption=\"&lt;p&gt;reportajes fotograficos profesionales empresas&lt;\/p&gt;\" aria-label=\"Open image in lightbox\" role=\"button\" data-thumb=\"https:\/\/www.carmedeolazabal.cat\/wp-content\/uploads\/2024\/06\/reportajes-fotograficos-profesionales-empresas-150x150.webp\" class=\"tile-inner modula-item-link\"><\/a>\n\t\t\n\t\t<img class=\"pic wp-image-17169 lazyload\"  data-valign=\"middle\" data-halign=\"center\" alt=\"reportajes fotograficos profesionales empresas\" data-full=\"https:\/\/www.carmedeolazabal.cat\/wp-content\/uploads\/2024\/06\/reportajes-fotograficos-profesionales-empresas.webp\" title=\"reportajes fotograficos profesionales empresas\" width=\"1000\" height=\"667\" data-src=\"https:\/\/www.carmedeolazabal.cat\/wp-content\/uploads\/2024\/06\/reportajes-fotograficos-profesionales-empresas.webp\" data-caption=\"reportajes fotograficos profesionales empresas\" data-source=\"modula\" data-srcset=\"https:\/\/www.carmedeolazabal.cat\/wp-content\/uploads\/2024\/06\/reportajes-fotograficos-profesionales-empresas.webp 1000w, https:\/\/www.carmedeolazabal.cat\/wp-content\/uploads\/2024\/06\/reportajes-fotograficos-profesionales-empresas-300x200.webp 300w, https:\/\/www.carmedeolazabal.cat\/wp-content\/uploads\/2024\/06\/reportajes-fotograficos-profesionales-empresas-768x512.webp 768w, https:\/\/www.carmedeolazabal.cat\/wp-content\/uploads\/2024\/06\/reportajes-fotograficos-profesionales-empresas-938x626.webp 938w\" data-sizes=\"(max-width: 1000px) 100vw, 1000px\" srcset=\"https:\/\/www.carmedeolazabal.cat\/wp-content\/uploads\/2024\/06\/reportajes-fotograficos-profesionales-empresas.webp 1000w, https:\/\/www.carmedeolazabal.cat\/wp-content\/uploads\/2024\/06\/reportajes-fotograficos-profesionales-empresas-300x200.webp 300w, https:\/\/www.carmedeolazabal.cat\/wp-content\/uploads\/2024\/06\/reportajes-fotograficos-profesionales-empresas-768x512.webp 768w, https:\/\/www.carmedeolazabal.cat\/wp-content\/uploads\/2024\/06\/reportajes-fotograficos-profesionales-empresas-938x626.webp 938w\" sizes=\"(max-width: 1000px) 100vw, 1000px\" \/>\n\t<\/div>\n\n<\/div><div class=\"modula-item\" data-width=\"3\" data-height=\"3\" >\n\t<div class=\"modula-item-content\">\n\t\t\n\t\t\t\t\t<a data-image-id=\"17175\" tabindex=\"0\" href=\"https:\/\/www.carmedeolazabal.cat\/wp-content\/uploads\/2024\/06\/retrato-perfil-profesional.webp\" rel=\"jtg-17156\" data-caption=\"&lt;p&gt;retrato perfil profesional&lt;\/p&gt;\" aria-label=\"Open image in lightbox\" role=\"button\" data-thumb=\"https:\/\/www.carmedeolazabal.cat\/wp-content\/uploads\/2024\/06\/retrato-perfil-profesional-150x150.webp\" class=\"tile-inner modula-item-link\"><\/a>\n\t\t\n\t\t<img class=\"pic wp-image-17175 lazyload\"  data-valign=\"middle\" data-halign=\"center\" alt=\"retrato perfil profesional\" data-full=\"https:\/\/www.carmedeolazabal.cat\/wp-content\/uploads\/2024\/06\/retrato-perfil-profesional.webp\" title=\"retrato perfil profesional\" width=\"800\" height=\"533\" data-src=\"https:\/\/www.carmedeolazabal.cat\/wp-content\/uploads\/2024\/06\/retrato-perfil-profesional.webp\" data-caption=\"retrato perfil profesional\" data-source=\"modula\" data-srcset=\"https:\/\/www.carmedeolazabal.cat\/wp-content\/uploads\/2024\/06\/retrato-perfil-profesional.webp 800w, https:\/\/www.carmedeolazabal.cat\/wp-content\/uploads\/2024\/06\/retrato-perfil-profesional-300x200.webp 300w, https:\/\/www.carmedeolazabal.cat\/wp-content\/uploads\/2024\/06\/retrato-perfil-profesional-768x512.webp 768w\" data-sizes=\"(max-width: 800px) 100vw, 800px\" srcset=\"https:\/\/www.carmedeolazabal.cat\/wp-content\/uploads\/2024\/06\/retrato-perfil-profesional.webp 800w, https:\/\/www.carmedeolazabal.cat\/wp-content\/uploads\/2024\/06\/retrato-perfil-profesional-300x200.webp 300w, https:\/\/www.carmedeolazabal.cat\/wp-content\/uploads\/2024\/06\/retrato-perfil-profesional-768x512.webp 768w\" sizes=\"(max-width: 800px) 100vw, 800px\" \/>\n\t<\/div>\n\n<\/div>\t\t\n\t<\/div>\n\n\t\n\t\n\t<script type=\"application\/ld+json\">\n\t{\n\t\t\"@context\": \"http:\/\/schema.org\",\n\t\t\"@type\"   : \"ImageGallery\",\n\t\t\"id\"      : \"https:\/\/www.carmedeolazabal.cat\/ca\/reportatges-corporatius\/empreses-i-equips\/\",\n\t\t\"url\"     : \"https:\/\/www.carmedeolazabal.cat\/ca\/reportatges-corporatius\/empreses-i-equips\/\"\n\t}\n\n\t<\/script>\n\n\t\n<\/div><\/div>\n\n\n\n<div class=\"wp-block-uagb-container uagb-block-4c510406 alignfull uagb-is-root-container\"><div class=\"uagb-container-inner-blocks-wrap\">\n<div class=\"wp-block-uagb-container uagb-block-cde7c7db\">\n<h2 class=\"wp-block-heading has-text-align-center\"><span class=\"ez-toc-section\" id=\"preus-reportatges-empreses\"><\/span>Preus reportatges empreses<span class=\"ez-toc-section-end\"><\/span><\/h2>\n<\/div>\n\n\n\n<div class=\"wp-block-uagb-container uagb-block-33159d23\">\n<div class=\"wp-block-uagb-container columna-precios uagb-block-0a7b35df\">\n<h3 class=\"wp-block-heading has-text-align-center has-medium-font-size\">Mini Corporativa<\/h3>\n\n\n\n<p class=\"has-text-align-center has-text-color has-link-color has-large-font-size wp-elements-0c3cf8c6c561fdec3ec2fa2c8633f565\" style=\"color:#763945\"><strong>105\u20ac<\/strong><\/p>\n\n\n\n<p class=\"has-text-align-center\">1 hora de sessi\u00f3 amb atrezzo i un fons<br>10 fotografies en m\u00e0xima qualitat i 5 editades Photoshop<\/p>\n\n\n\n<p><\/p>\n\n\n\n<p class=\"has-text-align-center\"><\/p>\n\n\n\n<div class=\"wp-block-uagb-buttons uagb-buttons__outer-wrap uagb-btn__default-btn uagb-btn-tablet__default-btn uagb-btn-mobile__default-btn uagb-block-274c0456\"><div class=\"uagb-buttons__wrap uagb-buttons-layout-wrap \">\n<div class=\"wp-block-uagb-buttons-child uagb-buttons__outer-wrap uagb-block-cbb1c5f9 wp-block-button\"><div class=\"uagb-button__wrapper\"><a class=\"uagb-buttons-repeater wp-block-button__link\" aria-label=\"\" href=\"https:\/\/wa.me\/649295823\" rel=\"nofollow noopener\" target=\"_blank\" role=\"button\"><div class=\"uagb-button__link\">CONSULTA disponibilitat<\/div><\/a><\/div><\/div>\n<\/div><\/div>\n<\/div>\n\n\n\n<div class=\"wp-block-uagb-container columna-precios uagb-block-41a0e3d0\">\n<h3 class=\"wp-block-heading has-text-align-center has-medium-font-size\">Base Corporativa<\/h3>\n\n\n\n<p class=\"has-text-align-center has-text-color has-link-color has-large-font-size wp-elements-c31bcd5ebedfb7f83705bb8ba4215435\" style=\"color:#763945\"><strong>155\u20ac<\/strong><\/p>\n\n\n\n<p class=\"has-text-align-center\">1 hora de sessi\u00f3 amb atrezzo i  fons<br>20 fotografies en m\u00e0xima qualitat<br>8 fotos editades a Photoshop <\/p>\n\n\n\n<p class=\"has-text-align-center\"><\/p>\n\n\n\n<div class=\"wp-block-uagb-buttons uagb-buttons__outer-wrap uagb-btn__default-btn uagb-btn-tablet__default-btn uagb-btn-mobile__default-btn uagb-block-9f4c7cf8\"><div class=\"uagb-buttons__wrap uagb-buttons-layout-wrap \">\n<div class=\"wp-block-uagb-buttons-child uagb-buttons__outer-wrap uagb-block-193c6558 wp-block-button\"><div class=\"uagb-button__wrapper\"><a class=\"uagb-buttons-repeater wp-block-button__link\" aria-label=\"\" href=\"https:\/\/wa.me\/649295823\" rel=\"nofollow noopener\" target=\"_blank\" role=\"button\"><div class=\"uagb-button__link\">CONSULTA disponibilitat<\/div><\/a><\/div><\/div>\n<\/div><\/div>\n<\/div>\n\n\n\n<div class=\"wp-block-uagb-container columna-precios uagb-block-4737795f\">\n<h3 class=\"wp-block-heading has-text-align-center has-medium-font-size\">Premium Corporativa<\/h3>\n\n\n\n<p class=\"has-text-align-center has-text-color has-link-color has-large-font-size wp-elements-4ae3fe52f4a9222d3f33244775719c8e\" style=\"color:#763945\"><strong>250\u20ac<\/strong><\/p>\n\n\n\n<p class=\"has-text-align-center\">1,5 hora de sessi\u00f3 amb atrezzo i 2 fons a triar<br>TOTES les fotografies en m\u00e0xima qualitat<br>Packaging<br>12 fotos editades amb Photoshop <\/p>\n\n\n\n<p class=\"has-text-align-center\"><\/p>\n\n\n\n<div class=\"wp-block-uagb-buttons uagb-buttons__outer-wrap uagb-btn__default-btn uagb-btn-tablet__default-btn uagb-btn-mobile__default-btn uagb-block-e0e01841\"><div class=\"uagb-buttons__wrap uagb-buttons-layout-wrap \">\n<div class=\"wp-block-uagb-buttons-child uagb-buttons__outer-wrap uagb-block-04d290cf wp-block-button\"><div class=\"uagb-button__wrapper\"><a class=\"uagb-buttons-repeater wp-block-button__link\" aria-label=\"\" href=\"https:\/\/wa.me\/649295823\" rel=\"nofollow noopener\" target=\"_blank\" role=\"button\"><div class=\"uagb-button__link\">CONSULTA disponibilitat<\/div><\/a><\/div><\/div>\n<\/div><\/div>\n<\/div>\n<\/div>\n<\/div><\/div>\n\n\n\n<div class=\"wp-block-uagb-container uagb-block-63521dd7 alignfull uagb-is-root-container\"><div class=\"uagb-container-inner-blocks-wrap\">\n<h2 class=\"wp-block-heading has-text-align-center\"><span class=\"ez-toc-section\" id=\"opinions\"><\/span>Opinions<span class=\"ez-toc-section-end\"><\/span><\/h2>\n\n\n<div id=\"google-business-reviews-rating-2\" class=\"google-business-reviews-rating gmbrr tile columns three fill fonts carousel\" data-view=\"3\" data-loop=\"4\" data-interval=\"7\">\r\n<ul class=\"listing\">\r\n\t\t<li class=\"rating-5 visible no-date text-first\" data-index=\"0\">\r\n\t\t\t<div class=\"text text-excerpt\"><span class=\"review-snippet\">Sin ninguna duda una gran profesional, a sabido plasmar la idea que quer\u00eda para<\/span> <span class=\"review-more-placeholder\">\u2026 More<\/span><span class=\"review-full-text\"> mi perfil profesional, y a parte del trato agradable que hizo la sesi\u00f3n muy entretenida y din\u00e1mica, la rapidez en la entrega y posterior selecci\u00f3n ha sido muy diligente. Recomendable al 100% me ha faltado tiempo para utilizarlas en mis diferentes perfiles.<br>\n\t\t\t\tMuchas gracias Carmen<\/span><\/div>\r\n\t\t\t<span class=\"author-avatar\"><a href=\"https:\/\/www.google.com\/maps\/contrib\/104320972753440002314\/reviews\" target=\"_blank\" rel=\"nofollow noopener\"><img decoding=\"async\" src=\"https:\/\/lh3.googleusercontent.com\/a-\/ALV-UjVs6VgQu7oieGO29mOqYQMKhmbmTDVVS6NUkrg42JYZJ53N38Y=s128-c0x00000000-cc-rp-mo\" alt=\"Avatar\" title=\"\"><\/a><\/span>\r\n\t\t\t<span class=\"review-meta\">\r\n\t\t\t\t<span class=\"author-name\"><a href=\"https:\/\/www.google.com\/maps\/contrib\/104320972753440002314\/reviews\" target=\"_blank\" rel=\"nofollow noopener\">Jose F B<\/a><\/span>\r\n\t\t\t\t<span class=\"rating\">\u2605\u2605\u2605\u2605\u2605<\/span>\r\n\t\t\t<\/span>\r\n\t\t<\/li>\r\n\t\t<li class=\"rating-5 visible no-date text-first\" data-index=\"1\">\r\n\t\t\t<div class=\"text text-excerpt\"><span class=\"review-snippet\">Gracias Carmen por hacer que una experiencia que nos daba un poco de apuro se<\/span> <span class=\"review-more-placeholder\">\u2026 More<\/span><span class=\"review-full-text\"> haya convertido en un recuerdo inolvidable! Gran profesional, consigui\u00f3 que hasta la peque\u00f1a quisiera posar para las fotos! Tiene mucha mano con los ni\u00f1os y es muy cuidadosa con los detalles. Sin duda, seguro que repetiremos \ud83d\ude42<\/span><\/div>\r\n\t\t\t<span class=\"author-avatar\"><a href=\"https:\/\/www.google.com\/maps\/contrib\/117158638095260320749\/reviews\" target=\"_blank\" rel=\"nofollow noopener\"><img decoding=\"async\" src=\"https:\/\/lh3.googleusercontent.com\/a-\/ALV-UjUa12e1n-VM8K46XloUbtkPzPf4Qby37bUKmVnbyl7eLPoxs-4=s128-c0x00000000-cc-rp-mo\" alt=\"Avatar\" title=\"\"><\/a><\/span>\r\n\t\t\t<span class=\"review-meta\">\r\n\t\t\t\t<span class=\"author-name\"><a href=\"https:\/\/www.google.com\/maps\/contrib\/117158638095260320749\/reviews\" target=\"_blank\" rel=\"nofollow noopener\">Blanca Corcoy De F<\/a><\/span>\r\n\t\t\t\t<span class=\"rating\">\u2605\u2605\u2605\u2605\u2605<\/span>\r\n\t\t\t<\/span>\r\n\t\t<\/li>\r\n\t\t<li class=\"rating-5 visible no-date text-first\" data-index=\"2\">\r\n\t\t\t<div class=\"text text-excerpt\"><span class=\"review-snippet\">Carme nos ha hecho nuestra primera sesi\u00f3n fotogr\u00e1fica en fam\u00edlia para estas<\/span> <span class=\"review-more-placeholder\">\u2026 More<\/span><span class=\"review-full-text\"> Navidades. Ha sido muy profesional y nos ha guiado de maravilla a todos, sobre todo a las dos peques, ha mostrado con ellas mucho cari\u00f1o y paciencia. Las fotos a cual m\u00e1s preciosa, el mejor regalo de Navidad que cualquiera podr\u00eda desear. Os la recomendamos totalmente. Muchas gracias, Carme!!!<\/span><\/div>\r\n\t\t\t<span class=\"author-avatar\"><a href=\"https:\/\/www.google.com\/maps\/contrib\/118206452582847929164\/reviews\" target=\"_blank\" rel=\"nofollow noopener\"><img decoding=\"async\" src=\"https:\/\/lh3.googleusercontent.com\/a-\/ALV-UjV4X2JtELkzGrIGOCisiUyhonSFbMVOnlTomOf35P7Obp1Av3Pq=s128-c0x00000000-cc-rp-mo\" alt=\"Avatar\" title=\"\"><\/a><\/span>\r\n\t\t\t<span class=\"review-meta\">\r\n\t\t\t\t<span class=\"author-name\"><a href=\"https:\/\/www.google.com\/maps\/contrib\/118206452582847929164\/reviews\" target=\"_blank\" rel=\"nofollow noopener\">Ana Clara R<\/a><\/span>\r\n\t\t\t\t<span class=\"rating\">\u2605\u2605\u2605\u2605\u2605<\/span>\r\n\t\t\t<\/span>\r\n\t\t<\/li>\r\n\t\t<li class=\"rating-5 hidden no-date text-first\" data-index=\"3\">\r\n\t\t\t<div class=\"text text-excerpt\"><span class=\"review-snippet\">Una gran profesional que hacen que las sesiones de fotos sean din\u00e1micas y f\u00e1ciles.<\/span> <span class=\"review-more-placeholder\">\u2026 More<\/span><span class=\"review-full-text\"><br>\n\t\t\t\tMe hice mi sesi\u00f3n de embarazada con ella y sin duda la recomiendo 100%.<br>\n\t\t\t\tGracias Carme por hacerlo tan bonito.<\/span><\/div>\r\n\t\t\t<span class=\"author-avatar\"><a href=\"https:\/\/www.google.com\/maps\/contrib\/117653320175581867705\/reviews\" target=\"_blank\" rel=\"nofollow noopener\"><img decoding=\"async\" src=\"https:\/\/lh3.googleusercontent.com\/a\/ACg8ocLZMycAbU1scIMhaFxN_tpCjWww_qy2_V8nVW3uoIU-m2xjIw=s128-c0x00000000-cc-rp-mo\" alt=\"Avatar\" title=\"\"><\/a><\/span>\r\n\t\t\t<span class=\"review-meta\">\r\n\t\t\t\t<span class=\"author-name\"><a href=\"https:\/\/www.google.com\/maps\/contrib\/117653320175581867705\/reviews\" target=\"_blank\" rel=\"nofollow noopener\">Irene U<\/a><\/span>\r\n\t\t\t\t<span class=\"rating\">\u2605\u2605\u2605\u2605\u2605<\/span>\r\n\t\t\t<\/span>\r\n\t\t<\/li>\r\n\t\t<li class=\"rating-5 hidden no-date text-first\" data-index=\"4\">\r\n\t\t\t<div class=\"text text-excerpt\"><span class=\"review-snippet\">Conoc\u00ed a Carme a trav\u00e9s de un concurso que puso en Instagram. Ganamos una sesi\u00f3n<\/span> <span class=\"review-more-placeholder\">\u2026 More<\/span><span class=\"review-full-text\"> de fotos para nuestro beb\u00e9. Carme no es s\u00f3lo una gran fot\u00f3grafa, cuida los detalles y sobre todo, da a los peque\u00f1os el tiempo que necesiten para sentirse c\u00f3modos y sacar su mejor versi\u00f3n.<br>\n\t\t\t\tEs un placer verla trabajar con tanto mimo y dedicaci\u00f3n. Sin duda le encanta su trabajo, y eso se refleja en su trato y en el resultado de sus sesiones.<\/span><\/div>\r\n\t\t\t<span class=\"author-avatar\"><a href=\"https:\/\/www.google.com\/maps\/contrib\/113179552001191643664\/reviews\" target=\"_blank\" rel=\"nofollow noopener\"><img decoding=\"async\" src=\"https:\/\/lh3.googleusercontent.com\/a\/ACg8ocItpBUs89OVHvqO83eSrD8Ue-WQYX9--Du3VG2JMz-eCuU0Ag=s128-c0x00000000-cc-rp-mo\" alt=\"Avatar\" title=\"\"><\/a><\/span>\r\n\t\t\t<span class=\"review-meta\">\r\n\t\t\t\t<span class=\"author-name\"><a href=\"https:\/\/www.google.com\/maps\/contrib\/113179552001191643664\/reviews\" target=\"_blank\" rel=\"nofollow noopener\">Lorena R<\/a><\/span>\r\n\t\t\t\t<span class=\"rating\">\u2605\u2605\u2605\u2605\u2605<\/span>\r\n\t\t\t<\/span>\r\n\t\t<\/li>\r\n\t\t<li class=\"rating-5 hidden no-date text-first\" data-index=\"5\">\r\n\t\t\t<div class=\"text text-excerpt\"><span class=\"review-snippet\">Carme es una gran profesional y su trabajo es de excelente calidad. Es una persona<\/span> <span class=\"review-more-placeholder\">\u2026 More<\/span><span class=\"review-full-text\"> muy cercana y hace que te sientas muy c\u00f3modo en las sesiones de estudio (muy de agradecer a los que no estamos acostumbrados a posar delante de una c\u00e1mara).<\/span><\/div>\r\n\t\t\t<span class=\"author-avatar\"><a href=\"https:\/\/www.google.com\/maps\/contrib\/116220878743327362177\/reviews\" target=\"_blank\" rel=\"nofollow noopener\"><img decoding=\"async\" src=\"https:\/\/lh3.googleusercontent.com\/a-\/ALV-UjXYMmyLP-ZsueRWW5rk5u5hsC6ScWkOtPOPVhPvAPAdYyXLJ1f8=w36-h36-p-rp-mo-ba3-br100\" alt=\"Avatar\" title=\"\"><\/a><\/span>\r\n\t\t\t<span class=\"review-meta\">\r\n\t\t\t\t<span class=\"author-name\"><a href=\"https:\/\/www.google.com\/maps\/contrib\/116220878743327362177\/reviews\" target=\"_blank\" rel=\"nofollow noopener\">Cristian T<\/a><\/span>\r\n\t\t\t\t<span class=\"rating\">\u2605\u2605\u2605\u2605\u2605<\/span>\r\n\t\t\t<\/span>\r\n\t\t<\/li>\r\n\t\t<li class=\"rating-5 hidden no-date text-first\" data-index=\"6\">\r\n\t\t\t<div class=\"text text-excerpt\"><span class=\"review-snippet\">Carme hizo un reportaje de mi hija y una amiga hace un tiempo. Nos ha montado<\/span> <span class=\"review-more-placeholder\">\u2026 More<\/span><span class=\"review-full-text\"> un \u00e1lbum bonito y elegante, muy fino, con unas fotos en su interior preciosas. Un bonito recuerdo y regalo de cumplea\u00f1os \ud83d\ude42<\/span><\/div>\r\n\t\t\t<span class=\"author-avatar\"><a href=\"https:\/\/www.google.com\/maps\/contrib\/103960190138570743257\/reviews\" target=\"_blank\" rel=\"nofollow noopener\"><img decoding=\"async\" src=\"https:\/\/lh3.googleusercontent.com\/a\/ACg8ocJkM8X-9oaNcnWA-wXokyGRs8ne8_jwjlnch5UnXyZSXpBLXQ=w36-h36-p-rp-mo-br100\" alt=\"Avatar\" title=\"\"><\/a><\/span>\r\n\t\t\t<span class=\"review-meta\">\r\n\t\t\t\t<span class=\"author-name\"><a href=\"https:\/\/www.google.com\/maps\/contrib\/103960190138570743257\/reviews\" target=\"_blank\" rel=\"nofollow noopener\">Karen M<\/a><\/span>\r\n\t\t\t\t<span class=\"rating\">\u2605\u2605\u2605\u2605\u2605<\/span>\r\n\t\t\t<\/span>\r\n\t\t<\/li>\r\n\t\t<li class=\"rating-5 hidden no-date text-first\" data-index=\"7\">\r\n\t\t\t<div class=\"text text-excerpt\"><span class=\"review-snippet\">Carme ha hecho una sesi\u00f3n de fotos preciosa a mis 4 hijos. Se adapt\u00f3 a la localizaci\u00f3n<\/span> <span class=\"review-more-placeholder\">\u2026 More<\/span><span class=\"review-full-text\"> que le propusimos y fue fant\u00e1stico. Es muy paciente y muy buena profesional! El resultado un 10!<\/span><\/div>\r\n\t\t\t<span class=\"author-avatar\"><a href=\"https:\/\/www.google.com\/maps\/contrib\/117473184746838766491\/reviews\" target=\"_blank\" rel=\"nofollow noopener\"><img decoding=\"async\" src=\"https:\/\/lh3.googleusercontent.com\/a\/ACg8ocK7KYEKjA_Z55rR5E1l7PTEs_vy8xb4L2IpiJnS2186DbtxzQ=w36-h36-p-rp-mo-br100\" alt=\"Avatar\" title=\"\"><\/a><\/span>\r\n\t\t\t<span class=\"review-meta\">\r\n\t\t\t\t<span class=\"author-name\"><a href=\"https:\/\/www.google.com\/maps\/contrib\/117473184746838766491\/reviews\" target=\"_blank\" rel=\"nofollow noopener\">Ana G<\/a><\/span>\r\n\t\t\t\t<span class=\"rating\">\u2605\u2605\u2605\u2605\u2605<\/span>\r\n\t\t\t<\/span>\r\n\t\t<\/li>\r\n\t\t<li class=\"rating-5 hidden no-date text-first\" data-index=\"8\">\r\n\t\t\t<div class=\"text text-excerpt\"><span class=\"review-snippet\">Hemos hecho una sesi\u00f3n de embarazo y reci\u00e9n nacido con Carme. Una muy buena<\/span> <span class=\"review-more-placeholder\">\u2026 More<\/span><span class=\"review-full-text\"> experiencia, es muy profesional. Te agradecemos el cari\u00f1o y la flexibilidad para lograr las fotos que quer\u00edamos. Muchas gracias por cuidar todos los detalles. El resultado nos encant\u00f3 \ud83d\ude0d\ud83d\ude0d\ud83d\ude0d<\/span><\/div>\r\n\t\t\t<span class=\"author-avatar\"><a href=\"https:\/\/www.google.com\/maps\/contrib\/101409885890701720453\/reviews\" target=\"_blank\" rel=\"nofollow noopener\"><img decoding=\"async\" src=\"https:\/\/lh3.googleusercontent.com\/a\/ACg8ocJcwtU4EiCpmbVnbCGBLqnBh903DFjlejzfRhjUcpglMuxMDw=w36-h36-p-rp-mo-br100\" alt=\"Avatar\" title=\"\"><\/a><\/span>\r\n\t\t\t<span class=\"review-meta\">\r\n\t\t\t\t<span class=\"author-name\"><a href=\"https:\/\/www.google.com\/maps\/contrib\/101409885890701720453\/reviews\" target=\"_blank\" rel=\"nofollow noopener\">Andrea C<\/a><\/span>\r\n\t\t\t\t<span class=\"rating\">\u2605\u2605\u2605\u2605\u2605<\/span>\r\n\t\t\t<\/span>\r\n\t\t<\/li>\r\n\t<\/ul>\r\n\t<ul class=\"navigation\">\t\t<li class=\"bullet current\"><a href=\"#google-business-reviews-rating-2\" data-slide=\"1\">\u25cf<\/a><\/li>\t\t<li class=\"bullet\"><a href=\"#google-business-reviews-rating-2\" data-slide=\"2\">\u25cf<\/a><\/li>\t\t<li class=\"bullet\"><a href=\"#google-business-reviews-rating-2\" data-slide=\"3\">\u25cf<\/a><\/li>\t<\/ul><\/div>\r\n\n\n\n\n<div class=\"wp-block-buttons is-content-justification-center is-layout-flex wp-container-core-buttons-is-layout-16018d1d wp-block-buttons-is-layout-flex\">\n<div class=\"wp-block-button\"><a class=\"wp-block-button__link wp-element-button\" href=\"https:\/\/www.carmedeolazabal.cat\/ca\/opinions\/\">M\u00e9s opinions<\/a><\/div>\n<\/div>\n<\/div><\/div>\n\n\n\n<div class=\"wp-block-uagb-container uagb-block-f85f7bc1 alignfull uagb-is-root-container\">\n<div class=\"wp-block-uagb-container uagb-block-4a9519a0\">\n<div style=\"height:500px\" aria-hidden=\"true\" class=\"wp-block-spacer uag-hide-desktop\"><\/div>\n<\/div>\n\n\n\n<div class=\"wp-block-uagb-container uagb-block-56525542\">\n<h2 class=\"wp-block-heading\"><span class=\"ez-toc-section\" id=\"books-corporatius-dinstallacions-i-equips\"><\/span>Books corporatius d&#8217;instal\u00b7lacions i equips<span class=\"ez-toc-section-end\"><\/span><\/h2>\n\n\n\n<p class=\"has-text-color has-link-color wp-elements-14474094681236816f42cb009507bae1\" style=\"color:#ffffff\">Com a fot\u00f2grafa professional, capturo l&#8217;ess\u00e8ncia de la teva empresa, mostrant les teves <strong>instal\u00b7lacions i equips<\/strong> amb precisi\u00f3.<\/p>\n\n\n\n<p class=\"has-text-color has-link-color wp-elements-46fecd28af3691af3d33ed8fae019c59\" style=\"color:#ffffff\">Les meves fotografies transmeten la qualitat i el professionalisme del teu negoci, enfortint la teva imatge corporativa. Aconseguir\u00e9 la teva marca i la teva identitat \u00fanica.<\/p>\n\n\n\n<p class=\"has-text-color has-link-color wp-elements-6e62180e26054066a3e545dd25248456\" style=\"color:#ffffff\">Dinamisme, serietat, confian\u00e7a, proximitat, treball en equip, etc. Projecte aquells valors que vols que s&#8217;associ\u00efn a la teva empresa. Per utilitzar a la teva <strong>p\u00e0gina web, publicitat i documents corporatius<\/strong>.<\/p>\n<\/div>\n<\/div>\n\n\n\n<div class=\"wp-block-uagb-container hide-tablet-desktop uagb-block-86f4b236 alignfull uagb-is-root-container\">\n<div class=\"wp-block-uagb-container uagb-block-455846f6\">\n<div style=\"height:500px\" aria-hidden=\"true\" class=\"wp-block-spacer uag-hide-desktop\"><\/div>\n<\/div>\n<\/div>\n\n\n\n<div class=\"wp-block-uagb-container uagb-block-d7f01960 alignfull uagb-is-root-container\">\n<div class=\"wp-block-uagb-container uagb-block-904449c5\">\n<h2 class=\"wp-block-heading\"><span class=\"ez-toc-section\" id=\"fotografia-per-a-perfils-professionals-i-retrats-per-a-linkedin\"><\/span>Fotografia per a perfils professionals i retrats per a LinkedIn<span class=\"ez-toc-section-end\"><\/span><\/h2>\n\n\n\n<p>Realitzar\u00e9 la teva imatge professional amb <strong>retrats que transmeten confian\u00e7a i credibilitat<\/strong>. Buscar\u00e9 captar la teva ess\u00e8ncia, destacant la teva personalitat i professionalisme perqu\u00e8 el teu <strong>perfil a LinkedIn<\/strong>, el teu lloc web i altres xarxes reflecteixi el millor de tu. Potencia la teva marca personal amb imatges que parlen per elles mateixes.<\/p>\n<\/div>\n\n\n\n<div class=\"wp-block-uagb-container hide-mobile uagb-block-e24866bb\">\n<div style=\"height:500px\" aria-hidden=\"true\" class=\"wp-block-spacer uag-hide-desktop\"><\/div>\n<\/div>\n<\/div>\n\n\n\n<div class=\"wp-block-uagb-container uagb-block-ae5bda5e alignfull uagb-is-root-container\">\n<div class=\"wp-block-uagb-container uagb-block-07666f24\">\n<div style=\"height:500px\" aria-hidden=\"true\" class=\"wp-block-spacer uag-hide-desktop\"><\/div>\n<\/div>\n\n\n\n<div class=\"wp-block-uagb-container uagb-block-68420f55\">\n<h2 class=\"wp-block-heading\"><span class=\"ez-toc-section\" id=\"fotografia-de-producte\"><\/span>Fotografia de producte<span class=\"ez-toc-section-end\"><\/span><\/h2>\n\n\n\n<p class=\"has-text-color has-link-color wp-elements-a5cde549bcba58e491a73e420b8f18e5\" style=\"color:#ffffff\">Dins aquest segment de la <strong>fotografia corporativa<\/strong>, entraria la sessi\u00f3 de fotos per a web. Primer de tot voleu introduir el vostre <strong>producte<\/strong> i el presenteu al m\u00f3n amb una bona imatge. Hem d&#8217;arribar al nostre possible client amb la millor cara del que estem oferint.<\/p>\n\n\n\n<div class=\"wp-block-buttons is-layout-flex wp-block-buttons-is-layout-flex\">\n<div class=\"wp-block-button\"><a class=\"wp-block-button__link wp-element-button\" href=\"https:\/\/wa.me\/649295823\" target=\"_blank\" rel=\"noopener\">Tens dubtes?<\/a><\/div>\n<\/div>\n<\/div>\n<\/div>\n\n\n\n<div class=\"wp-block-uagb-container cta uagb-layout-flex uagb-block-2155f30e alignfull uagb-is-root-container\">\n<p class=\"has-text-align-center has-text-color has-link-color has-large-font-size wp-elements-da68d636c617e88b0f9e56210aa82a25\" style=\"color:#ffffff\">Tens cap dubte? Contacta&#8217;m<\/p>\n\n\n\n<div class=\"wp-block-buttons alignfull is-content-justification-center is-layout-flex wp-container-core-buttons-is-layout-16018d1d wp-block-buttons-is-layout-flex\">\n<div class=\"wp-block-button has-custom-width wp-block-button__width-50 button-cta\"><a class=\"wp-block-button__link wp-element-button\" href=\"https:\/\/wa.me\/649295823\" target=\"_blank\" rel=\"noopener\">Tens dubtes?<\/a><\/div>\n<\/div>\n<\/div>\n\n\n\n<div class=\"wp-block-uagb-container uagb-block-15d5d8ba alignfull uagb-is-root-container\"><div class=\"uagb-container-inner-blocks-wrap\">\n<h2 class=\"wp-block-heading has-text-align-center\"><span class=\"ez-toc-section\" id=\"preguntes-frequentes\"><\/span>Preguntes freq\u00fcentes<span class=\"ez-toc-section-end\"><\/span><\/h2>\n\n\n<div class=\"wp-block-uagb-faq uagb-faq__outer-wrap uagb-block-5f8c6c5e uagb-faq-icon-row-reverse uagb-faq-layout-accordion uagb-faq-expand-first-false uagb-faq-inactive-other-true uagb-faq__wrap uagb-buttons-layout-wrap uagb-faq-equal-height     \" data-faqtoggle=\"true\" role=\"tablist\"><div class=\"wp-block-uagb-faq-child uagb-faq-child__outer-wrap uagb-faq-item uagb-block-81423f9f wp-block-uagb-faq-child uagb-faq-child__outer-wrap uagb-faq-item uagb-block-81423f9f\" role=\"tab\" tabindex=\"0\"><div class=\"uagb-faq-questions-button uagb-faq-questions\">\t\t\t<span class=\"uagb-icon uagb-faq-icon-wrap\">\n\t\t\t\t\t\t\t\t<svg xmlns=\"https:\/\/www.w3.org\/2000\/svg\" viewBox= \"0 0 448 512\"><path d=\"M432 256c0 17.69-14.33 32.01-32 32.01H256v144c0 17.69-14.33 31.99-32 31.99s-32-14.3-32-31.99v-144H48c-17.67 0-32-14.32-32-32.01s14.33-31.99 32-31.99H192v-144c0-17.69 14.33-32.01 32-32.01s32 14.32 32 32.01v144h144C417.7 224 432 238.3 432 256z\"><\/path><\/svg>\n\t\t\t\t\t\t\t<\/span>\n\t\t\t\t\t\t<span class=\"uagb-icon-active uagb-faq-icon-wrap\">\n\t\t\t\t\t\t\t\t<svg xmlns=\"https:\/\/www.w3.org\/2000\/svg\" viewBox= \"0 0 448 512\"><path d=\"M400 288h-352c-17.69 0-32-14.32-32-32.01s14.31-31.99 32-31.99h352c17.69 0 32 14.3 32 31.99S417.7 288 400 288z\"><\/path><\/svg>\n\t\t\t\t\t\t\t<\/span>\n\t\t\t<h3 class=\"uagb-question\">What is FAQ?<\/h3><\/div><div class=\"uagb-faq-content\"><p>Lorem ipsum dolor sit amet, consectetur adipiscing elit, sed do eiusmod tempor incididunt ut labore et dolore magna aliqua. Ut enim ad minim veniam, quis nostrud exercitation ullamco laboris nisi ut aliquip ex ea commodo consequat.<\/p><\/div><\/div><div class=\"wp-block-uagb-faq-child uagb-faq-child__outer-wrap uagb-faq-item uagb-block-f575aaf7 wp-block-uagb-faq-child uagb-faq-child__outer-wrap uagb-faq-item uagb-block-f575aaf7\" role=\"tab\" tabindex=\"0\"><div class=\"uagb-faq-questions-button uagb-faq-questions\">\t\t\t<span class=\"uagb-icon uagb-faq-icon-wrap\">\n\t\t\t\t\t\t\t\t<svg xmlns=\"https:\/\/www.w3.org\/2000\/svg\" viewBox= \"0 0 448 512\"><path d=\"M432 256c0 17.69-14.33 32.01-32 32.01H256v144c0 17.69-14.33 31.99-32 31.99s-32-14.3-32-31.99v-144H48c-17.67 0-32-14.32-32-32.01s14.33-31.99 32-31.99H192v-144c0-17.69 14.33-32.01 32-32.01s32 14.32 32 32.01v144h144C417.7 224 432 238.3 432 256z\"><\/path><\/svg>\n\t\t\t\t\t\t\t<\/span>\n\t\t\t\t\t\t<span class=\"uagb-icon-active uagb-faq-icon-wrap\">\n\t\t\t\t\t\t\t\t<svg xmlns=\"https:\/\/www.w3.org\/2000\/svg\" viewBox= \"0 0 448 512\"><path d=\"M400 288h-352c-17.69 0-32-14.32-32-32.01s14.31-31.99 32-31.99h352c17.69 0 32 14.3 32 31.99S417.7 288 400 288z\"><\/path><\/svg>\n\t\t\t\t\t\t\t<\/span>\n\t\t\t<h3 class=\"uagb-question\">What is FAQ?<\/h3><\/div><div class=\"uagb-faq-content\"><p>Lorem ipsum dolor sit amet, consectetur adipiscing elit, sed do eiusmod tempor incididunt ut labore et dolore magna aliqua. Ut enim ad minim veniam, quis nostrud exercitation ullamco laboris nisi ut aliquip ex ea commodo consequat.<\/p><\/div><\/div><\/div><\/div><\/div>\n","protected":false},"excerpt":{"rendered":"<p>Fotografia corporativa S\u00f3c la Carme d&#8217;Olazabal, tinc estudi de fotografia corporativa a Sant Cugat i em despla\u00e7o a la teva empresa. Realitzo fotografia per a [&hellip;]<\/p>\n","protected":false},"author":5,"featured_media":18555,"parent":18674,"menu_order":0,"comment_status":"closed","ping_status":"closed","template":"","meta":{"_uag_custom_page_level_css":"","_joinchat":[],"footnotes":""},"class_list":["post-18677","page","type-page","status-publish","has-post-thumbnail","hentry"],"uagb_featured_image_src":{"full":["https:\/\/www.carmedeolazabal.cat\/wp-content\/uploads\/2024\/07\/sesion-fotografica-corporativa-empresas.webp",500,500,false],"thumbnail":["https:\/\/www.carmedeolazabal.cat\/wp-content\/uploads\/2024\/07\/sesion-fotografica-corporativa-empresas-150x150.webp",150,150,true],"medium":["https:\/\/www.carmedeolazabal.cat\/wp-content\/uploads\/2024\/07\/sesion-fotografica-corporativa-empresas-300x300.webp",300,300,true],"medium_large":["https:\/\/www.carmedeolazabal.cat\/wp-content\/uploads\/2024\/07\/sesion-fotografica-corporativa-empresas.webp",500,500,false],"large":["https:\/\/www.carmedeolazabal.cat\/wp-content\/uploads\/2024\/07\/sesion-fotografica-corporativa-empresas.webp",500,500,false],"1536x1536":["https:\/\/www.carmedeolazabal.cat\/wp-content\/uploads\/2024\/07\/sesion-fotografica-corporativa-empresas.webp",500,500,false],"2048x2048":["https:\/\/www.carmedeolazabal.cat\/wp-content\/uploads\/2024\/07\/sesion-fotografica-corporativa-empresas.webp",500,500,false],"ultp_layout_landscape_large":["https:\/\/www.carmedeolazabal.cat\/wp-content\/uploads\/2024\/07\/sesion-fotografica-corporativa-empresas.webp",500,500,false],"ultp_layout_landscape":["https:\/\/www.carmedeolazabal.cat\/wp-content\/uploads\/2024\/07\/sesion-fotografica-corporativa-empresas.webp",500,500,false],"ultp_layout_portrait":["https:\/\/www.carmedeolazabal.cat\/wp-content\/uploads\/2024\/07\/sesion-fotografica-corporativa-empresas.webp",500,500,false],"ultp_layout_square":["https:\/\/www.carmedeolazabal.cat\/wp-content\/uploads\/2024\/07\/sesion-fotografica-corporativa-empresas.webp",500,500,false],"authorship-box-avatar":["https:\/\/www.carmedeolazabal.cat\/wp-content\/uploads\/2024\/07\/sesion-fotografica-corporativa-empresas-150x150.webp",150,150,true],"authorship-box-related":["https:\/\/www.carmedeolazabal.cat\/wp-content\/uploads\/2024\/07\/sesion-fotografica-corporativa-empresas-70x70.webp",70,70,true],"post-thumbnail":["https:\/\/www.carmedeolazabal.cat\/wp-content\/uploads\/2024\/07\/sesion-fotografica-corporativa-empresas.webp",500,500,false],"getwid_base-cropped":["https:\/\/www.carmedeolazabal.cat\/wp-content\/uploads\/2024\/07\/sesion-fotografica-corporativa-empresas.webp",500,500,false],"getwid_base-large":["https:\/\/www.carmedeolazabal.cat\/wp-content\/uploads\/2024\/07\/sesion-fotografica-corporativa-empresas.webp",500,500,false]},"uagb_author_info":{"display_name":"Carme De Olazabal","author_link":"https:\/\/www.carmedeolazabal.cat\/ca\/author\/carme\/"},"uagb_comment_info":0,"uagb_excerpt":"Fotografia corporativa S\u00f3c la Carme d&#8217;Olazabal, tinc estudi de fotografia corporativa a Sant Cugat i em despla\u00e7o a la teva empresa. Realitzo fotografia per a [&hellip;]","rttpg_featured_image_url":{"full":["https:\/\/www.carmedeolazabal.cat\/wp-content\/uploads\/2024\/07\/sesion-fotografica-corporativa-empresas.webp",500,500,false],"landscape":["https:\/\/www.carmedeolazabal.cat\/wp-content\/uploads\/2024\/07\/sesion-fotografica-corporativa-empresas.webp",500,500,false],"portraits":["https:\/\/www.carmedeolazabal.cat\/wp-content\/uploads\/2024\/07\/sesion-fotografica-corporativa-empresas.webp",500,500,false],"thumbnail":["https:\/\/www.carmedeolazabal.cat\/wp-content\/uploads\/2024\/07\/sesion-fotografica-corporativa-empresas-150x150.webp",150,150,true],"medium":["https:\/\/www.carmedeolazabal.cat\/wp-content\/uploads\/2024\/07\/sesion-fotografica-corporativa-empresas-300x300.webp",300,300,true],"large":["https:\/\/www.carmedeolazabal.cat\/wp-content\/uploads\/2024\/07\/sesion-fotografica-corporativa-empresas.webp",500,500,false],"1536x1536":["https:\/\/www.carmedeolazabal.cat\/wp-content\/uploads\/2024\/07\/sesion-fotografica-corporativa-empresas.webp",500,500,false],"2048x2048":["https:\/\/www.carmedeolazabal.cat\/wp-content\/uploads\/2024\/07\/sesion-fotografica-corporativa-empresas.webp",500,500,false],"ultp_layout_landscape_large":["https:\/\/www.carmedeolazabal.cat\/wp-content\/uploads\/2024\/07\/sesion-fotografica-corporativa-empresas.webp",500,500,false],"ultp_layout_landscape":["https:\/\/www.carmedeolazabal.cat\/wp-content\/uploads\/2024\/07\/sesion-fotografica-corporativa-empresas.webp",500,500,false],"ultp_layout_portrait":["https:\/\/www.carmedeolazabal.cat\/wp-content\/uploads\/2024\/07\/sesion-fotografica-corporativa-empresas.webp",500,500,false],"ultp_layout_square":["https:\/\/www.carmedeolazabal.cat\/wp-content\/uploads\/2024\/07\/sesion-fotografica-corporativa-empresas.webp",500,500,false],"authorship-box-avatar":["https:\/\/www.carmedeolazabal.cat\/wp-content\/uploads\/2024\/07\/sesion-fotografica-corporativa-empresas-150x150.webp",150,150,true],"authorship-box-related":["https:\/\/www.carmedeolazabal.cat\/wp-content\/uploads\/2024\/07\/sesion-fotografica-corporativa-empresas-70x70.webp",70,70,true],"post-thumbnail":["https:\/\/www.carmedeolazabal.cat\/wp-content\/uploads\/2024\/07\/sesion-fotografica-corporativa-empresas.webp",500,500,false],"getwid_base-cropped":["https:\/\/www.carmedeolazabal.cat\/wp-content\/uploads\/2024\/07\/sesion-fotografica-corporativa-empresas.webp",500,500,false],"getwid_base-large":["https:\/\/www.carmedeolazabal.cat\/wp-content\/uploads\/2024\/07\/sesion-fotografica-corporativa-empresas.webp",500,500,false]},"rttpg_author":{"display_name":"Carme De Olazabal","author_link":"https:\/\/www.carmedeolazabal.cat\/ca\/author\/carme\/"},"rttpg_comment":0,"rttpg_category":" <a href=\"https:\/\/www.carmedeolazabal.cat\/ca\/?taxonomy=translation_priority&#038;term=opcional-ca\" rel=\"tag\">Opcional<\/a><a href=\"https:\/\/www.carmedeolazabal.cat\/ca\/?taxonomy=translation_priority&#038;term=opcional-ca-176\" rel=\"tag\">Opcional<\/a>","rttpg_excerpt":"Fotografia corporativa S\u00f3c la Carme d&#8217;Olazabal, tinc estudi de fotografia corporativa a Sant Cugat i em despla\u00e7o a la teva empresa. Realitzo fotografia per a [&hellip;]","_links":{"self":[{"href":"https:\/\/www.carmedeolazabal.cat\/ca\/wp-json\/wp\/v2\/pages\/18677","targetHints":{"allow":["GET"]}}],"collection":[{"href":"https:\/\/www.carmedeolazabal.cat\/ca\/wp-json\/wp\/v2\/pages"}],"about":[{"href":"https:\/\/www.carmedeolazabal.cat\/ca\/wp-json\/wp\/v2\/types\/page"}],"author":[{"embeddable":true,"href":"https:\/\/www.carmedeolazabal.cat\/ca\/wp-json\/wp\/v2\/users\/5"}],"replies":[{"embeddable":true,"href":"https:\/\/www.carmedeolazabal.cat\/ca\/wp-json\/wp\/v2\/comments?post=18677"}],"version-history":[{"count":7,"href":"https:\/\/www.carmedeolazabal.cat\/ca\/wp-json\/wp\/v2\/pages\/18677\/revisions"}],"predecessor-version":[{"id":19552,"href":"https:\/\/www.carmedeolazabal.cat\/ca\/wp-json\/wp\/v2\/pages\/18677\/revisions\/19552"}],"up":[{"embeddable":true,"href":"https:\/\/www.carmedeolazabal.cat\/ca\/wp-json\/wp\/v2\/pages\/18674"}],"wp:featuredmedia":[{"embeddable":true,"href":"https:\/\/www.carmedeolazabal.cat\/ca\/wp-json\/wp\/v2\/media\/18555"}],"wp:attachment":[{"href":"https:\/\/www.carmedeolazabal.cat\/ca\/wp-json\/wp\/v2\/media?parent=18677"}],"curies":[{"name":"wp","href":"https:\/\/api.w.org\/{rel}","templated":true}]}}