{"id":897,"date":"2024-05-17T12:06:44","date_gmt":"2024-05-17T10:06:44","guid":{"rendered":"https:\/\/www.carmedeolazabal.cat\/reportatges-sessions-fotos\/nadal-copy\/"},"modified":"2026-03-19T11:14:07","modified_gmt":"2026-03-19T09:14:07","slug":"avis-i-nets","status":"publish","type":"page","link":"https:\/\/www.carmedeolazabal.cat\/ca\/sessions-fotos\/avis-i-nets\/","title":{"rendered":"Avis i n\u00e9ts"},"content":{"rendered":"\n<div class=\"wp-block-cover alignfull is-light\" style=\"min-height:80vh;aspect-ratio:unset;\"><img loading=\"lazy\" decoding=\"async\" width=\"2000\" height=\"1333\" class=\"wp-block-cover__image-background wp-image-16999\" alt=\"\" src=\"https:\/\/www.carmedeolazabal.cat\/wp-content\/uploads\/2024\/06\/sesion-fotos-abuelos-nietos-sant-cugat.webp\" data-object-fit=\"cover\" title=\"\" srcset=\"https:\/\/www.carmedeolazabal.cat\/wp-content\/uploads\/2024\/06\/sesion-fotos-abuelos-nietos-sant-cugat.webp 2000w, https:\/\/www.carmedeolazabal.cat\/wp-content\/uploads\/2024\/06\/sesion-fotos-abuelos-nietos-sant-cugat-300x200.webp 300w, https:\/\/www.carmedeolazabal.cat\/wp-content\/uploads\/2024\/06\/sesion-fotos-abuelos-nietos-sant-cugat-1024x682.webp 1024w, https:\/\/www.carmedeolazabal.cat\/wp-content\/uploads\/2024\/06\/sesion-fotos-abuelos-nietos-sant-cugat-768x512.webp 768w, https:\/\/www.carmedeolazabal.cat\/wp-content\/uploads\/2024\/06\/sesion-fotos-abuelos-nietos-sant-cugat-1536x1024.webp 1536w, https:\/\/www.carmedeolazabal.cat\/wp-content\/uploads\/2024\/06\/sesion-fotos-abuelos-nietos-sant-cugat-938x625.webp 938w, https:\/\/www.carmedeolazabal.cat\/wp-content\/uploads\/2024\/06\/sesion-fotos-abuelos-nietos-sant-cugat-1130x753.webp 1130w\" sizes=\"auto, (max-width: 2000px) 100vw, 2000px\" \/><span aria-hidden=\"true\" class=\"wp-block-cover__background has-black-background-color has-background-dim-0 has-background-dim\"><\/span><div class=\"wp-block-cover__inner-container is-layout-flow wp-block-cover-is-layout-flow\">\n<div class=\"wp-block-group has-text-color has-link-color wp-elements-ba9b7828a1089f773d05cfb7befa5af8\" style=\"color:#ffffff\"><div class=\"wp-block-group__inner-container is-layout-constrained wp-block-group-is-layout-constrained\">\n<div class=\"wp-block-columns is-layout-flex wp-container-core-columns-is-layout-9d6595d7 wp-block-columns-is-layout-flex\">\n<div class=\"wp-block-column is-layout-flow wp-block-column-is-layout-flow\" style=\"flex-basis:100%\"><\/div>\n<\/div>\n<\/div><\/div>\n<\/div><\/div>\n\n\n\n<div class=\"wp-block-uagb-container uagb-block-3332d5a2 alignfull uagb-is-root-container\"><div class=\"uagb-container-inner-blocks-wrap\">\n<h1 class=\"wp-block-heading has-text-align-center\">Sessi\u00f3 de fotos d&#8217;avis i n\u00e9ts<\/h1>\n\n\n\n<p class=\"has-text-align-center\">Hi ha un tipus de sessi\u00f3 molt especial i que m&#8217;encanta fotografiar, \u00e9s la<strong> sessi\u00f3 de fotos de nens i avis<\/strong>. \u00c9s un record \u00fanic per a tres generacions. Les millors imatges s\u00f3n aquelles que retenen la seva for\u00e7a i impacte a trav\u00e9s dels anys, malgrat el nombre de vegades que s\u00f3n vistes. Aix\u00ed s\u00f3n aquests <strong>reportatges de n\u00e9ts amb els avis<\/strong>.<\/p>\n\n\n<div id=\"ez-toc-container\" class=\"ez-toc-v2_0_80 counter-hierarchy ez-toc-counter ez-toc-custom ez-toc-container-direction\">\n<div class=\"ez-toc-title-container\">\n<p class=\"ez-toc-title\" style=\"cursor:inherit\"><\/p>\n<span class=\"ez-toc-title-toggle\"><\/span><\/div>\n<nav><ul class='ez-toc-list ez-toc-list-level-1 ' ><li class='ez-toc-page-1 ez-toc-heading-level-2'><a class=\"ez-toc-link ez-toc-heading-1\" href=\"https:\/\/www.carmedeolazabal.cat\/ca\/sessions-fotos\/avis-i-nets\/#galeria-de-fotos-familiars-amb-avis-i-nets\">Galeria de fotos familiars amb avis i n\u00e9ts<\/a><\/li><li class='ez-toc-page-1 ez-toc-heading-level-2'><a class=\"ez-toc-link ez-toc-heading-2\" href=\"https:\/\/www.carmedeolazabal.cat\/ca\/sessions-fotos\/avis-i-nets\/#preus-reportatges-avis-i-nets\">Preus reportatges avis i n\u00e9ts<\/a><\/li><li class='ez-toc-page-1 ez-toc-heading-level-2'><a class=\"ez-toc-link ez-toc-heading-3\" href=\"https:\/\/www.carmedeolazabal.cat\/ca\/sessions-fotos\/avis-i-nets\/#un-regal-especial-per-als-mes-grans-de-la-familia\">Un regal especial per als m\u00e9s grans de la fam\u00edlia<\/a><\/li><li class='ez-toc-page-1 ez-toc-heading-level-2'><a class=\"ez-toc-link ez-toc-heading-4\" href=\"https:\/\/www.carmedeolazabal.cat\/ca\/sessions-fotos\/avis-i-nets\/#opinions\">Opinions<\/a><\/li><li class='ez-toc-page-1 ez-toc-heading-level-2'><a class=\"ez-toc-link ez-toc-heading-5\" href=\"https:\/\/www.carmedeolazabal.cat\/ca\/sessions-fotos\/avis-i-nets\/#al-meu-estudi-de-sant-cugat-o-on-tu-vulguis\">Al meu estudi de Sant Cugat o on tu vulguis<\/a><\/li><li class='ez-toc-page-1 ez-toc-heading-level-2'><a class=\"ez-toc-link ez-toc-heading-6\" href=\"https:\/\/www.carmedeolazabal.cat\/ca\/sessions-fotos\/avis-i-nets\/#mencanta-aquesta-sessio-i-texplico-com-la-farem\">M&#8217;encanta aquesta sessi\u00f3 i t&#8217;explico com la farem<\/a><\/li><li class='ez-toc-page-1 ez-toc-heading-level-2'><a class=\"ez-toc-link ez-toc-heading-7\" href=\"https:\/\/www.carmedeolazabal.cat\/ca\/sessions-fotos\/avis-i-nets\/#formats-i-materials-en-que-et-podre-lliurar-aquest-reportatge\">Formats i materials en qu\u00e8 et podr\u00e9 lliurar aquest reportatge<\/a><\/li><li class='ez-toc-page-1 ez-toc-heading-level-2'><a class=\"ez-toc-link ez-toc-heading-8\" href=\"https:\/\/www.carmedeolazabal.cat\/ca\/sessions-fotos\/avis-i-nets\/#preguntes-frequents\">Preguntes freq\u00fcents<\/a><\/li><\/ul><\/nav><\/div>\n\n\n\n\n<h2 class=\"wp-block-heading has-text-align-center\"><span class=\"ez-toc-section\" id=\"galeria-de-fotos-familiars-amb-avis-i-nets\"><\/span>Galeria de fotos familiars amb avis i n\u00e9ts<span class=\"ez-toc-section-end\"><\/span><\/h2>\n<\/div><\/div>\n\n\n\n<div class=\"wp-block-uagb-container uagb-block-1f61cb70 alignfull uagb-is-root-container\"><style>#jtg-17001 .modula-item .jtg-social a, .lightbox-socials.jtg-social a{ fill: #ffffff; color: #ffffff }#jtg-17001 .modula-item .jtg-social-mobile a{ fill: #ffffff; color: #ffffff }#jtg-17001 .modula-item .jtg-social svg, .lightbox-socials.jtg-social svg { height: 16px; width: 16px }#jtg-17001 .modula-item .jtg-social-mobile svg { height: 16px; width: 16px }#jtg-17001 .modula-item .jtg-social a:not(:last-child), .lightbox-socials.jtg-social a:not(:last-child) { margin-right: 10px }#jtg-17001 .modula-item .jtg-social-mobile .jtg-social-mobile-icons a:not(:last-child){ margin-right: 10px }#jtg-17001 .modula-item .figc {}#jtg-17001 .modula-item .modula-item-content { transform: scale(1) }#jtg-17001 .modula-items .figc p.description { font-size:14px; }#jtg-17001 .modula-items .figc p.description { color:;}#jtg-17001.modula-gallery .modula-item > a, #jtg-17001.modula-gallery .modula-item, #jtg-17001.modula-gallery .modula-item-content > a:not(.modula-no-follow) { cursor:pointer; } #jtg-17001.modula-gallery .modula-item-content .modula-no-follow { cursor: default; } #jtg-17001 .modula-item .modula-item-overlay, #jtg-17001 .modula-item.effect-layla, #jtg-17001  .modula-item.effect-ruby,#jtg-17001 .modula-item.effect-bubba,#jtg-17001 .modula-item.effect-sarah,#jtg-17001 .modula-item.effect-milo,#jtg-17001 .modula-item.effect-julia,#jtg-17001 .modula-item.effect-hera,#jtg-17001 .modula-item.effect-winston,#jtg-17001 .modula-item.effect-selena,#jtg-17001 .modula-item.effect-terry,#jtg-17001 .modula-item.effect-phoebe,#jtg-17001 .modula-item.effect-apollo,#jtg-17001 .modula-item.effect-steve,#jtg-17001 .modula-item.effect-ming{ background-color:#fff; }#jtg-17001  .modula-item.effect-oscar { background: -webkit-linear-gradient(45deg,#fff 0,#9b4a1b 40%,#fff 100%);background: linear-gradient(45deg,#fff 0,#9b4a1b 40%,#fff 100%);}#jtg-17001  .modula-item.effect-roxy {background: -webkit-linear-gradient(45deg,#fff 0,#05abe0 100%);background: linear-gradient(45deg,#fff 0,#05abe0 100%);}#jtg-17001 .modula-item.effect-dexter {background: -webkit-linear-gradient(top,#fff 0,rgba(104,60,19,1) 100%); background: linear-gradient(to bottom,#fff 0,rgba(104,60,19,1) 100%);}#jtg-17001  .modula-item.effect-jazz {background: -webkit-linear-gradient(-45deg,#fff 0,#f33f58 100%);background: linear-gradient(-45deg,#fff 0,#f33f58 100%);}#jtg-17001 .modula-item.effect-lexi {background: -webkit-linear-gradient(-45deg,#fff 0,#fff 100%);background: linear-gradient(-45deg,#fff 0,#fff 100%);}#jtg-17001 .modula-item.effect-duke {background: -webkit-linear-gradient(-45deg,#fff 0,#cc6055 100%);background: linear-gradient(-45deg,#fff 0,#cc6055 100%);}#jtg-17001 .jtg-title {font-weight:normal; }#jtg-17001 p.description {font-weight:normal; }#jtg-17001:not(.modula-loaded-scale)  .modula-item .modula-item-content { transform: scale(1) translate(0px,0px) rotate(0deg); }@keyframes modulaScaling { 0% {transform: scale(1) translate(0px,p0x) rotate(0deg);} 50%{transform: scale(1) translate(0px,0px) rotate(0deg);}100%{transform: scale(1) translate(0px,p0x) rotate(0deg);}}#jtg-17001.modula-gallery .modula-item.effect-terry .jtg-social a:not(:last-child){margin-bottom:10px;}.modula-fancybox-container.modula-lightbox-jtg-17001 .modula-fancybox-caption .modula-fancybox-caption__body, .modula-fancybox-container.modula-lightbox-jtg-17001 .modula-fancybox-caption .modula-fancybox-caption__body p {text-align:center}.modula-fancybox-container.modula-lightbox-jtg-17001 .modula-fancybox-bg{background:rgba(30,30,30,0.9);opacity:1 !important;}html body .modula.modula-columns .modula-items.grid-gallery .modula-item.effect-under .modula-item-content { height:auto;}.modula-fancybox-container.modula-lightbox-jtg-17001 .fancybox__caption {align-self:center}@media screen and (max-width:480px){#jtg-17001 .modula-item .figc .jtg-title {  font-size: 12px; }#jtg-17001 .modula-items .figc p.description { color:;font-size:10px; }}#jtg-17001 .modula-items .modula-item:hover img{opacity:1;}<\/style>\n<!-- Gallery Container -->\n<div  id=\"jtg-17001\" class=\"modula modula-gallery modula-custom-grid\" data-config=\"{&quot;height&quot;:800,&quot;tabletHeight&quot;:800,&quot;mobileHeight&quot;:800,&quot;desktopHeight&quot;:800,&quot;enableTwitter&quot;:false,&quot;enableWhatsapp&quot;:false,&quot;enableFacebook&quot;:false,&quot;enablePinterest&quot;:false,&quot;enableLinkedin&quot;:false,&quot;enableEmail&quot;:false,&quot;randomFactor&quot;:0.5,&quot;type&quot;:&quot;custom-grid&quot;,&quot;columns&quot;:12,&quot;gutter&quot;:0,&quot;mobileGutter&quot;:0,&quot;tabletGutter&quot;:0,&quot;desktopGutter&quot;:0,&quot;enableResponsive&quot;:true,&quot;tabletColumns&quot;:4,&quot;mobileColumns&quot;:2,&quot;lazyLoad&quot;:true,&quot;lightboxOpts&quot;:{&quot;animated&quot;:true,&quot;Thumbs&quot;:{&quot;type&quot;:&quot;modern&quot;,&quot;showOnStart&quot;:false},&quot;Toolbar&quot;:{&quot;display&quot;:{&quot;right&quot;:[&quot;close&quot;],&quot;left&quot;:[&quot;infobar&quot;]},&quot;enabled&quot;:true},&quot;Carousel&quot;:{&quot;Panzoom&quot;:{&quot;touch&quot;:false},&quot;infinite&quot;:false,&quot;transition&quot;:false},&quot;keyboard&quot;:{&quot;Escape&quot;:&quot;close&quot;,&quot;Delete&quot;:&quot;close&quot;,&quot;Backspace&quot;:&quot;close&quot;,&quot;PageUp&quot;:&quot;next&quot;,&quot;PageDown&quot;:&quot;prev&quot;,&quot;ArrowUp&quot;:&quot;prev&quot;,&quot;ArrowDown&quot;:&quot;next&quot;,&quot;ArrowRight&quot;:&quot;next&quot;,&quot;ArrowLeft&quot;:&quot;prev&quot;},&quot;touch&quot;:false,&quot;backdropClick&quot;:false,&quot;l10n&quot;:{&quot;CLOSE&quot;:&quot;Close&quot;,&quot;NEXT&quot;:&quot;Next&quot;,&quot;PREV&quot;:&quot;Previous&quot;,&quot;Error&quot;:&quot;The requested content cannot be loaded. Please try again later.&quot;,&quot;PLAY_START&quot;:&quot;Start slideshow&quot;,&quot;PLAY_STOP&quot;:&quot;Pause slideshow&quot;,&quot;FULL_SCREEN&quot;:&quot;Full screen&quot;,&quot;THUMBS&quot;:&quot;Thumbnails&quot;,&quot;DOWNLOAD&quot;:&quot;Download&quot;,&quot;SHARE&quot;:&quot;Share&quot;,&quot;ZOOM&quot;:&quot;Zoom&quot;,&quot;EMAIL&quot;:&quot;Here is the link to the image : %%image_link%% and this is the link to the gallery : %%gallery_link%%&quot;,&quot;MODAL&quot;:&quot;You can close this modal content with the ESC key&quot;,&quot;ERROR&quot;:&quot;Something Went Wrong, Please Try Again Later&quot;,&quot;IMAGE_ERROR&quot;:&quot;Image Not Found&quot;,&quot;ELEMENT_NOT_FOUND&quot;:&quot;HTML Element Not Found&quot;,&quot;AJAX_NOT_FOUND&quot;:&quot;Error Loading AJAX : Not Found&quot;,&quot;AJAX_FORBIDDEN&quot;:&quot;Error Loading AJAX : Forbidden&quot;,&quot;IFRAME_ERROR&quot;:&quot;Error Loading Page&quot;,&quot;TOGGLE_ZOOM&quot;:&quot;Toggle zoom level&quot;,&quot;TOGGLE_THUMBS&quot;:&quot;Toggle thumbnails&quot;,&quot;TOGGLE_SLIDESHOW&quot;:&quot;Toggle slideshow&quot;,&quot;TOGGLE_FULLSCREEN&quot;:&quot;Toggle full-screen mode&quot;},&quot;Images&quot;:{&quot;Panzoom&quot;:{&quot;maxScale&quot;:2},&quot;zoom&quot;:false},&quot;toolbar&quot;:true,&quot;wheel&quot;:false,&quot;animationEffect&quot;:&quot;&quot;,&quot;animationDuration&quot;:366,&quot;transitionEffect&quot;:&quot;&quot;,&quot;transitionDuration&quot;:366,&quot;preventCaptionOverlap&quot;:false,&quot;mainClass&quot;:&quot;modula-fancybox-container modula-lightbox-jtg-17001&quot;,&quot;Html&quot;:{&quot;videoAutoplay&quot;:0,&quot;videoTpl&quot;:&quot;&lt;video class=\\&quot;fancybox__html5video\\&quot; controls muted playsinline controlsList controlsList=\\&quot;nodownload\\&quot; poster=\\&quot;{{poster}}\\&quot; src=\\&quot;{{src}}\\&quot; type=\\&quot;{{format}}\\&quot; &gt;  Sorry, your browser doesn&#039;t support embedded videos, &lt;a href=\\&quot;{{src}}\\&quot;&gt; download &lt;\\\/a&gt; and watch with your favorite video player! &lt;\\\/video&gt;&quot;},&quot;showClass&quot;:&quot;m-In&quot;,&quot;hideClass&quot;:&quot;m-Out&quot;},&quot;inView&quot;:false,&quot;email_subject&quot;:&quot;Check out this awesome image !!&quot;,&quot;email_message&quot;:&quot;Here is the link to the image : %%image_link%% and this is the link to the gallery : %%gallery_link%%&quot;,&quot;lightbox&quot;:&quot;fancybox&quot;,&quot;filterClick&quot;:&quot;0&quot;,&quot;dropdownFilters&quot;:&quot;0&quot;,&quot;defaultActiveFilter&quot;:&quot;all&quot;,&quot;initLightbox&quot;:&quot;modula_pro_init_lightbox&quot;,&quot;haveFilters&quot;:0,&quot;lightbox_devices&quot;:&quot;both&quot;}\">\n\n\t\n\t<!-- Items Container -->\n\t<div  class=\"modula-items\">\n\t\t<div class=\"modula-item\" data-width=\"3\" data-height=\"3\" >\n\t<div class=\"modula-item-content\">\n\t\t\n\t\t\t\t\t<a data-image-id=\"17949\" tabindex=\"0\" href=\"https:\/\/www.carmedeolazabal.cat\/wp-content\/uploads\/2024\/07\/sesiones-exteriores-fotos-abuelos-nietos.webp\" rel=\"jtg-17001\" data-caption=\"&lt;p&gt;sesiones exteriores fotos abuelos nietos&lt;\/p&gt;\" aria-label=\"Open image in lightbox\" role=\"button\" data-thumb=\"https:\/\/www.carmedeolazabal.cat\/wp-content\/uploads\/2024\/07\/sesiones-exteriores-fotos-abuelos-nietos-150x150.webp\" class=\"tile-inner modula-item-link\"><\/a>\n\t\t\n\t\t<img class=\"pic wp-image-17949 lazyload\"  data-valign=\"middle\" data-halign=\"center\" alt=\"sesiones exteriores fotos abuelos nietos\" data-full=\"https:\/\/www.carmedeolazabal.cat\/wp-content\/uploads\/2024\/07\/sesiones-exteriores-fotos-abuelos-nietos.webp\" title=\"sesiones exteriores fotos abuelos nietos\" width=\"900\" height=\"1350\" data-src=\"https:\/\/www.carmedeolazabal.cat\/wp-content\/uploads\/2024\/07\/sesiones-exteriores-fotos-abuelos-nietos.webp\" data-caption=\"sesiones exteriores fotos abuelos nietos\" data-source=\"modula\" data-srcset=\"https:\/\/www.carmedeolazabal.cat\/wp-content\/uploads\/2024\/07\/sesiones-exteriores-fotos-abuelos-nietos.webp 900w, https:\/\/www.carmedeolazabal.cat\/wp-content\/uploads\/2024\/07\/sesiones-exteriores-fotos-abuelos-nietos-200x300.webp 200w, https:\/\/www.carmedeolazabal.cat\/wp-content\/uploads\/2024\/07\/sesiones-exteriores-fotos-abuelos-nietos-683x1024.webp 683w, https:\/\/www.carmedeolazabal.cat\/wp-content\/uploads\/2024\/07\/sesiones-exteriores-fotos-abuelos-nietos-768x1152.webp 768w, https:\/\/www.carmedeolazabal.cat\/wp-content\/uploads\/2024\/07\/sesiones-exteriores-fotos-abuelos-nietos-600x900.webp 600w\" data-sizes=\"(max-width: 900px) 100vw, 900px\" srcset=\"https:\/\/www.carmedeolazabal.cat\/wp-content\/uploads\/2024\/07\/sesiones-exteriores-fotos-abuelos-nietos.webp 900w, https:\/\/www.carmedeolazabal.cat\/wp-content\/uploads\/2024\/07\/sesiones-exteriores-fotos-abuelos-nietos-200x300.webp 200w, https:\/\/www.carmedeolazabal.cat\/wp-content\/uploads\/2024\/07\/sesiones-exteriores-fotos-abuelos-nietos-683x1024.webp 683w, https:\/\/www.carmedeolazabal.cat\/wp-content\/uploads\/2024\/07\/sesiones-exteriores-fotos-abuelos-nietos-768x1152.webp 768w, https:\/\/www.carmedeolazabal.cat\/wp-content\/uploads\/2024\/07\/sesiones-exteriores-fotos-abuelos-nietos-600x900.webp 600w\" sizes=\"(max-width: 900px) 100vw, 900px\" \/>\n\t<\/div>\n\n<\/div><div class=\"modula-item\" data-width=\"3\" data-height=\"3\" >\n\t<div class=\"modula-item-content\">\n\t\t\n\t\t\t\t\t<a data-image-id=\"17960\" tabindex=\"0\" href=\"https:\/\/www.carmedeolazabal.cat\/wp-content\/uploads\/2024\/07\/fotos-de-abuelos-nietos-sesiones.webp\" rel=\"jtg-17001\" data-caption=\"&lt;p&gt;fotos de abuelos nietos sesiones&lt;\/p&gt;\" aria-label=\"Open image in lightbox\" role=\"button\" data-thumb=\"https:\/\/www.carmedeolazabal.cat\/wp-content\/uploads\/2024\/07\/fotos-de-abuelos-nietos-sesiones-150x150.webp\" class=\"tile-inner modula-item-link\"><\/a>\n\t\t\n\t\t<img class=\"pic wp-image-17960 lazyload\"  data-valign=\"middle\" data-halign=\"center\" alt=\"fotos de abuelos nietos sesiones\" data-full=\"https:\/\/www.carmedeolazabal.cat\/wp-content\/uploads\/2024\/07\/fotos-de-abuelos-nietos-sesiones.webp\" title=\"fotos de abuelos nietos sesiones\" width=\"800\" height=\"800\" data-src=\"https:\/\/www.carmedeolazabal.cat\/wp-content\/uploads\/2024\/07\/fotos-de-abuelos-nietos-sesiones.webp\" data-caption=\"fotos de abuelos nietos sesiones\" data-source=\"modula\" data-srcset=\"https:\/\/www.carmedeolazabal.cat\/wp-content\/uploads\/2024\/07\/fotos-de-abuelos-nietos-sesiones.webp 800w, https:\/\/www.carmedeolazabal.cat\/wp-content\/uploads\/2024\/07\/fotos-de-abuelos-nietos-sesiones-300x300.webp 300w, https:\/\/www.carmedeolazabal.cat\/wp-content\/uploads\/2024\/07\/fotos-de-abuelos-nietos-sesiones-150x150.webp 150w, https:\/\/www.carmedeolazabal.cat\/wp-content\/uploads\/2024\/07\/fotos-de-abuelos-nietos-sesiones-768x768.webp 768w, https:\/\/www.carmedeolazabal.cat\/wp-content\/uploads\/2024\/07\/fotos-de-abuelos-nietos-sesiones-600x600.webp 600w, https:\/\/www.carmedeolazabal.cat\/wp-content\/uploads\/2024\/07\/fotos-de-abuelos-nietos-sesiones-70x70.webp 70w\" data-sizes=\"(max-width: 800px) 100vw, 800px\" srcset=\"https:\/\/www.carmedeolazabal.cat\/wp-content\/uploads\/2024\/07\/fotos-de-abuelos-nietos-sesiones.webp 800w, https:\/\/www.carmedeolazabal.cat\/wp-content\/uploads\/2024\/07\/fotos-de-abuelos-nietos-sesiones-300x300.webp 300w, https:\/\/www.carmedeolazabal.cat\/wp-content\/uploads\/2024\/07\/fotos-de-abuelos-nietos-sesiones-150x150.webp 150w, https:\/\/www.carmedeolazabal.cat\/wp-content\/uploads\/2024\/07\/fotos-de-abuelos-nietos-sesiones-768x768.webp 768w, https:\/\/www.carmedeolazabal.cat\/wp-content\/uploads\/2024\/07\/fotos-de-abuelos-nietos-sesiones-600x600.webp 600w, https:\/\/www.carmedeolazabal.cat\/wp-content\/uploads\/2024\/07\/fotos-de-abuelos-nietos-sesiones-70x70.webp 70w\" sizes=\"(max-width: 800px) 100vw, 800px\" \/>\n\t<\/div>\n\n<\/div><div class=\"modula-item\" data-width=\"3\" data-height=\"3\" >\n\t<div class=\"modula-item-content\">\n\t\t\n\t\t\t\t\t<a data-image-id=\"17956\" tabindex=\"0\" href=\"https:\/\/www.carmedeolazabal.cat\/wp-content\/uploads\/2024\/07\/abuelos-nietos-fotos-profesionales.webp\" rel=\"jtg-17001\" data-caption=\"&lt;p&gt;abuelos nietos fotos profesionales&lt;\/p&gt;\" aria-label=\"Open image in lightbox\" role=\"button\" data-thumb=\"https:\/\/www.carmedeolazabal.cat\/wp-content\/uploads\/2024\/07\/abuelos-nietos-fotos-profesionales-150x150.webp\" class=\"tile-inner modula-item-link\"><\/a>\n\t\t\n\t\t<img class=\"pic wp-image-17956 lazyload\"  data-valign=\"middle\" data-halign=\"center\" alt=\"abuelos nietos fotos profesionales\" data-full=\"https:\/\/www.carmedeolazabal.cat\/wp-content\/uploads\/2024\/07\/abuelos-nietos-fotos-profesionales.webp\" title=\"abuelos nietos fotos profesionales\" width=\"1200\" height=\"800\" data-src=\"https:\/\/www.carmedeolazabal.cat\/wp-content\/uploads\/2024\/07\/abuelos-nietos-fotos-profesionales.webp\" data-caption=\"abuelos nietos fotos profesionales\" data-source=\"modula\" data-srcset=\"https:\/\/www.carmedeolazabal.cat\/wp-content\/uploads\/2024\/07\/abuelos-nietos-fotos-profesionales.webp 1200w, https:\/\/www.carmedeolazabal.cat\/wp-content\/uploads\/2024\/07\/abuelos-nietos-fotos-profesionales-300x200.webp 300w, https:\/\/www.carmedeolazabal.cat\/wp-content\/uploads\/2024\/07\/abuelos-nietos-fotos-profesionales-1024x683.webp 1024w, https:\/\/www.carmedeolazabal.cat\/wp-content\/uploads\/2024\/07\/abuelos-nietos-fotos-profesionales-768x512.webp 768w, https:\/\/www.carmedeolazabal.cat\/wp-content\/uploads\/2024\/07\/abuelos-nietos-fotos-profesionales-938x625.webp 938w, https:\/\/www.carmedeolazabal.cat\/wp-content\/uploads\/2024\/07\/abuelos-nietos-fotos-profesionales-1130x753.webp 1130w\" data-sizes=\"(max-width: 1200px) 100vw, 1200px\" srcset=\"https:\/\/www.carmedeolazabal.cat\/wp-content\/uploads\/2024\/07\/abuelos-nietos-fotos-profesionales.webp 1200w, https:\/\/www.carmedeolazabal.cat\/wp-content\/uploads\/2024\/07\/abuelos-nietos-fotos-profesionales-300x200.webp 300w, https:\/\/www.carmedeolazabal.cat\/wp-content\/uploads\/2024\/07\/abuelos-nietos-fotos-profesionales-1024x683.webp 1024w, https:\/\/www.carmedeolazabal.cat\/wp-content\/uploads\/2024\/07\/abuelos-nietos-fotos-profesionales-768x512.webp 768w, https:\/\/www.carmedeolazabal.cat\/wp-content\/uploads\/2024\/07\/abuelos-nietos-fotos-profesionales-938x625.webp 938w, https:\/\/www.carmedeolazabal.cat\/wp-content\/uploads\/2024\/07\/abuelos-nietos-fotos-profesionales-1130x753.webp 1130w\" sizes=\"(max-width: 1200px) 100vw, 1200px\" \/>\n\t<\/div>\n\n<\/div><div class=\"modula-item\" data-width=\"3\" data-height=\"3\" >\n\t<div class=\"modula-item-content\">\n\t\t\n\t\t\t\t\t<a data-image-id=\"17031\" tabindex=\"0\" href=\"https:\/\/www.carmedeolazabal.cat\/wp-content\/uploads\/2024\/06\/reportaje-fotos-nietos-y-abuelos.webp\" rel=\"jtg-17001\" data-caption=\"&lt;p&gt;reportaje fotos nietos y abuelos&lt;\/p&gt;\" aria-label=\"Open image in lightbox\" role=\"button\" data-thumb=\"https:\/\/www.carmedeolazabal.cat\/wp-content\/uploads\/2024\/06\/reportaje-fotos-nietos-y-abuelos-150x150.webp\" class=\"tile-inner modula-item-link\"><\/a>\n\t\t\n\t\t<img class=\"pic wp-image-17031 lazyload\"  data-valign=\"middle\" data-halign=\"center\" alt=\"reportaje fotos nietos y abuelos\" data-full=\"https:\/\/www.carmedeolazabal.cat\/wp-content\/uploads\/2024\/06\/reportaje-fotos-nietos-y-abuelos.webp\" title=\"reportaje fotos nietos y abuelos\" width=\"533\" height=\"355\" data-src=\"https:\/\/www.carmedeolazabal.cat\/wp-content\/uploads\/2024\/06\/reportaje-fotos-nietos-y-abuelos.webp\" data-caption=\"reportaje fotos nietos y abuelos\" data-source=\"modula\" data-srcset=\"https:\/\/www.carmedeolazabal.cat\/wp-content\/uploads\/2024\/06\/reportaje-fotos-nietos-y-abuelos.webp 533w, https:\/\/www.carmedeolazabal.cat\/wp-content\/uploads\/2024\/06\/reportaje-fotos-nietos-y-abuelos-300x200.webp 300w\" data-sizes=\"(max-width: 533px) 100vw, 533px\" srcset=\"https:\/\/www.carmedeolazabal.cat\/wp-content\/uploads\/2024\/06\/reportaje-fotos-nietos-y-abuelos.webp 533w, https:\/\/www.carmedeolazabal.cat\/wp-content\/uploads\/2024\/06\/reportaje-fotos-nietos-y-abuelos-300x200.webp 300w\" sizes=\"(max-width: 533px) 100vw, 533px\" \/>\n\t<\/div>\n\n<\/div><div class=\"modula-item\" data-width=\"3\" data-height=\"3\" >\n\t<div class=\"modula-item-content\">\n\t\t\n\t\t\t\t\t<a data-image-id=\"17954\" tabindex=\"0\" href=\"https:\/\/www.carmedeolazabal.cat\/wp-content\/uploads\/2024\/07\/sesion-abuelos-nietos-fotos.webp\" rel=\"jtg-17001\" data-caption=\"&lt;p&gt;sesion abuelos nietos fotos&lt;\/p&gt;\" aria-label=\"Open image in lightbox\" role=\"button\" data-thumb=\"https:\/\/www.carmedeolazabal.cat\/wp-content\/uploads\/2024\/07\/sesion-abuelos-nietos-fotos-150x150.webp\" class=\"tile-inner modula-item-link\"><\/a>\n\t\t\n\t\t<img class=\"pic wp-image-17954 lazyload\"  data-valign=\"middle\" data-halign=\"center\" alt=\"sesion abuelos nietos fotos\" data-full=\"https:\/\/www.carmedeolazabal.cat\/wp-content\/uploads\/2024\/07\/sesion-abuelos-nietos-fotos.webp\" title=\"sesion abuelos nietos fotos\" width=\"900\" height=\"1350\" data-src=\"https:\/\/www.carmedeolazabal.cat\/wp-content\/uploads\/2024\/07\/sesion-abuelos-nietos-fotos.webp\" data-caption=\"sesion abuelos nietos fotos\" data-source=\"modula\" data-srcset=\"https:\/\/www.carmedeolazabal.cat\/wp-content\/uploads\/2024\/07\/sesion-abuelos-nietos-fotos.webp 900w, https:\/\/www.carmedeolazabal.cat\/wp-content\/uploads\/2024\/07\/sesion-abuelos-nietos-fotos-200x300.webp 200w, https:\/\/www.carmedeolazabal.cat\/wp-content\/uploads\/2024\/07\/sesion-abuelos-nietos-fotos-683x1024.webp 683w, https:\/\/www.carmedeolazabal.cat\/wp-content\/uploads\/2024\/07\/sesion-abuelos-nietos-fotos-768x1152.webp 768w, https:\/\/www.carmedeolazabal.cat\/wp-content\/uploads\/2024\/07\/sesion-abuelos-nietos-fotos-600x900.webp 600w\" data-sizes=\"(max-width: 900px) 100vw, 900px\" srcset=\"https:\/\/www.carmedeolazabal.cat\/wp-content\/uploads\/2024\/07\/sesion-abuelos-nietos-fotos.webp 900w, https:\/\/www.carmedeolazabal.cat\/wp-content\/uploads\/2024\/07\/sesion-abuelos-nietos-fotos-200x300.webp 200w, https:\/\/www.carmedeolazabal.cat\/wp-content\/uploads\/2024\/07\/sesion-abuelos-nietos-fotos-683x1024.webp 683w, https:\/\/www.carmedeolazabal.cat\/wp-content\/uploads\/2024\/07\/sesion-abuelos-nietos-fotos-768x1152.webp 768w, https:\/\/www.carmedeolazabal.cat\/wp-content\/uploads\/2024\/07\/sesion-abuelos-nietos-fotos-600x900.webp 600w\" sizes=\"(max-width: 900px) 100vw, 900px\" \/>\n\t<\/div>\n\n<\/div><div class=\"modula-item\" data-width=\"3\" data-height=\"3\" >\n\t<div class=\"modula-item-content\">\n\t\t\n\t\t\t\t\t<a data-image-id=\"17029\" tabindex=\"0\" href=\"https:\/\/www.carmedeolazabal.cat\/wp-content\/uploads\/2024\/06\/sesiones-de-fotos-abuelos-nietos.webp\" rel=\"jtg-17001\" data-caption=\"&lt;p&gt;sesiones de fotos abuelos nietos&lt;\/p&gt;\" aria-label=\"Open image in lightbox\" role=\"button\" data-thumb=\"https:\/\/www.carmedeolazabal.cat\/wp-content\/uploads\/2024\/06\/sesiones-de-fotos-abuelos-nietos-150x150.webp\" class=\"tile-inner modula-item-link\"><\/a>\n\t\t\n\t\t<img class=\"pic wp-image-17029 lazyload\"  data-valign=\"middle\" data-halign=\"center\" alt=\"sesiones de fotos abuelos nietos\" data-full=\"https:\/\/www.carmedeolazabal.cat\/wp-content\/uploads\/2024\/06\/sesiones-de-fotos-abuelos-nietos.webp\" title=\"sesiones de fotos abuelos nietos\" width=\"800\" height=\"533\" data-src=\"https:\/\/www.carmedeolazabal.cat\/wp-content\/uploads\/2024\/06\/sesiones-de-fotos-abuelos-nietos.webp\" data-caption=\"sesiones de fotos abuelos nietos\" data-source=\"modula\" data-srcset=\"https:\/\/www.carmedeolazabal.cat\/wp-content\/uploads\/2024\/06\/sesiones-de-fotos-abuelos-nietos.webp 800w, https:\/\/www.carmedeolazabal.cat\/wp-content\/uploads\/2024\/06\/sesiones-de-fotos-abuelos-nietos-300x200.webp 300w, https:\/\/www.carmedeolazabal.cat\/wp-content\/uploads\/2024\/06\/sesiones-de-fotos-abuelos-nietos-768x512.webp 768w\" data-sizes=\"(max-width: 800px) 100vw, 800px\" srcset=\"https:\/\/www.carmedeolazabal.cat\/wp-content\/uploads\/2024\/06\/sesiones-de-fotos-abuelos-nietos.webp 800w, https:\/\/www.carmedeolazabal.cat\/wp-content\/uploads\/2024\/06\/sesiones-de-fotos-abuelos-nietos-300x200.webp 300w, https:\/\/www.carmedeolazabal.cat\/wp-content\/uploads\/2024\/06\/sesiones-de-fotos-abuelos-nietos-768x512.webp 768w\" sizes=\"(max-width: 800px) 100vw, 800px\" \/>\n\t<\/div>\n\n<\/div><div class=\"modula-item\" data-width=\"3\" data-height=\"3\" >\n\t<div class=\"modula-item-content\">\n\t\t\n\t\t\t\t\t<a data-image-id=\"17958\" tabindex=\"0\" href=\"https:\/\/www.carmedeolazabal.cat\/wp-content\/uploads\/2024\/07\/fotografo-profesional-sant-cugat-abuelos-nietos.webp\" rel=\"jtg-17001\" data-caption=\"&lt;p&gt;fotografo profesional sant cugat abuelos nietos&lt;\/p&gt;\" aria-label=\"Open image in lightbox\" role=\"button\" data-thumb=\"https:\/\/www.carmedeolazabal.cat\/wp-content\/uploads\/2024\/07\/fotografo-profesional-sant-cugat-abuelos-nietos-150x150.webp\" class=\"tile-inner modula-item-link\"><\/a>\n\t\t\n\t\t<img class=\"pic wp-image-17958 lazyload\"  data-valign=\"middle\" data-halign=\"center\" alt=\"fotografo profesional sant cugat abuelos nietos\" data-full=\"https:\/\/www.carmedeolazabal.cat\/wp-content\/uploads\/2024\/07\/fotografo-profesional-sant-cugat-abuelos-nietos.webp\" title=\"fotografo profesional sant cugat abuelos nietos\" width=\"1200\" height=\"800\" data-src=\"https:\/\/www.carmedeolazabal.cat\/wp-content\/uploads\/2024\/07\/fotografo-profesional-sant-cugat-abuelos-nietos.webp\" data-caption=\"fotografo profesional sant cugat abuelos nietos\" data-source=\"modula\" data-srcset=\"https:\/\/www.carmedeolazabal.cat\/wp-content\/uploads\/2024\/07\/fotografo-profesional-sant-cugat-abuelos-nietos.webp 1200w, https:\/\/www.carmedeolazabal.cat\/wp-content\/uploads\/2024\/07\/fotografo-profesional-sant-cugat-abuelos-nietos-300x200.webp 300w, https:\/\/www.carmedeolazabal.cat\/wp-content\/uploads\/2024\/07\/fotografo-profesional-sant-cugat-abuelos-nietos-1024x683.webp 1024w, https:\/\/www.carmedeolazabal.cat\/wp-content\/uploads\/2024\/07\/fotografo-profesional-sant-cugat-abuelos-nietos-768x512.webp 768w, https:\/\/www.carmedeolazabal.cat\/wp-content\/uploads\/2024\/07\/fotografo-profesional-sant-cugat-abuelos-nietos-938x625.webp 938w, https:\/\/www.carmedeolazabal.cat\/wp-content\/uploads\/2024\/07\/fotografo-profesional-sant-cugat-abuelos-nietos-1130x753.webp 1130w\" data-sizes=\"(max-width: 1200px) 100vw, 1200px\" srcset=\"https:\/\/www.carmedeolazabal.cat\/wp-content\/uploads\/2024\/07\/fotografo-profesional-sant-cugat-abuelos-nietos.webp 1200w, https:\/\/www.carmedeolazabal.cat\/wp-content\/uploads\/2024\/07\/fotografo-profesional-sant-cugat-abuelos-nietos-300x200.webp 300w, https:\/\/www.carmedeolazabal.cat\/wp-content\/uploads\/2024\/07\/fotografo-profesional-sant-cugat-abuelos-nietos-1024x683.webp 1024w, https:\/\/www.carmedeolazabal.cat\/wp-content\/uploads\/2024\/07\/fotografo-profesional-sant-cugat-abuelos-nietos-768x512.webp 768w, https:\/\/www.carmedeolazabal.cat\/wp-content\/uploads\/2024\/07\/fotografo-profesional-sant-cugat-abuelos-nietos-938x625.webp 938w, https:\/\/www.carmedeolazabal.cat\/wp-content\/uploads\/2024\/07\/fotografo-profesional-sant-cugat-abuelos-nietos-1130x753.webp 1130w\" sizes=\"(max-width: 1200px) 100vw, 1200px\" \/>\n\t<\/div>\n\n<\/div><div class=\"modula-item\" data-width=\"3\" data-height=\"3\" >\n\t<div class=\"modula-item-content\">\n\t\t\n\t\t\t\t\t<a data-image-id=\"17026\" tabindex=\"0\" href=\"https:\/\/www.carmedeolazabal.cat\/wp-content\/uploads\/2024\/06\/nietos-abuelos-sesiones-fotos.webp\" rel=\"jtg-17001\" data-caption=\"&lt;p&gt;nietos abuelos sesiones fotos&lt;\/p&gt;\" aria-label=\"Open image in lightbox\" role=\"button\" data-thumb=\"https:\/\/www.carmedeolazabal.cat\/wp-content\/uploads\/2024\/06\/nietos-abuelos-sesiones-fotos-150x150.webp\" class=\"tile-inner modula-item-link\"><\/a>\n\t\t\n\t\t<img class=\"pic wp-image-17026 lazyload\"  data-valign=\"middle\" data-halign=\"center\" alt=\"nietos abuelos sesiones fotos\" data-full=\"https:\/\/www.carmedeolazabal.cat\/wp-content\/uploads\/2024\/06\/nietos-abuelos-sesiones-fotos.webp\" title=\"nietos abuelos sesiones fotos\" width=\"1000\" height=\"667\" data-src=\"https:\/\/www.carmedeolazabal.cat\/wp-content\/uploads\/2024\/06\/nietos-abuelos-sesiones-fotos.webp\" data-caption=\"nietos abuelos sesiones fotos\" data-source=\"modula\" data-srcset=\"https:\/\/www.carmedeolazabal.cat\/wp-content\/uploads\/2024\/06\/nietos-abuelos-sesiones-fotos.webp 1000w, https:\/\/www.carmedeolazabal.cat\/wp-content\/uploads\/2024\/06\/nietos-abuelos-sesiones-fotos-300x200.webp 300w, https:\/\/www.carmedeolazabal.cat\/wp-content\/uploads\/2024\/06\/nietos-abuelos-sesiones-fotos-768x512.webp 768w, https:\/\/www.carmedeolazabal.cat\/wp-content\/uploads\/2024\/06\/nietos-abuelos-sesiones-fotos-938x626.webp 938w\" data-sizes=\"(max-width: 1000px) 100vw, 1000px\" srcset=\"https:\/\/www.carmedeolazabal.cat\/wp-content\/uploads\/2024\/06\/nietos-abuelos-sesiones-fotos.webp 1000w, https:\/\/www.carmedeolazabal.cat\/wp-content\/uploads\/2024\/06\/nietos-abuelos-sesiones-fotos-300x200.webp 300w, https:\/\/www.carmedeolazabal.cat\/wp-content\/uploads\/2024\/06\/nietos-abuelos-sesiones-fotos-768x512.webp 768w, https:\/\/www.carmedeolazabal.cat\/wp-content\/uploads\/2024\/06\/nietos-abuelos-sesiones-fotos-938x626.webp 938w\" sizes=\"(max-width: 1000px) 100vw, 1000px\" \/>\n\t<\/div>\n\n<\/div><div class=\"modula-item\" data-width=\"3\" data-height=\"3\" >\n\t<div class=\"modula-item-content\">\n\t\t\n\t\t\t\t\t<a data-image-id=\"18224\" tabindex=\"0\" href=\"https:\/\/www.carmedeolazabal.cat\/wp-content\/uploads\/2024\/06\/sesion-de-fotos-abuelos-nietos.webp\" rel=\"jtg-17001\" data-caption=\"&lt;p&gt;sesion de fotos abuelos nietos&lt;\/p&gt;\" aria-label=\"Open image in lightbox\" role=\"button\" data-thumb=\"https:\/\/www.carmedeolazabal.cat\/wp-content\/uploads\/2024\/06\/sesion-de-fotos-abuelos-nietos-150x150.webp\" class=\"tile-inner modula-item-link\"><\/a>\n\t\t\n\t\t<img class=\"pic wp-image-18224 lazyload\"  data-valign=\"middle\" data-halign=\"center\" alt=\"sesion de fotos abuelos nietos\" data-full=\"https:\/\/www.carmedeolazabal.cat\/wp-content\/uploads\/2024\/06\/sesion-de-fotos-abuelos-nietos.webp\" title=\"sesion de fotos abuelos nietos\" width=\"1200\" height=\"800\" data-src=\"https:\/\/www.carmedeolazabal.cat\/wp-content\/uploads\/2024\/06\/sesion-de-fotos-abuelos-nietos.webp\" data-caption=\"sesion de fotos abuelos nietos\" data-source=\"modula\" data-srcset=\"https:\/\/www.carmedeolazabal.cat\/wp-content\/uploads\/2024\/06\/sesion-de-fotos-abuelos-nietos.webp 1200w, https:\/\/www.carmedeolazabal.cat\/wp-content\/uploads\/2024\/06\/sesion-de-fotos-abuelos-nietos-300x200.webp 300w, https:\/\/www.carmedeolazabal.cat\/wp-content\/uploads\/2024\/06\/sesion-de-fotos-abuelos-nietos-1024x683.webp 1024w, https:\/\/www.carmedeolazabal.cat\/wp-content\/uploads\/2024\/06\/sesion-de-fotos-abuelos-nietos-768x512.webp 768w, https:\/\/www.carmedeolazabal.cat\/wp-content\/uploads\/2024\/06\/sesion-de-fotos-abuelos-nietos-938x625.webp 938w, https:\/\/www.carmedeolazabal.cat\/wp-content\/uploads\/2024\/06\/sesion-de-fotos-abuelos-nietos-1130x753.webp 1130w\" data-sizes=\"(max-width: 1200px) 100vw, 1200px\" srcset=\"https:\/\/www.carmedeolazabal.cat\/wp-content\/uploads\/2024\/06\/sesion-de-fotos-abuelos-nietos.webp 1200w, https:\/\/www.carmedeolazabal.cat\/wp-content\/uploads\/2024\/06\/sesion-de-fotos-abuelos-nietos-300x200.webp 300w, https:\/\/www.carmedeolazabal.cat\/wp-content\/uploads\/2024\/06\/sesion-de-fotos-abuelos-nietos-1024x683.webp 1024w, https:\/\/www.carmedeolazabal.cat\/wp-content\/uploads\/2024\/06\/sesion-de-fotos-abuelos-nietos-768x512.webp 768w, https:\/\/www.carmedeolazabal.cat\/wp-content\/uploads\/2024\/06\/sesion-de-fotos-abuelos-nietos-938x625.webp 938w, https:\/\/www.carmedeolazabal.cat\/wp-content\/uploads\/2024\/06\/sesion-de-fotos-abuelos-nietos-1130x753.webp 1130w\" sizes=\"(max-width: 1200px) 100vw, 1200px\" \/>\n\t<\/div>\n\n<\/div><div class=\"modula-item\" data-width=\"3\" data-height=\"3\" >\n\t<div class=\"modula-item-content\">\n\t\t\n\t\t\t\t\t<a data-image-id=\"18169\" tabindex=\"0\" href=\"https:\/\/www.carmedeolazabal.cat\/wp-content\/uploads\/2024\/07\/reportajes-fotograficos-abuelos-nietos.webp\" rel=\"jtg-17001\" data-caption=\"&lt;p&gt;reportajes fotograficos abuelos nietos&lt;\/p&gt;\" aria-label=\"Open image in lightbox\" role=\"button\" data-thumb=\"https:\/\/www.carmedeolazabal.cat\/wp-content\/uploads\/2024\/07\/reportajes-fotograficos-abuelos-nietos-150x150.webp\" class=\"tile-inner modula-item-link\"><\/a>\n\t\t\n\t\t<img class=\"pic wp-image-18169 lazyload\"  data-valign=\"middle\" data-halign=\"center\" alt=\"reportajes fotograficos abuelos nietos\" data-full=\"https:\/\/www.carmedeolazabal.cat\/wp-content\/uploads\/2024\/07\/reportajes-fotograficos-abuelos-nietos.webp\" title=\"reportajes fotograficos abuelos nietos\" width=\"1200\" height=\"800\" data-src=\"https:\/\/www.carmedeolazabal.cat\/wp-content\/uploads\/2024\/07\/reportajes-fotograficos-abuelos-nietos.webp\" data-caption=\"reportajes fotograficos abuelos nietos\" data-source=\"modula\" data-srcset=\"https:\/\/www.carmedeolazabal.cat\/wp-content\/uploads\/2024\/07\/reportajes-fotograficos-abuelos-nietos.webp 1200w, https:\/\/www.carmedeolazabal.cat\/wp-content\/uploads\/2024\/07\/reportajes-fotograficos-abuelos-nietos-300x200.webp 300w, https:\/\/www.carmedeolazabal.cat\/wp-content\/uploads\/2024\/07\/reportajes-fotograficos-abuelos-nietos-1024x683.webp 1024w, https:\/\/www.carmedeolazabal.cat\/wp-content\/uploads\/2024\/07\/reportajes-fotograficos-abuelos-nietos-768x512.webp 768w, https:\/\/www.carmedeolazabal.cat\/wp-content\/uploads\/2024\/07\/reportajes-fotograficos-abuelos-nietos-938x625.webp 938w, https:\/\/www.carmedeolazabal.cat\/wp-content\/uploads\/2024\/07\/reportajes-fotograficos-abuelos-nietos-1130x753.webp 1130w\" data-sizes=\"(max-width: 1200px) 100vw, 1200px\" srcset=\"https:\/\/www.carmedeolazabal.cat\/wp-content\/uploads\/2024\/07\/reportajes-fotograficos-abuelos-nietos.webp 1200w, https:\/\/www.carmedeolazabal.cat\/wp-content\/uploads\/2024\/07\/reportajes-fotograficos-abuelos-nietos-300x200.webp 300w, https:\/\/www.carmedeolazabal.cat\/wp-content\/uploads\/2024\/07\/reportajes-fotograficos-abuelos-nietos-1024x683.webp 1024w, https:\/\/www.carmedeolazabal.cat\/wp-content\/uploads\/2024\/07\/reportajes-fotograficos-abuelos-nietos-768x512.webp 768w, https:\/\/www.carmedeolazabal.cat\/wp-content\/uploads\/2024\/07\/reportajes-fotograficos-abuelos-nietos-938x625.webp 938w, https:\/\/www.carmedeolazabal.cat\/wp-content\/uploads\/2024\/07\/reportajes-fotograficos-abuelos-nietos-1130x753.webp 1130w\" sizes=\"(max-width: 1200px) 100vw, 1200px\" \/>\n\t<\/div>\n\n<\/div><div class=\"modula-item\" data-width=\"3\" data-height=\"3\" >\n\t<div class=\"modula-item-content\">\n\t\t\n\t\t\t\t\t<a data-image-id=\"18175\" tabindex=\"0\" href=\"https:\/\/www.carmedeolazabal.cat\/wp-content\/uploads\/2024\/07\/sesions-familias-fotos.webp\" rel=\"jtg-17001\" data-caption=\"&lt;p&gt;sesions familias fotos&lt;\/p&gt;\" aria-label=\"Open image in lightbox\" role=\"button\" data-thumb=\"https:\/\/www.carmedeolazabal.cat\/wp-content\/uploads\/2024\/07\/sesions-familias-fotos-150x150.webp\" class=\"tile-inner modula-item-link\"><\/a>\n\t\t\n\t\t<img class=\"pic wp-image-18175 lazyload\"  data-valign=\"middle\" data-halign=\"center\" alt=\"sesions familias fotos\" data-full=\"https:\/\/www.carmedeolazabal.cat\/wp-content\/uploads\/2024\/07\/sesions-familias-fotos.webp\" title=\"sesions familias fotos\" width=\"1200\" height=\"800\" data-src=\"https:\/\/www.carmedeolazabal.cat\/wp-content\/uploads\/2024\/07\/sesions-familias-fotos.webp\" data-caption=\"sesions familias fotos\" data-source=\"modula\" data-srcset=\"https:\/\/www.carmedeolazabal.cat\/wp-content\/uploads\/2024\/07\/sesions-familias-fotos.webp 1200w, https:\/\/www.carmedeolazabal.cat\/wp-content\/uploads\/2024\/07\/sesions-familias-fotos-300x200.webp 300w, https:\/\/www.carmedeolazabal.cat\/wp-content\/uploads\/2024\/07\/sesions-familias-fotos-1024x683.webp 1024w, https:\/\/www.carmedeolazabal.cat\/wp-content\/uploads\/2024\/07\/sesions-familias-fotos-768x512.webp 768w, https:\/\/www.carmedeolazabal.cat\/wp-content\/uploads\/2024\/07\/sesions-familias-fotos-938x625.webp 938w, https:\/\/www.carmedeolazabal.cat\/wp-content\/uploads\/2024\/07\/sesions-familias-fotos-1130x753.webp 1130w\" data-sizes=\"(max-width: 1200px) 100vw, 1200px\" srcset=\"https:\/\/www.carmedeolazabal.cat\/wp-content\/uploads\/2024\/07\/sesions-familias-fotos.webp 1200w, https:\/\/www.carmedeolazabal.cat\/wp-content\/uploads\/2024\/07\/sesions-familias-fotos-300x200.webp 300w, https:\/\/www.carmedeolazabal.cat\/wp-content\/uploads\/2024\/07\/sesions-familias-fotos-1024x683.webp 1024w, https:\/\/www.carmedeolazabal.cat\/wp-content\/uploads\/2024\/07\/sesions-familias-fotos-768x512.webp 768w, https:\/\/www.carmedeolazabal.cat\/wp-content\/uploads\/2024\/07\/sesions-familias-fotos-938x625.webp 938w, https:\/\/www.carmedeolazabal.cat\/wp-content\/uploads\/2024\/07\/sesions-familias-fotos-1130x753.webp 1130w\" sizes=\"(max-width: 1200px) 100vw, 1200px\" \/>\n\t<\/div>\n\n<\/div><div class=\"modula-item\" data-width=\"3\" data-height=\"3\" >\n\t<div class=\"modula-item-content\">\n\t\t\n\t\t\t\t\t<a data-image-id=\"18179\" tabindex=\"0\" href=\"https:\/\/www.carmedeolazabal.cat\/wp-content\/uploads\/2024\/07\/reportajes-nietos-abuelos-fotos.webp\" rel=\"jtg-17001\" data-caption=\"&lt;p&gt;reportajes nietos abuelos fotos&lt;\/p&gt;\" aria-label=\"Open image in lightbox\" role=\"button\" data-thumb=\"https:\/\/www.carmedeolazabal.cat\/wp-content\/uploads\/2024\/07\/reportajes-nietos-abuelos-fotos-150x150.webp\" class=\"tile-inner modula-item-link\"><\/a>\n\t\t\n\t\t<img class=\"pic wp-image-18179 lazyload\"  data-valign=\"middle\" data-halign=\"center\" alt=\"reportajes nietos abuelos fotos\" data-full=\"https:\/\/www.carmedeolazabal.cat\/wp-content\/uploads\/2024\/07\/reportajes-nietos-abuelos-fotos.webp\" title=\"reportajes nietos abuelos fotos\" width=\"1200\" height=\"800\" data-src=\"https:\/\/www.carmedeolazabal.cat\/wp-content\/uploads\/2024\/07\/reportajes-nietos-abuelos-fotos.webp\" data-caption=\"reportajes nietos abuelos fotos\" data-source=\"modula\" data-srcset=\"https:\/\/www.carmedeolazabal.cat\/wp-content\/uploads\/2024\/07\/reportajes-nietos-abuelos-fotos.webp 1200w, https:\/\/www.carmedeolazabal.cat\/wp-content\/uploads\/2024\/07\/reportajes-nietos-abuelos-fotos-300x200.webp 300w, https:\/\/www.carmedeolazabal.cat\/wp-content\/uploads\/2024\/07\/reportajes-nietos-abuelos-fotos-1024x683.webp 1024w, https:\/\/www.carmedeolazabal.cat\/wp-content\/uploads\/2024\/07\/reportajes-nietos-abuelos-fotos-768x512.webp 768w, https:\/\/www.carmedeolazabal.cat\/wp-content\/uploads\/2024\/07\/reportajes-nietos-abuelos-fotos-938x625.webp 938w, https:\/\/www.carmedeolazabal.cat\/wp-content\/uploads\/2024\/07\/reportajes-nietos-abuelos-fotos-1130x753.webp 1130w\" data-sizes=\"(max-width: 1200px) 100vw, 1200px\" srcset=\"https:\/\/www.carmedeolazabal.cat\/wp-content\/uploads\/2024\/07\/reportajes-nietos-abuelos-fotos.webp 1200w, https:\/\/www.carmedeolazabal.cat\/wp-content\/uploads\/2024\/07\/reportajes-nietos-abuelos-fotos-300x200.webp 300w, https:\/\/www.carmedeolazabal.cat\/wp-content\/uploads\/2024\/07\/reportajes-nietos-abuelos-fotos-1024x683.webp 1024w, https:\/\/www.carmedeolazabal.cat\/wp-content\/uploads\/2024\/07\/reportajes-nietos-abuelos-fotos-768x512.webp 768w, https:\/\/www.carmedeolazabal.cat\/wp-content\/uploads\/2024\/07\/reportajes-nietos-abuelos-fotos-938x625.webp 938w, https:\/\/www.carmedeolazabal.cat\/wp-content\/uploads\/2024\/07\/reportajes-nietos-abuelos-fotos-1130x753.webp 1130w\" sizes=\"(max-width: 1200px) 100vw, 1200px\" \/>\n\t<\/div>\n\n<\/div>\t\t\n\t<\/div>\n\n\t\n\t\n\t<script type=\"application\/ld+json\">\n\t{\n\t\t\"@context\": \"http:\/\/schema.org\",\n\t\t\"@type\"   : \"ImageGallery\",\n\t\t\"id\"      : \"https:\/\/www.carmedeolazabal.cat\/ca\/sessions-fotos\/avis-i-nets\/\",\n\t\t\"url\"     : \"https:\/\/www.carmedeolazabal.cat\/ca\/sessions-fotos\/avis-i-nets\/\"\n\t}\n\n\t<\/script>\n\n\t\n<\/div><\/div>\n\n\n\n<div class=\"wp-block-uagb-container uagb-block-4c510406 alignfull uagb-is-root-container\"><div class=\"uagb-container-inner-blocks-wrap\">\n<div class=\"wp-block-uagb-container uagb-block-cde7c7db\">\n<h2 class=\"wp-block-heading has-text-align-center\"><span class=\"ez-toc-section\" id=\"preus-reportatges-avis-i-nets\"><\/span>Preus reportatges avis i n\u00e9ts<span class=\"ez-toc-section-end\"><\/span><\/h2>\n<\/div>\n\n\n\n<div class=\"wp-block-uagb-container uagb-block-33159d23\">\n<div class=\"wp-block-uagb-container columna-precios uagb-block-0a7b35df\">\n<h3 class=\"wp-block-heading has-text-align-center has-medium-font-size\">Mini avis i n\u00e9ts<\/h3>\n\n\n\n<p class=\"has-text-align-center has-text-color has-link-color has-large-font-size wp-elements-70a98ce6c3b82577368ebfba2f2d9cd9\" style=\"color:#763945\"><strong>180\u20ac<\/strong><\/p>\n\n\n\n<p class=\"has-text-align-center\">1 hora de sessi\u00f3 amb atrezzo i un fons<br>10 fotografies en m\u00e0xima qualitat<br>8 fotos editades en Photoshop i revelades<\/p>\n\n\n\n<div class=\"wp-block-uagb-buttons uagb-buttons__outer-wrap uagb-btn__default-btn uagb-btn-tablet__default-btn uagb-btn-mobile__default-btn uagb-block-274c0456\"><div class=\"uagb-buttons__wrap uagb-buttons-layout-wrap \">\n<div class=\"wp-block-uagb-buttons-child uagb-buttons__outer-wrap uagb-block-cbb1c5f9 wp-block-button\"><div class=\"uagb-button__wrapper\"><a class=\"uagb-buttons-repeater wp-block-button__link\" aria-label=\"\" href=\"https:\/\/wa.me\/649295823\" rel=\"nofollow noopener\" target=\"_blank\" role=\"button\"><div class=\"uagb-button__link\">CONSULTA DISPONIBILITAT<\/div><\/a><\/div><\/div>\n<\/div><\/div>\n<\/div>\n\n\n\n<div class=\"wp-block-uagb-container columna-precios uagb-block-41a0e3d0\">\n<h3 class=\"wp-block-heading has-text-align-center has-medium-font-size\">Base avis i n\u00e9ts<\/h3>\n\n\n\n<p class=\"has-text-align-center has-text-color has-link-color has-large-font-size wp-elements-7955453912584fc1eb6155df07d132c3\" style=\"color:#763945\"><strong>205\u20ac<\/strong><\/p>\n\n\n\n<p class=\"has-text-align-center\">1,5 hores de sessi\u00f3 amb atrezzo i diferents decorats<br>25 millors fotografies en m\u00e0xima qualitat<br>Packaging<br>12 fotos editades en Photoshop i revelades<\/p>\n\n\n\n<div class=\"wp-block-uagb-buttons uagb-buttons__outer-wrap uagb-btn__default-btn uagb-btn-tablet__default-btn uagb-btn-mobile__default-btn uagb-block-9f4c7cf8\"><div class=\"uagb-buttons__wrap uagb-buttons-layout-wrap \">\n<div class=\"wp-block-uagb-buttons-child uagb-buttons__outer-wrap uagb-block-193c6558 wp-block-button\"><div class=\"uagb-button__wrapper\"><a class=\"uagb-buttons-repeater wp-block-button__link\" aria-label=\"\" href=\"https:\/\/wa.me\/649295823\" rel=\"nofollow noopener\" target=\"_blank\" role=\"button\"><div class=\"uagb-button__link\">CONSULTA DISPONIBILITAT<\/div><\/a><\/div><\/div>\n<\/div><\/div>\n<\/div>\n\n\n\n<div class=\"wp-block-uagb-container columna-precios uagb-block-4737795f\">\n<h3 class=\"wp-block-heading has-text-align-center has-medium-font-size\">Premium avis i n\u00e9ts<\/h3>\n\n\n\n<p class=\"has-text-align-center has-text-color has-link-color has-large-font-size wp-elements-d1b8b8fcced4caa01e78c9f12808fb52\" style=\"color:#763945\"><strong>245\u20ac<\/strong><\/p>\n\n\n\n<p class=\"has-text-align-center\">2 hores de sessi\u00f3 amb atrezzo i diferents decorats<br>Totes les fotografies en m\u00e0xima qualitat<br>Packaging<br>12 fotos editades en Photoshop i revelades<\/p>\n\n\n\n<div class=\"wp-block-uagb-buttons uagb-buttons__outer-wrap uagb-btn__default-btn uagb-btn-tablet__default-btn uagb-btn-mobile__default-btn uagb-block-e0e01841\"><div class=\"uagb-buttons__wrap uagb-buttons-layout-wrap \">\n<div class=\"wp-block-uagb-buttons-child uagb-buttons__outer-wrap uagb-block-04d290cf wp-block-button\"><div class=\"uagb-button__wrapper\"><a class=\"uagb-buttons-repeater wp-block-button__link\" aria-label=\"\" href=\"https:\/\/wa.me\/649295823\" rel=\"nofollow noopener\" target=\"_blank\" role=\"button\"><div class=\"uagb-button__link\">CONSULTA DISPONIBILITAT<\/div><\/a><\/div><\/div>\n<\/div><\/div>\n<\/div>\n<\/div>\n<\/div><\/div>\n\n\n\n<div class=\"wp-block-uagb-container uagb-block-f85f7bc1 alignfull uagb-is-root-container\">\n<div class=\"wp-block-uagb-container uagb-block-4a9519a0\">\n<div style=\"height:500px\" aria-hidden=\"true\" class=\"wp-block-spacer uag-hide-desktop\"><\/div>\n<\/div>\n\n\n\n<div class=\"wp-block-uagb-container uagb-block-56525542\">\n<h2 class=\"wp-block-heading\"><span class=\"ez-toc-section\" id=\"un-regal-especial-per-als-mes-grans-de-la-familia\"><\/span>Un regal especial per als m\u00e9s grans de la fam\u00edlia<span class=\"ez-toc-section-end\"><\/span><\/h2>\n\n\n\n<p class=\"has-text-color has-link-color wp-elements-59e8c6dc1017973abfc56cc6baaf1e43\" style=\"color:#ffffff\">\u00c9s el regal ideal per als avis en dates significatives. Per a ells, la sessi\u00f3 de fotos \u00e9s una fant\u00e0stica experi\u00e8ncia que gaudiran amb els seus n\u00e9ts, i de la qual en guardaran segur un molt bon record.<\/p>\n\n\n\n<div class=\"wp-block-buttons is-content-justification-left is-layout-flex wp-container-core-buttons-is-layout-fdcfc74e wp-block-buttons-is-layout-flex\">\n<div class=\"wp-block-button\"><a class=\"wp-block-button__link wp-element-button\" href=\"https:\/\/www.carmedeolazabal.cat\/ca\/regalar-sessio-fotos-barcelona\/\">Regalar sessi\u00f3 de fotos<\/a><\/div>\n<\/div>\n<\/div>\n<\/div>\n\n\n\n<div class=\"wp-block-uagb-container uagb-block-e20ad326 alignfull uagb-is-root-container\"><div class=\"uagb-container-inner-blocks-wrap\">\n<h2 class=\"wp-block-heading has-text-align-center\"><span class=\"ez-toc-section\" id=\"opinions\"><\/span>Opinions<span class=\"ez-toc-section-end\"><\/span><\/h2>\n\n\n<div id=\"google-business-reviews-rating-2\" class=\"google-business-reviews-rating gmbrr tile columns three fill fonts carousel\" data-view=\"3\" data-loop=\"4\" data-interval=\"7\">\r\n<ul class=\"listing\">\r\n\t\t<li class=\"rating-5 visible no-date text-first\" data-index=\"0\">\r\n\t\t\t<div class=\"text text-excerpt\"><span class=\"review-snippet\">Sin ninguna duda una gran profesional, a sabido plasmar la idea que quer\u00eda para<\/span> <span class=\"review-more-placeholder\">\u2026 More<\/span><span class=\"review-full-text\"> mi perfil profesional, y a parte del trato agradable que hizo la sesi\u00f3n muy entretenida y din\u00e1mica, la rapidez en la entrega y posterior selecci\u00f3n ha sido muy diligente. Recomendable al 100% me ha faltado tiempo para utilizarlas en mis diferentes perfiles.<br>\n\t\t\t\tMuchas gracias Carmen<\/span><\/div>\r\n\t\t\t<span class=\"author-avatar\"><a href=\"https:\/\/www.google.com\/maps\/contrib\/104320972753440002314\/reviews\" target=\"_blank\" rel=\"nofollow noopener\"><img decoding=\"async\" src=\"https:\/\/lh3.googleusercontent.com\/a-\/ALV-UjVs6VgQu7oieGO29mOqYQMKhmbmTDVVS6NUkrg42JYZJ53N38Y=s128-c0x00000000-cc-rp-mo\" alt=\"Avatar\" title=\"\"><\/a><\/span>\r\n\t\t\t<span class=\"review-meta\">\r\n\t\t\t\t<span class=\"author-name\"><a href=\"https:\/\/www.google.com\/maps\/contrib\/104320972753440002314\/reviews\" target=\"_blank\" rel=\"nofollow noopener\">Jose F B<\/a><\/span>\r\n\t\t\t\t<span class=\"rating\">\u2605\u2605\u2605\u2605\u2605<\/span>\r\n\t\t\t<\/span>\r\n\t\t<\/li>\r\n\t\t<li class=\"rating-5 visible no-date text-first\" data-index=\"1\">\r\n\t\t\t<div class=\"text text-excerpt\"><span class=\"review-snippet\">Gracias Carmen por hacer que una experiencia que nos daba un poco de apuro se<\/span> <span class=\"review-more-placeholder\">\u2026 More<\/span><span class=\"review-full-text\"> haya convertido en un recuerdo inolvidable! Gran profesional, consigui\u00f3 que hasta la peque\u00f1a quisiera posar para las fotos! Tiene mucha mano con los ni\u00f1os y es muy cuidadosa con los detalles. Sin duda, seguro que repetiremos \ud83d\ude42<\/span><\/div>\r\n\t\t\t<span class=\"author-avatar\"><a href=\"https:\/\/www.google.com\/maps\/contrib\/117158638095260320749\/reviews\" target=\"_blank\" rel=\"nofollow noopener\"><img decoding=\"async\" src=\"https:\/\/lh3.googleusercontent.com\/a-\/ALV-UjUa12e1n-VM8K46XloUbtkPzPf4Qby37bUKmVnbyl7eLPoxs-4=s128-c0x00000000-cc-rp-mo\" alt=\"Avatar\" title=\"\"><\/a><\/span>\r\n\t\t\t<span class=\"review-meta\">\r\n\t\t\t\t<span class=\"author-name\"><a href=\"https:\/\/www.google.com\/maps\/contrib\/117158638095260320749\/reviews\" target=\"_blank\" rel=\"nofollow noopener\">Blanca Corcoy De F<\/a><\/span>\r\n\t\t\t\t<span class=\"rating\">\u2605\u2605\u2605\u2605\u2605<\/span>\r\n\t\t\t<\/span>\r\n\t\t<\/li>\r\n\t\t<li class=\"rating-5 visible no-date text-first\" data-index=\"2\">\r\n\t\t\t<div class=\"text text-excerpt\"><span class=\"review-snippet\">Carme nos ha hecho nuestra primera sesi\u00f3n fotogr\u00e1fica en fam\u00edlia para estas<\/span> <span class=\"review-more-placeholder\">\u2026 More<\/span><span class=\"review-full-text\"> Navidades. Ha sido muy profesional y nos ha guiado de maravilla a todos, sobre todo a las dos peques, ha mostrado con ellas mucho cari\u00f1o y paciencia. Las fotos a cual m\u00e1s preciosa, el mejor regalo de Navidad que cualquiera podr\u00eda desear. Os la recomendamos totalmente. Muchas gracias, Carme!!!<\/span><\/div>\r\n\t\t\t<span class=\"author-avatar\"><a href=\"https:\/\/www.google.com\/maps\/contrib\/118206452582847929164\/reviews\" target=\"_blank\" rel=\"nofollow noopener\"><img decoding=\"async\" src=\"https:\/\/lh3.googleusercontent.com\/a-\/ALV-UjV4X2JtELkzGrIGOCisiUyhonSFbMVOnlTomOf35P7Obp1Av3Pq=s128-c0x00000000-cc-rp-mo\" alt=\"Avatar\" title=\"\"><\/a><\/span>\r\n\t\t\t<span class=\"review-meta\">\r\n\t\t\t\t<span class=\"author-name\"><a href=\"https:\/\/www.google.com\/maps\/contrib\/118206452582847929164\/reviews\" target=\"_blank\" rel=\"nofollow noopener\">Ana Clara R<\/a><\/span>\r\n\t\t\t\t<span class=\"rating\">\u2605\u2605\u2605\u2605\u2605<\/span>\r\n\t\t\t<\/span>\r\n\t\t<\/li>\r\n\t\t<li class=\"rating-5 hidden no-date text-first\" data-index=\"3\">\r\n\t\t\t<div class=\"text text-excerpt\"><span class=\"review-snippet\">Una gran profesional que hacen que las sesiones de fotos sean din\u00e1micas y f\u00e1ciles.<\/span> <span class=\"review-more-placeholder\">\u2026 More<\/span><span class=\"review-full-text\"><br>\n\t\t\t\tMe hice mi sesi\u00f3n de embarazada con ella y sin duda la recomiendo 100%.<br>\n\t\t\t\tGracias Carme por hacerlo tan bonito.<\/span><\/div>\r\n\t\t\t<span class=\"author-avatar\"><a href=\"https:\/\/www.google.com\/maps\/contrib\/117653320175581867705\/reviews\" target=\"_blank\" rel=\"nofollow noopener\"><img decoding=\"async\" src=\"https:\/\/lh3.googleusercontent.com\/a\/ACg8ocLZMycAbU1scIMhaFxN_tpCjWww_qy2_V8nVW3uoIU-m2xjIw=s128-c0x00000000-cc-rp-mo\" alt=\"Avatar\" title=\"\"><\/a><\/span>\r\n\t\t\t<span class=\"review-meta\">\r\n\t\t\t\t<span class=\"author-name\"><a href=\"https:\/\/www.google.com\/maps\/contrib\/117653320175581867705\/reviews\" target=\"_blank\" rel=\"nofollow noopener\">Irene U<\/a><\/span>\r\n\t\t\t\t<span class=\"rating\">\u2605\u2605\u2605\u2605\u2605<\/span>\r\n\t\t\t<\/span>\r\n\t\t<\/li>\r\n\t\t<li class=\"rating-5 hidden no-date text-first\" data-index=\"4\">\r\n\t\t\t<div class=\"text text-excerpt\"><span class=\"review-snippet\">Conoc\u00ed a Carme a trav\u00e9s de un concurso que puso en Instagram. Ganamos una sesi\u00f3n<\/span> <span class=\"review-more-placeholder\">\u2026 More<\/span><span class=\"review-full-text\"> de fotos para nuestro beb\u00e9. Carme no es s\u00f3lo una gran fot\u00f3grafa, cuida los detalles y sobre todo, da a los peque\u00f1os el tiempo que necesiten para sentirse c\u00f3modos y sacar su mejor versi\u00f3n.<br>\n\t\t\t\tEs un placer verla trabajar con tanto mimo y dedicaci\u00f3n. Sin duda le encanta su trabajo, y eso se refleja en su trato y en el resultado de sus sesiones.<\/span><\/div>\r\n\t\t\t<span class=\"author-avatar\"><a href=\"https:\/\/www.google.com\/maps\/contrib\/113179552001191643664\/reviews\" target=\"_blank\" rel=\"nofollow noopener\"><img decoding=\"async\" src=\"https:\/\/lh3.googleusercontent.com\/a\/ACg8ocItpBUs89OVHvqO83eSrD8Ue-WQYX9--Du3VG2JMz-eCuU0Ag=s128-c0x00000000-cc-rp-mo\" alt=\"Avatar\" title=\"\"><\/a><\/span>\r\n\t\t\t<span class=\"review-meta\">\r\n\t\t\t\t<span class=\"author-name\"><a href=\"https:\/\/www.google.com\/maps\/contrib\/113179552001191643664\/reviews\" target=\"_blank\" rel=\"nofollow noopener\">Lorena R<\/a><\/span>\r\n\t\t\t\t<span class=\"rating\">\u2605\u2605\u2605\u2605\u2605<\/span>\r\n\t\t\t<\/span>\r\n\t\t<\/li>\r\n\t\t<li class=\"rating-5 hidden no-date text-first\" data-index=\"5\">\r\n\t\t\t<div class=\"text text-excerpt\"><span class=\"review-snippet\">Carme es una gran profesional y su trabajo es de excelente calidad. Es una persona<\/span> <span class=\"review-more-placeholder\">\u2026 More<\/span><span class=\"review-full-text\"> muy cercana y hace que te sientas muy c\u00f3modo en las sesiones de estudio (muy de agradecer a los que no estamos acostumbrados a posar delante de una c\u00e1mara).<\/span><\/div>\r\n\t\t\t<span class=\"author-avatar\"><a href=\"https:\/\/www.google.com\/maps\/contrib\/116220878743327362177\/reviews\" target=\"_blank\" rel=\"nofollow noopener\"><img decoding=\"async\" src=\"https:\/\/lh3.googleusercontent.com\/a-\/ALV-UjXYMmyLP-ZsueRWW5rk5u5hsC6ScWkOtPOPVhPvAPAdYyXLJ1f8=w36-h36-p-rp-mo-ba3-br100\" alt=\"Avatar\" title=\"\"><\/a><\/span>\r\n\t\t\t<span class=\"review-meta\">\r\n\t\t\t\t<span class=\"author-name\"><a href=\"https:\/\/www.google.com\/maps\/contrib\/116220878743327362177\/reviews\" target=\"_blank\" rel=\"nofollow noopener\">Cristian T<\/a><\/span>\r\n\t\t\t\t<span class=\"rating\">\u2605\u2605\u2605\u2605\u2605<\/span>\r\n\t\t\t<\/span>\r\n\t\t<\/li>\r\n\t\t<li class=\"rating-5 hidden no-date text-first\" data-index=\"6\">\r\n\t\t\t<div class=\"text text-excerpt\"><span class=\"review-snippet\">Carme hizo un reportaje de mi hija y una amiga hace un tiempo. Nos ha montado<\/span> <span class=\"review-more-placeholder\">\u2026 More<\/span><span class=\"review-full-text\"> un \u00e1lbum bonito y elegante, muy fino, con unas fotos en su interior preciosas. Un bonito recuerdo y regalo de cumplea\u00f1os \ud83d\ude42<\/span><\/div>\r\n\t\t\t<span class=\"author-avatar\"><a href=\"https:\/\/www.google.com\/maps\/contrib\/103960190138570743257\/reviews\" target=\"_blank\" rel=\"nofollow noopener\"><img decoding=\"async\" src=\"https:\/\/lh3.googleusercontent.com\/a\/ACg8ocJkM8X-9oaNcnWA-wXokyGRs8ne8_jwjlnch5UnXyZSXpBLXQ=w36-h36-p-rp-mo-br100\" alt=\"Avatar\" title=\"\"><\/a><\/span>\r\n\t\t\t<span class=\"review-meta\">\r\n\t\t\t\t<span class=\"author-name\"><a href=\"https:\/\/www.google.com\/maps\/contrib\/103960190138570743257\/reviews\" target=\"_blank\" rel=\"nofollow noopener\">Karen M<\/a><\/span>\r\n\t\t\t\t<span class=\"rating\">\u2605\u2605\u2605\u2605\u2605<\/span>\r\n\t\t\t<\/span>\r\n\t\t<\/li>\r\n\t\t<li class=\"rating-5 hidden no-date text-first\" data-index=\"7\">\r\n\t\t\t<div class=\"text text-excerpt\"><span class=\"review-snippet\">Carme ha hecho una sesi\u00f3n de fotos preciosa a mis 4 hijos. Se adapt\u00f3 a la localizaci\u00f3n<\/span> <span class=\"review-more-placeholder\">\u2026 More<\/span><span class=\"review-full-text\"> que le propusimos y fue fant\u00e1stico. Es muy paciente y muy buena profesional! El resultado un 10!<\/span><\/div>\r\n\t\t\t<span class=\"author-avatar\"><a href=\"https:\/\/www.google.com\/maps\/contrib\/117473184746838766491\/reviews\" target=\"_blank\" rel=\"nofollow noopener\"><img decoding=\"async\" src=\"https:\/\/lh3.googleusercontent.com\/a\/ACg8ocK7KYEKjA_Z55rR5E1l7PTEs_vy8xb4L2IpiJnS2186DbtxzQ=w36-h36-p-rp-mo-br100\" alt=\"Avatar\" title=\"\"><\/a><\/span>\r\n\t\t\t<span class=\"review-meta\">\r\n\t\t\t\t<span class=\"author-name\"><a href=\"https:\/\/www.google.com\/maps\/contrib\/117473184746838766491\/reviews\" target=\"_blank\" rel=\"nofollow noopener\">Ana G<\/a><\/span>\r\n\t\t\t\t<span class=\"rating\">\u2605\u2605\u2605\u2605\u2605<\/span>\r\n\t\t\t<\/span>\r\n\t\t<\/li>\r\n\t\t<li class=\"rating-5 hidden no-date text-first\" data-index=\"8\">\r\n\t\t\t<div class=\"text text-excerpt\"><span class=\"review-snippet\">Hemos hecho una sesi\u00f3n de embarazo y reci\u00e9n nacido con Carme. Una muy buena<\/span> <span class=\"review-more-placeholder\">\u2026 More<\/span><span class=\"review-full-text\"> experiencia, es muy profesional. Te agradecemos el cari\u00f1o y la flexibilidad para lograr las fotos que quer\u00edamos. Muchas gracias por cuidar todos los detalles. El resultado nos encant\u00f3 \ud83d\ude0d\ud83d\ude0d\ud83d\ude0d<\/span><\/div>\r\n\t\t\t<span class=\"author-avatar\"><a href=\"https:\/\/www.google.com\/maps\/contrib\/101409885890701720453\/reviews\" target=\"_blank\" rel=\"nofollow noopener\"><img decoding=\"async\" src=\"https:\/\/lh3.googleusercontent.com\/a\/ACg8ocJcwtU4EiCpmbVnbCGBLqnBh903DFjlejzfRhjUcpglMuxMDw=w36-h36-p-rp-mo-br100\" alt=\"Avatar\" title=\"\"><\/a><\/span>\r\n\t\t\t<span class=\"review-meta\">\r\n\t\t\t\t<span class=\"author-name\"><a href=\"https:\/\/www.google.com\/maps\/contrib\/101409885890701720453\/reviews\" target=\"_blank\" rel=\"nofollow noopener\">Andrea C<\/a><\/span>\r\n\t\t\t\t<span class=\"rating\">\u2605\u2605\u2605\u2605\u2605<\/span>\r\n\t\t\t<\/span>\r\n\t\t<\/li>\r\n\t<\/ul>\r\n\t<ul class=\"navigation\">\t\t<li class=\"bullet current\"><a href=\"#google-business-reviews-rating-2\" data-slide=\"1\">\u25cf<\/a><\/li>\t\t<li class=\"bullet\"><a href=\"#google-business-reviews-rating-2\" data-slide=\"2\">\u25cf<\/a><\/li>\t\t<li class=\"bullet\"><a href=\"#google-business-reviews-rating-2\" data-slide=\"3\">\u25cf<\/a><\/li>\t<\/ul><\/div>\r\n\n\n\n\n<div class=\"wp-block-buttons is-content-justification-center is-layout-flex wp-container-core-buttons-is-layout-16018d1d wp-block-buttons-is-layout-flex\">\n<div class=\"wp-block-button\"><a class=\"wp-block-button__link wp-element-button\" href=\"https:\/\/www.carmedeolazabal.cat\/ca\/opinions\/\">M\u00e9s opinions<\/a><\/div>\n<\/div>\n<\/div><\/div>\n\n\n\n<div class=\"wp-block-uagb-container uagb-block-ae5bda5e alignfull uagb-is-root-container\">\n<div class=\"wp-block-uagb-container uagb-block-07666f24\">\n<div style=\"height:500px\" aria-hidden=\"true\" class=\"wp-block-spacer uag-hide-desktop\"><\/div>\n<\/div>\n\n\n\n<div class=\"wp-block-uagb-container uagb-block-68420f55\">\n<h2 class=\"wp-block-heading\"><span class=\"ez-toc-section\" id=\"al-meu-estudi-de-sant-cugat-o-on-tu-vulguis\"><\/span>Al meu estudi de Sant Cugat o on tu vulguis<span class=\"ez-toc-section-end\"><\/span><\/h2>\n\n\n\n<p class=\"has-text-color has-link-color wp-elements-8f41e71e6ad5b31701bc80f54ab86fd6\" style=\"color:#ffffff\">Realitzar\u00e9 per a vosaltres aquest meravell\u00f3s reportatge on vulguis. Encara que s\u00f3c <a href=\"https:\/\/www.carmedeolazabal.cat\/ca\/\" data-type=\"page\" data-id=\"15146\">fot\u00f2grafa a Sant Cugat<\/a> i tinc el meu estudi a la teva disposici\u00f3, la fotografia exterior d\u00f3na una vida especial a les fotos.<\/p>\n\n\n\n<p class=\"has-text-color has-link-color wp-elements-f78dac6dabfa15d04efc8d86723393b2\" style=\"color:#ffffff\">Igualment, sempre aconsello fer com a m\u00ednim una part del reportatge a l&#8217;estudi. Ens proporciona flexibilitat i originalitat als seus muntatges, a m\u00e9s de neteja i la possibilitat de jugar amb la il\u00b7luminaci\u00f3.<\/p>\n\n\n\n<div class=\"wp-block-buttons is-layout-flex wp-block-buttons-is-layout-flex\">\n<div class=\"wp-block-button\"><a class=\"wp-block-button__link wp-element-button\" href=\"https:\/\/wa.me\/649295823\" target=\"_blank\" rel=\"noopener\">TENS DUBTES?<\/a><\/div>\n<\/div>\n<\/div>\n<\/div>\n\n\n\n<div class=\"wp-block-uagb-container hide-tablet-desktop uagb-block-86f4b236 alignfull uagb-is-root-container\">\n<div class=\"wp-block-uagb-container uagb-block-455846f6\">\n<div style=\"height:500px\" aria-hidden=\"true\" class=\"wp-block-spacer uag-hide-desktop\"><\/div>\n<\/div>\n<\/div>\n\n\n\n<div class=\"wp-block-uagb-container uagb-block-d7f01960 alignfull uagb-is-root-container\">\n<div class=\"wp-block-uagb-container uagb-block-904449c5\">\n<h2 class=\"wp-block-heading\"><span class=\"ez-toc-section\" id=\"mencanta-aquesta-sessio-i-texplico-com-la-farem\"><\/span>M&#8217;encanta aquesta sessi\u00f3 i t&#8217;explico com la farem<span class=\"ez-toc-section-end\"><\/span><\/h2>\n\n\n\n<p>Els <strong>books intergeneracional<\/strong>s, on nens, nadons i adolescents juntament amb els seus avis s\u00f3n molt flexibles. Els adapto a les diferents personalitats i a l&#8217;objectiu que es busca a la sessi\u00f3 fotogr\u00e0fica.<\/p>\n\n\n\n<p>Crec que aquesta sessi\u00f3 agrada tant als avis, perqu\u00e8 aix\u00ed no desapareixen ells dels marcs a mesura que els nens van ocupant el seu espai. A m\u00e9s, poden posar aquestes fotos com a imatge personal del WhatsApp o com a fons al m\u00f2bil.<\/p>\n\n\n\n<p>Quan veniu a veure&#8217;m per preparar la vostra <strong>sessi\u00f3 d&#8217;avis i n\u00e9ts<\/strong>, aconsello l&#8217;estil que es pot donar al vostre reportatge. \u00c9s un moment important per a mi, ja que us conec i m&#8217;agrada explicar-vos el funcionament de les sessions. En realitat sempre intento transmetre que el meu objectiu en un reportatge fotogr\u00e0fic d&#8217;aquest tipus, \u00e9s que obtingueu el record i regal que busqueu.<\/p>\n<\/div>\n\n\n\n<div class=\"wp-block-uagb-container hide-mobile uagb-block-e24866bb\">\n<div style=\"height:500px\" aria-hidden=\"true\" class=\"wp-block-spacer uag-hide-desktop\"><\/div>\n<\/div>\n<\/div>\n\n\n\n<div class=\"wp-block-uagb-container uagb-block-415cc4d8 alignfull uagb-is-root-container\">\n<div class=\"wp-block-uagb-container uagb-block-2c534c94\">\n<div style=\"height:500px\" aria-hidden=\"true\" class=\"wp-block-spacer\"><\/div>\n<\/div>\n\n\n\n<div class=\"wp-block-uagb-container uagb-block-df68672b\">\n<h2 class=\"wp-block-heading\"><span class=\"ez-toc-section\" id=\"formats-i-materials-en-que-et-podre-lliurar-aquest-reportatge\"><\/span>Formats i materials en qu\u00e8 et podr\u00e9 lliurar aquest reportatge<span class=\"ez-toc-section-end\"><\/span><\/h2>\n\n\n\n<p class=\"has-text-color has-link-color wp-elements-ba3498eed50ef95316d4ad20cae2cbe9\" style=\"color:#ffffff\">Quan faig una sessi\u00f3 de fotos d&#8217;avis i n\u00e9ts i estic acabant de preparar el reportatge, sempre penso que els avis s\u00f3n els que gaudeixen m\u00e9s les fotografies en format f\u00edsic, i \u00e9s aix\u00ed. Aquesta \u00e9s una sessi\u00f3 de fotos de la qual estic especialment enamorada; m&#8217;encanta fer aquest reportatge i el gaudeixo tant com els meus clients.<\/p>\n\n\n\n<p class=\"has-text-color has-link-color wp-elements-5a4f0466e752c0ccb781769c39775c3f\" style=\"color:#ffffff\">Sempre t&#8217;entrego la selecci\u00f3 en format digital d&#8217;alta resoluci\u00f3 perqu\u00e8 la conservis.<\/p>\n\n\n\n<p class=\"has-text-color has-link-color wp-elements-bf71069ee6d050d6cb903e5962350580\" style=\"color:#ffffff\">Et proposo, a m\u00e9s, diferents idees per sorprendre els avis i la resta de la fam\u00edlia, i perqu\u00e8 pugueu recordar d&#8217;una manera especial aquest reportatge amb el temps:<\/p>\n\n\n\n<ol style=\"color:#ffffff\" class=\"wp-block-list has-text-color has-link-color wp-elements-887efa1d414c49a1389b3e775d8e4aea\">\n<li>\u00c0lbum personalitzat amb les millors fotografies. Aqu\u00ed fins i tot pots consultar opcions si et fa il\u00b7lusi\u00f3 fer m\u00e9s d&#8217;una c\u00f2pia.<\/li>\n\n\n\n<li>Calendari familiar per a l&#8217;any vinent. Segur que \u00e9s una cosa que gaudireu a casa i els avis tamb\u00e9.<\/li>\n\n\n\n<li>Un acabat tipus llen\u00e7 amb la millor fotografia, que segur que els encantar\u00e0 i li trobaran un lloc a una paret de casa seva.<\/li>\n\n\n\n<li>Un acabat per renovar sobre algun moble, com un metacrilat amb la millor fotografia o un fotocristall de 20 mm, etc.<\/li>\n<\/ol>\n\n\n\n<p class=\"has-text-color has-link-color wp-elements-4c4ce788b5fbf64d8468aabf4585102e\" style=\"color:#ffffff\">Amb aquesta sessi\u00f3 sempre t&#8217;entrego material de fotos molt variat, que t&#8217;encantar\u00e0 tenir a la vista i recordar sempre amb algun acabat en format f\u00edsic.<\/p>\n\n\n\n<p class=\"has-text-color has-link-color wp-elements-b886c020974f57b600fbb530d16def38\" style=\"color:#ffffff\">Ja tens alguna cosa pensada?<\/p>\n<\/div>\n<\/div>\n\n\n\n<div class=\"wp-block-uagb-container cta uagb-layout-flex uagb-block-2155f30e alignfull uagb-is-root-container\">\n<p class=\"has-text-align-center has-text-color has-link-color has-large-font-size wp-elements-da68d636c617e88b0f9e56210aa82a25\" style=\"color:#ffffff\">Tens cap dubte? Contacta&#8217;m<\/p>\n\n\n\n<div class=\"wp-block-buttons alignfull is-content-justification-center is-layout-flex wp-container-core-buttons-is-layout-16018d1d wp-block-buttons-is-layout-flex\">\n<div class=\"wp-block-button has-custom-width wp-block-button__width-50 button-cta\"><a class=\"wp-block-button__link wp-element-button\" href=\"https:\/\/wa.me\/649295823\" target=\"_blank\" rel=\"noopener\">TENS DUBTES?<\/a><\/div>\n<\/div>\n<\/div>\n\n\n\n<div class=\"wp-block-uagb-container uagb-block-15d5d8ba alignfull uagb-is-root-container\"><div class=\"uagb-container-inner-blocks-wrap\">\n<h2 class=\"wp-block-heading has-text-align-center\"><span class=\"ez-toc-section\" id=\"preguntes-frequents\"><\/span>Preguntes freq\u00fcents<span class=\"ez-toc-section-end\"><\/span><\/h2>\n\n\n<div class=\"wp-block-uagb-faq uagb-faq__outer-wrap uagb-block-5f8c6c5e uagb-faq-icon-row-reverse uagb-faq-layout-accordion uagb-faq-expand-first-false uagb-faq-inactive-other-true uagb-faq__wrap uagb-buttons-layout-wrap uagb-faq-equal-height     \" data-faqtoggle=\"true\" role=\"tablist\"><div class=\"wp-block-uagb-faq-child uagb-faq-child__outer-wrap uagb-faq-item uagb-block-81423f9f wp-block-uagb-faq-child uagb-faq-child__outer-wrap uagb-faq-item uagb-block-81423f9f\" role=\"tab\" tabindex=\"0\"><div class=\"uagb-faq-questions-button uagb-faq-questions\">\t\t\t<span class=\"uagb-icon uagb-faq-icon-wrap\">\n\t\t\t\t\t\t\t\t<svg xmlns=\"https:\/\/www.w3.org\/2000\/svg\" viewBox= \"0 0 448 512\"><path d=\"M432 256c0 17.69-14.33 32.01-32 32.01H256v144c0 17.69-14.33 31.99-32 31.99s-32-14.3-32-31.99v-144H48c-17.67 0-32-14.32-32-32.01s14.33-31.99 32-31.99H192v-144c0-17.69 14.33-32.01 32-32.01s32 14.32 32 32.01v144h144C417.7 224 432 238.3 432 256z\"><\/path><\/svg>\n\t\t\t\t\t\t\t<\/span>\n\t\t\t\t\t\t<span class=\"uagb-icon-active uagb-faq-icon-wrap\">\n\t\t\t\t\t\t\t\t<svg xmlns=\"https:\/\/www.w3.org\/2000\/svg\" viewBox= \"0 0 448 512\"><path d=\"M400 288h-352c-17.69 0-32-14.32-32-32.01s14.31-31.99 32-31.99h352c17.69 0 32 14.3 32 31.99S417.7 288 400 288z\"><\/path><\/svg>\n\t\t\t\t\t\t\t<\/span>\n\t\t\t<h3 class=\"uagb-question\">En qu\u00e8 consisteix aquesta sessi\u00f3 de fotos?<\/h3><\/div><div class=\"uagb-faq-content\"><p>Aquest reportatge busca reunir els avis, els n\u00e9ts i de vegades tamb\u00e9 es colen els fills per compartir una fant\u00e0stica experi\u00e8ncia junts. Durant una hora compartiran un o diversos escenaris i intercalar\u00e9 els diferents membres de la fam\u00edlia per poder capturar les seves rialles i els seus posats.<\/p><\/div><\/div><div class=\"wp-block-uagb-faq-child uagb-faq-child__outer-wrap uagb-faq-item uagb-block-f575aaf7 wp-block-uagb-faq-child uagb-faq-child__outer-wrap uagb-faq-item uagb-block-f575aaf7\" role=\"tab\" tabindex=\"0\"><div class=\"uagb-faq-questions-button uagb-faq-questions\">\t\t\t<span class=\"uagb-icon uagb-faq-icon-wrap\">\n\t\t\t\t\t\t\t\t<svg xmlns=\"https:\/\/www.w3.org\/2000\/svg\" viewBox= \"0 0 448 512\"><path d=\"M432 256c0 17.69-14.33 32.01-32 32.01H256v144c0 17.69-14.33 31.99-32 31.99s-32-14.3-32-31.99v-144H48c-17.67 0-32-14.32-32-32.01s14.33-31.99 32-31.99H192v-144c0-17.69 14.33-32.01 32-32.01s32 14.32 32 32.01v144h144C417.7 224 432 238.3 432 256z\"><\/path><\/svg>\n\t\t\t\t\t\t\t<\/span>\n\t\t\t\t\t\t<span class=\"uagb-icon-active uagb-faq-icon-wrap\">\n\t\t\t\t\t\t\t\t<svg xmlns=\"https:\/\/www.w3.org\/2000\/svg\" viewBox= \"0 0 448 512\"><path d=\"M400 288h-352c-17.69 0-32-14.32-32-32.01s14.31-31.99 32-31.99h352c17.69 0 32 14.3 32 31.99S417.7 288 400 288z\"><\/path><\/svg>\n\t\t\t\t\t\t\t<\/span>\n\t\t\t<h3 class=\"uagb-question\">On es pot localitzar la sessi\u00f3?<\/h3><\/div><div class=\"uagb-faq-content\"><p>La localitzaci\u00f3 pot ser a l&#8217;aire lliure, en un lloc concret que us puc recomanar o que tingueu al cap, i tamb\u00e9 pot ser al meu Estudi.<\/p><\/div><\/div><div class=\"wp-block-uagb-faq-child uagb-faq-child__outer-wrap uagb-faq-item uagb-block-d9917865 wp-block-uagb-faq-child uagb-faq-child__outer-wrap uagb-faq-item uagb-block-f575aaf7\" role=\"tab\" tabindex=\"0\"><div class=\"uagb-faq-questions-button uagb-faq-questions\">\t\t\t<span class=\"uagb-icon uagb-faq-icon-wrap\">\n\t\t\t\t\t\t\t\t<svg xmlns=\"https:\/\/www.w3.org\/2000\/svg\" viewBox= \"0 0 448 512\"><path d=\"M432 256c0 17.69-14.33 32.01-32 32.01H256v144c0 17.69-14.33 31.99-32 31.99s-32-14.3-32-31.99v-144H48c-17.67 0-32-14.32-32-32.01s14.33-31.99 32-31.99H192v-144c0-17.69 14.33-32.01 32-32.01s32 14.32 32 32.01v144h144C417.7 224 432 238.3 432 256z\"><\/path><\/svg>\n\t\t\t\t\t\t\t<\/span>\n\t\t\t\t\t\t<span class=\"uagb-icon-active uagb-faq-icon-wrap\">\n\t\t\t\t\t\t\t\t<svg xmlns=\"https:\/\/www.w3.org\/2000\/svg\" viewBox= \"0 0 448 512\"><path d=\"M400 288h-352c-17.69 0-32-14.32-32-32.01s14.31-31.99 32-31.99h352c17.69 0 32 14.3 32 31.99S417.7 288 400 288z\"><\/path><\/svg>\n\t\t\t\t\t\t\t<\/span>\n\t\t\t<h3 class=\"uagb-question\">Com funciona aqu\u00ed el tema del vestidor?<\/h3><\/div><div class=\"uagb-faq-content\"><p>En aquesta sessi\u00f3 sempre heu de tenir en compte que hi ha moltes fotografies grupals. Aix\u00f2 implica que hem de coordinar b\u00e9 els colors de vestuari i fons a la fotografia. Sempre et recomano que us poseu d&#8217;acord amb els colors del vestidor, sempre colors complementaris. No recomano els estampats i logos a la roba per a aquest tipus d&#8217;imatges.<\/p><\/div><\/div><div class=\"wp-block-uagb-faq-child uagb-faq-child__outer-wrap uagb-faq-item uagb-block-949cab84 wp-block-uagb-faq-child uagb-faq-child__outer-wrap uagb-faq-item uagb-block-f575aaf7\" role=\"tab\" tabindex=\"0\"><div class=\"uagb-faq-questions-button uagb-faq-questions\">\t\t\t<span class=\"uagb-icon uagb-faq-icon-wrap\">\n\t\t\t\t\t\t\t\t<svg xmlns=\"https:\/\/www.w3.org\/2000\/svg\" viewBox= \"0 0 448 512\"><path d=\"M432 256c0 17.69-14.33 32.01-32 32.01H256v144c0 17.69-14.33 31.99-32 31.99s-32-14.3-32-31.99v-144H48c-17.67 0-32-14.32-32-32.01s14.33-31.99 32-31.99H192v-144c0-17.69 14.33-32.01 32-32.01s32 14.32 32 32.01v144h144C417.7 224 432 238.3 432 256z\"><\/path><\/svg>\n\t\t\t\t\t\t\t<\/span>\n\t\t\t\t\t\t<span class=\"uagb-icon-active uagb-faq-icon-wrap\">\n\t\t\t\t\t\t\t\t<svg xmlns=\"https:\/\/www.w3.org\/2000\/svg\" viewBox= \"0 0 448 512\"><path d=\"M400 288h-352c-17.69 0-32-14.32-32-32.01s14.31-31.99 32-31.99h352c17.69 0 32 14.3 32 31.99S417.7 288 400 288z\"><\/path><\/svg>\n\t\t\t\t\t\t\t<\/span>\n\t\t\t<h3 class=\"uagb-question\">Podr\u00e9 tenir fotografies dels n\u00e9ts sols i dels avis individuals?<\/h3><\/div><div class=\"uagb-faq-content\"><p>S\u00ed que les faig i a m\u00e9s em pots comentar el que els fa especial il\u00b7lusi\u00f3 del reportatge.<\/p><\/div><\/div><\/div><\/div><\/div>\n","protected":false},"excerpt":{"rendered":"<p>Sessi\u00f3 de fotos d&#8217;avis i n\u00e9ts Hi ha un tipus de sessi\u00f3 molt especial i que m&#8217;encanta fotografiar, \u00e9s la sessi\u00f3 de fotos de nens [&hellip;]<\/p>\n","protected":false},"author":5,"featured_media":16999,"parent":18646,"menu_order":0,"comment_status":"closed","ping_status":"closed","template":"","meta":{"_uag_custom_page_level_css":"","_joinchat":[],"footnotes":""},"class_list":["post-897","page","type-page","status-publish","has-post-thumbnail","hentry"],"uagb_featured_image_src":{"full":["https:\/\/www.carmedeolazabal.cat\/wp-content\/uploads\/2024\/06\/sesion-fotos-abuelos-nietos-sant-cugat.webp",2000,1333,false],"thumbnail":["https:\/\/www.carmedeolazabal.cat\/wp-content\/uploads\/2024\/06\/sesion-fotos-abuelos-nietos-sant-cugat-150x150.webp",150,150,true],"medium":["https:\/\/www.carmedeolazabal.cat\/wp-content\/uploads\/2024\/06\/sesion-fotos-abuelos-nietos-sant-cugat-300x200.webp",300,200,true],"medium_large":["https:\/\/www.carmedeolazabal.cat\/wp-content\/uploads\/2024\/06\/sesion-fotos-abuelos-nietos-sant-cugat-768x512.webp",768,512,true],"large":["https:\/\/www.carmedeolazabal.cat\/wp-content\/uploads\/2024\/06\/sesion-fotos-abuelos-nietos-sant-cugat-1024x682.webp",1024,682,true],"1536x1536":["https:\/\/www.carmedeolazabal.cat\/wp-content\/uploads\/2024\/06\/sesion-fotos-abuelos-nietos-sant-cugat-1536x1024.webp",1536,1024,true],"2048x2048":["https:\/\/www.carmedeolazabal.cat\/wp-content\/uploads\/2024\/06\/sesion-fotos-abuelos-nietos-sant-cugat.webp",2000,1333,false],"ultp_layout_landscape_large":["https:\/\/www.carmedeolazabal.cat\/wp-content\/uploads\/2024\/06\/sesion-fotos-abuelos-nietos-sant-cugat.webp",1200,800,false],"ultp_layout_landscape":["https:\/\/www.carmedeolazabal.cat\/wp-content\/uploads\/2024\/06\/sesion-fotos-abuelos-nietos-sant-cugat.webp",855,570,false],"ultp_layout_portrait":["https:\/\/www.carmedeolazabal.cat\/wp-content\/uploads\/2024\/06\/sesion-fotos-abuelos-nietos-sant-cugat.webp",600,400,false],"ultp_layout_square":["https:\/\/www.carmedeolazabal.cat\/wp-content\/uploads\/2024\/06\/sesion-fotos-abuelos-nietos-sant-cugat.webp",600,400,false],"authorship-box-avatar":["https:\/\/www.carmedeolazabal.cat\/wp-content\/uploads\/2024\/06\/sesion-fotos-abuelos-nietos-sant-cugat.webp",150,100,false],"authorship-box-related":["https:\/\/www.carmedeolazabal.cat\/wp-content\/uploads\/2024\/06\/sesion-fotos-abuelos-nietos-sant-cugat.webp",70,47,false],"post-thumbnail":["https:\/\/www.carmedeolazabal.cat\/wp-content\/uploads\/2024\/06\/sesion-fotos-abuelos-nietos-sant-cugat-938x625.webp",938,625,true],"getwid_base-cropped":["https:\/\/www.carmedeolazabal.cat\/wp-content\/uploads\/2024\/06\/sesion-fotos-abuelos-nietos-sant-cugat-938x552.webp",938,552,true],"getwid_base-large":["https:\/\/www.carmedeolazabal.cat\/wp-content\/uploads\/2024\/06\/sesion-fotos-abuelos-nietos-sant-cugat-1130x753.webp",1130,753,true]},"uagb_author_info":{"display_name":"Carme De Olazabal","author_link":"https:\/\/www.carmedeolazabal.cat\/ca\/author\/carme\/"},"uagb_comment_info":0,"uagb_excerpt":"Sessi\u00f3 de fotos d&#8217;avis i n\u00e9ts Hi ha un tipus de sessi\u00f3 molt especial i que m&#8217;encanta fotografiar, \u00e9s la sessi\u00f3 de fotos de nens [&hellip;]","rttpg_featured_image_url":{"full":["https:\/\/www.carmedeolazabal.cat\/wp-content\/uploads\/2024\/06\/sesion-fotos-abuelos-nietos-sant-cugat.webp",2000,1333,false],"landscape":["https:\/\/www.carmedeolazabal.cat\/wp-content\/uploads\/2024\/06\/sesion-fotos-abuelos-nietos-sant-cugat.webp",2000,1333,false],"portraits":["https:\/\/www.carmedeolazabal.cat\/wp-content\/uploads\/2024\/06\/sesion-fotos-abuelos-nietos-sant-cugat.webp",2000,1333,false],"thumbnail":["https:\/\/www.carmedeolazabal.cat\/wp-content\/uploads\/2024\/06\/sesion-fotos-abuelos-nietos-sant-cugat-150x150.webp",150,150,true],"medium":["https:\/\/www.carmedeolazabal.cat\/wp-content\/uploads\/2024\/06\/sesion-fotos-abuelos-nietos-sant-cugat-300x200.webp",300,200,true],"large":["https:\/\/www.carmedeolazabal.cat\/wp-content\/uploads\/2024\/06\/sesion-fotos-abuelos-nietos-sant-cugat-1024x682.webp",1024,682,true],"1536x1536":["https:\/\/www.carmedeolazabal.cat\/wp-content\/uploads\/2024\/06\/sesion-fotos-abuelos-nietos-sant-cugat-1536x1024.webp",1536,1024,true],"2048x2048":["https:\/\/www.carmedeolazabal.cat\/wp-content\/uploads\/2024\/06\/sesion-fotos-abuelos-nietos-sant-cugat.webp",2000,1333,false],"ultp_layout_landscape_large":["https:\/\/www.carmedeolazabal.cat\/wp-content\/uploads\/2024\/06\/sesion-fotos-abuelos-nietos-sant-cugat.webp",1200,800,false],"ultp_layout_landscape":["https:\/\/www.carmedeolazabal.cat\/wp-content\/uploads\/2024\/06\/sesion-fotos-abuelos-nietos-sant-cugat.webp",855,570,false],"ultp_layout_portrait":["https:\/\/www.carmedeolazabal.cat\/wp-content\/uploads\/2024\/06\/sesion-fotos-abuelos-nietos-sant-cugat.webp",600,400,false],"ultp_layout_square":["https:\/\/www.carmedeolazabal.cat\/wp-content\/uploads\/2024\/06\/sesion-fotos-abuelos-nietos-sant-cugat.webp",600,400,false],"authorship-box-avatar":["https:\/\/www.carmedeolazabal.cat\/wp-content\/uploads\/2024\/06\/sesion-fotos-abuelos-nietos-sant-cugat.webp",150,100,false],"authorship-box-related":["https:\/\/www.carmedeolazabal.cat\/wp-content\/uploads\/2024\/06\/sesion-fotos-abuelos-nietos-sant-cugat.webp",70,47,false],"post-thumbnail":["https:\/\/www.carmedeolazabal.cat\/wp-content\/uploads\/2024\/06\/sesion-fotos-abuelos-nietos-sant-cugat-938x625.webp",938,625,true],"getwid_base-cropped":["https:\/\/www.carmedeolazabal.cat\/wp-content\/uploads\/2024\/06\/sesion-fotos-abuelos-nietos-sant-cugat-938x552.webp",938,552,true],"getwid_base-large":["https:\/\/www.carmedeolazabal.cat\/wp-content\/uploads\/2024\/06\/sesion-fotos-abuelos-nietos-sant-cugat-1130x753.webp",1130,753,true]},"rttpg_author":{"display_name":"Carme De Olazabal","author_link":"https:\/\/www.carmedeolazabal.cat\/ca\/author\/carme\/"},"rttpg_comment":0,"rttpg_category":" <a href=\"https:\/\/www.carmedeolazabal.cat\/ca\/?taxonomy=translation_priority&#038;term=opcional-ca\" rel=\"tag\">Opcional<\/a><a href=\"https:\/\/www.carmedeolazabal.cat\/ca\/?taxonomy=translation_priority&#038;term=opcional-ca-176\" rel=\"tag\">Opcional<\/a><a href=\"https:\/\/www.carmedeolazabal.cat\/ca\/?taxonomy=translation_priority&#038;term=optional\" rel=\"tag\">Optional<\/a>","rttpg_excerpt":"Sessi\u00f3 de fotos d&#8217;avis i n\u00e9ts Hi ha un tipus de sessi\u00f3 molt especial i que m&#8217;encanta fotografiar, \u00e9s la sessi\u00f3 de fotos de nens [&hellip;]","_links":{"self":[{"href":"https:\/\/www.carmedeolazabal.cat\/ca\/wp-json\/wp\/v2\/pages\/897","targetHints":{"allow":["GET"]}}],"collection":[{"href":"https:\/\/www.carmedeolazabal.cat\/ca\/wp-json\/wp\/v2\/pages"}],"about":[{"href":"https:\/\/www.carmedeolazabal.cat\/ca\/wp-json\/wp\/v2\/types\/page"}],"author":[{"embeddable":true,"href":"https:\/\/www.carmedeolazabal.cat\/ca\/wp-json\/wp\/v2\/users\/5"}],"replies":[{"embeddable":true,"href":"https:\/\/www.carmedeolazabal.cat\/ca\/wp-json\/wp\/v2\/comments?post=897"}],"version-history":[{"count":13,"href":"https:\/\/www.carmedeolazabal.cat\/ca\/wp-json\/wp\/v2\/pages\/897\/revisions"}],"predecessor-version":[{"id":19550,"href":"https:\/\/www.carmedeolazabal.cat\/ca\/wp-json\/wp\/v2\/pages\/897\/revisions\/19550"}],"up":[{"embeddable":true,"href":"https:\/\/www.carmedeolazabal.cat\/ca\/wp-json\/wp\/v2\/pages\/18646"}],"wp:featuredmedia":[{"embeddable":true,"href":"https:\/\/www.carmedeolazabal.cat\/ca\/wp-json\/wp\/v2\/media\/16999"}],"wp:attachment":[{"href":"https:\/\/www.carmedeolazabal.cat\/ca\/wp-json\/wp\/v2\/media?parent=897"}],"curies":[{"name":"wp","href":"https:\/\/api.w.org\/{rel}","templated":true}]}}