{"id":17137,"date":"2024-06-14T09:25:42","date_gmt":"2024-06-14T07:25:42","guid":{"rendered":"https:\/\/www.carmedeolazabal.cat\/?page_id=17137"},"modified":"2024-08-07T13:47:19","modified_gmt":"2024-08-07T11:47:19","slug":"regalar-sesion-fotos-barcelona","status":"publish","type":"page","link":"https:\/\/www.carmedeolazabal.cat\/es\/regalar-sesion-fotos-barcelona\/","title":{"rendered":"Foto regalo"},"content":{"rendered":"\n<div class=\"wp-block-group alignfull\"><div class=\"wp-block-group__inner-container is-layout-constrained wp-block-group-is-layout-constrained\">\n<div class=\"wp-block-cover alignfull\" style=\"min-height:80vh;aspect-ratio:unset;\"><span aria-hidden=\"true\" class=\"wp-block-cover__background has-black-background-color has-background-dim-0 has-background-dim\"><\/span><img loading=\"lazy\" decoding=\"async\" width=\"1200\" height=\"800\" class=\"wp-block-cover__image-background wp-image-16560\" alt=\"foto regalo\" src=\"https:\/\/www.carmedeolazabal.cat\/wp-content\/uploads\/2024\/06\/foto-regalo.webp\" data-object-fit=\"cover\" title=\"\" srcset=\"https:\/\/www.carmedeolazabal.cat\/wp-content\/uploads\/2024\/06\/foto-regalo.webp 1200w, https:\/\/www.carmedeolazabal.cat\/wp-content\/uploads\/2024\/06\/foto-regalo-300x200.webp 300w, https:\/\/www.carmedeolazabal.cat\/wp-content\/uploads\/2024\/06\/foto-regalo-1024x683.webp 1024w, https:\/\/www.carmedeolazabal.cat\/wp-content\/uploads\/2024\/06\/foto-regalo-768x512.webp 768w, https:\/\/www.carmedeolazabal.cat\/wp-content\/uploads\/2024\/06\/foto-regalo-938x625.webp 938w, https:\/\/www.carmedeolazabal.cat\/wp-content\/uploads\/2024\/06\/foto-regalo-1130x753.webp 1130w\" sizes=\"auto, (max-width: 1200px) 100vw, 1200px\" \/><div class=\"wp-block-cover__inner-container is-layout-flow wp-block-cover-is-layout-flow\">\n<div class=\"wp-block-group has-text-color has-link-color wp-elements-ba9b7828a1089f773d05cfb7befa5af8\" style=\"color:#ffffff\"><div class=\"wp-block-group__inner-container is-layout-constrained wp-block-group-is-layout-constrained\">\n<div class=\"wp-block-columns is-layout-flex wp-container-core-columns-is-layout-9d6595d7 wp-block-columns-is-layout-flex\">\n<div class=\"wp-block-column is-layout-flow wp-block-column-is-layout-flow\" style=\"flex-basis:100%\"><\/div>\n<\/div>\n<\/div><\/div>\n<\/div><\/div>\n\n\n\n<div class=\"wp-block-uagb-container uagb-block-3332d5a2 alignfull uagb-is-root-container\"><div class=\"uagb-container-inner-blocks-wrap\">\n<h1 class=\"wp-block-heading has-text-align-center\">Regala una sesi\u00f3n de fotos<\/h1>\n\n\n\n<p class=\"has-text-align-center\">Regalar una experiencia fotogr\u00e1fica es regalar una sesi\u00f3n de fotos para compartir y disfrutar a solas, o bien acompa\u00f1ado, y como resultado obtener unas preciosas im\u00e1genes para toda la vida.<\/p>\n\n\n\n<p class=\"has-text-align-center\">Estoy segura de que en muchas ocasiones te encuentras plante\u00e1ndote diferentes opciones de regalo especial para alguien y acabas repitiendo o comprando algo que realmente no te convence. Una sesi\u00f3n de fotos siempre es \u00fanica, un detalle totalmente personalizado, con el que no puedes equivocarte ni en la talla ni en el color.<\/p>\n<\/div><\/div>\n\n\n\n<div class=\"wp-block-uagb-container uagb-block-f85f7bc1 alignfull uagb-is-root-container\">\n<div class=\"wp-block-uagb-container uagb-block-4a9519a0\">\n<div style=\"height:500px\" aria-hidden=\"true\" class=\"wp-block-spacer uag-hide-desktop\"><\/div>\n<\/div>\n\n\n\n<div class=\"wp-block-uagb-container uagb-block-56525542\">\n<h2 class=\"wp-block-heading\">Sant Cugat del Vall\u00e8s, Barcelona o d\u00f3nde tu me digas<\/h2>\n\n\n\n<p class=\"has-text-color has-link-color wp-elements-0cf991b059ed1bf6b0343b3ea9dab9a6\" style=\"color:#ffffff\">Regala una sesi\u00f3n de fotos en mi estudio de Sant Cugat, en exteriores de toda Barcelona provincia o donde m\u00e1s te guste.<\/p>\n\n\n\n<p class=\"has-text-color has-link-color wp-elements-b649845735e4d34749a319f88402383e\" style=\"color:#ffffff\">Siempre hay momentos importantes en la vida que no pueden faltar en el \u00e1lbum de las personas que quieres.<\/p>\n\n\n\n<p class=\"has-text-color has-link-color wp-elements-373c00c91bffe31ce39cdcb37cad761e\" style=\"color:#ffffff\">Juntas encontraremos el sitio m\u00e1s adecuado y el tipo de reportaje que m\u00e1s se ajuste a lo que tengas pensado.<\/p>\n<\/div>\n<\/div>\n\n\n\n<div class=\"wp-block-uagb-container cta uagb-layout-flex uagb-block-3aa59616 alignfull uagb-is-root-container\">\n<p class=\"has-text-align-center has-text-color has-link-color has-large-font-size wp-elements-201bb090362296f8e3b9b56f8c282361\" style=\"color:#ffffff\">\u00bfQuieres regalar una experiencia \u00fanica?<\/p>\n\n\n\n<div class=\"wp-block-buttons alignfull is-content-justification-center is-layout-flex wp-container-core-buttons-is-layout-16018d1d wp-block-buttons-is-layout-flex\">\n<div class=\"wp-block-button has-custom-width wp-block-button__width-50 button-cta\"><a class=\"wp-block-button__link wp-element-button\" href=\"https:\/\/wa.me\/649295823\" target=\"_blank\" rel=\"noopener\">Cont\u00e1ctame<\/a><\/div>\n<\/div>\n<\/div>\n\n\n\n<div class=\"wp-block-uagb-container hide-tablet-desktop uagb-block-86f4b236 alignfull uagb-is-root-container\">\n<div class=\"wp-block-uagb-container uagb-block-455846f6\">\n<div style=\"height:500px\" aria-hidden=\"true\" class=\"wp-block-spacer uag-hide-desktop\"><\/div>\n<\/div>\n<\/div>\n\n\n\n<div class=\"wp-block-uagb-container uagb-block-d7f01960 alignfull uagb-is-root-container\">\n<div class=\"wp-block-uagb-container uagb-block-904449c5\">\n<h2 class=\"wp-block-heading\">Regala una experiencia fotogr\u00e1fica para toda la familia<\/h2>\n\n\n\n<p class=\"has-text-align-left\">Regalar o regalarte una sesi\u00f3n de fotos para toda la familia siempre ser\u00e1 una experiencia inolvidable.<\/p>\n\n\n\n<h3 class=\"wp-block-heading\">Embarazo<\/h3>\n\n\n\n<p>El primer momento es en la sesi\u00f3n de embarazo, es una fant\u00e1stica forma de hacer sentir a la futura mami protagonista y capturar sus sentimientos en este momento tan especial para ella y su pareja.<\/p>\n\n\n\n<h3 class=\"wp-block-heading\">Beb\u00e9s y ni\u00f1os<\/h3>\n\n\n\n<p>Desde los reci\u00e9n Nacidos y durante los primeros a\u00f1os de un ni\u00f1o, cada momento y cada expresi\u00f3n es \u00fanica y un recuerdo invaluable.<\/p>\n\n\n\n<h3 class=\"wp-block-heading\">Cumplea\u00f1os y aniversarios<\/h3>\n\n\n\n<p>Es uno de los mejores momentos para regalar una sesi\u00f3n de fotograf\u00edas personalizada. Seguro que ser\u00e1 un regalo perfecto.<\/p>\n\n\n\n<h3 class=\"wp-block-heading\">D\u00eda del padre y de la madre<\/h3>\n\n\n\n<p>Es un regalo emotivo y significativo para celebrar esta fecha del calendario tan especial.<\/p>\n<\/div>\n\n\n\n<div class=\"wp-block-uagb-container hide-mobile uagb-block-e24866bb\">\n<div style=\"height:500px\" aria-hidden=\"true\" class=\"wp-block-spacer uag-hide-desktop\"><\/div>\n<\/div>\n<\/div>\n\n\n\n<div class=\"wp-block-uagb-container uagb-block-415cc4d8 alignfull uagb-is-root-container\">\n<div class=\"wp-block-uagb-container uagb-block-2c534c94\">\n<div style=\"height:500px\" aria-hidden=\"true\" class=\"wp-block-spacer\"><\/div>\n<\/div>\n\n\n\n<div class=\"wp-block-uagb-container uagb-block-df68672b\">\n<h3 class=\"wp-block-heading\">Bodas<\/h3>\n\n\n\n<p class=\"has-text-color has-link-color wp-elements-8a060b8455e1c1d02d06b634caa56753\" style=\"color:#ffffff\">Si tienes que hacer un regalo a una pareja que te ha invitado a su boda, seguro que puedes preguntarle si un Reportaje le puede hacer ilusi\u00f3n. Puedes escoger entre una sesi\u00f3n Preboda, una Postboda o incluso el Reportaje del mismo d\u00eda de la celebraci\u00f3n.<\/p>\n\n\n\n<h3 class=\"wp-block-heading\">Graduaci\u00f3n<\/h3>\n\n\n\n<p class=\"has-text-color has-link-color wp-elements-e5449e52904e4e59657ed0f905daa324\" style=\"color:#ffffff\">Hacer un regalo para premiar el esfuerzo y la dedicaci\u00f3n de una forma especial es una fant\u00e1stica idea con la que seguro sorprendes. \u00bfQu\u00e9 te parece?<\/p>\n\n\n\n<h3 class=\"wp-block-heading\">Abuelos y nietos<\/h3>\n\n\n\n<p class=\"has-text-color has-link-color wp-elements-93110c85de7850e5c6b4190c4553942c\" style=\"color:#ffffff\">Regalo estrella para los abuelos de la familia. Este es el mejor regalo que le puedes hacer al abuelo o la abuela de la familia. \u00bfQu\u00e9 te parece si re\u00fanes a todos los nietos para compartir con ellos una sesi\u00f3n de fotos? Ser\u00e1 un rato de risas y de compartir emociones juntos. Y si adem\u00e1s quieres que participen tambi\u00e9n los hijos y otros miembros de la familia, solo tienes que pedirlo. Te lo recomiendo.<\/p>\n\n\n\n<p class=\"has-text-color has-link-color wp-elements-f4fb404d79a7dc402f28f91b5aed7d90\" style=\"color:#ffffff\">Cada uno de estos momentos ofrece una oportunidad para capturar emociones y experiencias que guardar\u00e1s siempre.<\/p>\n<\/div>\n<\/div>\n\n\n\n<div class=\"wp-block-uagb-container cta uagb-layout-flex uagb-block-2155f30e alignfull uagb-is-root-container\">\n<p class=\"has-text-align-center has-text-color has-link-color has-large-font-size wp-elements-7956e11028161d2341da62ba2efeb414\" style=\"color:#ffffff\">\u00bfTienes alguna duda? Cont\u00e1ctame<\/p>\n\n\n\n<div class=\"wp-block-buttons alignfull is-content-justification-center is-layout-flex wp-container-core-buttons-is-layout-16018d1d wp-block-buttons-is-layout-flex\">\n<div class=\"wp-block-button has-custom-width wp-block-button__width-50 button-cta\"><a class=\"wp-block-button__link wp-element-button\" href=\"https:\/\/wa.me\/649295823\" target=\"_blank\" rel=\"noopener\">\u00bfTienes dudas?<\/a><\/div>\n<\/div>\n<\/div>\n\n\n\n<div class=\"wp-block-uagb-container uagb-block-15d5d8ba alignfull uagb-is-root-container\"><div class=\"uagb-container-inner-blocks-wrap\">\n<h2 class=\"wp-block-heading has-text-align-center\">\u00bfPor qu\u00e9 un regalo as\u00ed?<\/h2>\n\n\n\n<ol class=\"wp-block-list\">\n<li>Capturo recuerdos \u00fanicos y especiales para siempre. Inmortalizo el amor y la conexi\u00f3n familiar.<\/li>\n\n\n\n<li>Documento la historia y los cambios familiares. Obtienes un registro visual de c\u00f3mo evolucionan los diferentes miembros de la familia.<\/li>\n\n\n\n<li>Fotos con la mejor calidad y el \u201cojo del fot\u00f3grafo\u201d que capturar\u00e1 las mejores expresiones.<\/li>\n\n\n\n<li>Experiencia divertida y compartida.<\/li>\n\n\n\n<li>Decoraci\u00f3n para regalar y para el hogar. Disfrutar\u00e1s de las mejores im\u00e1genes que puedes distribuir en tu casa, dando un toque personal y c\u00e1lido a los espacios.<\/li>\n\n\n\n<li>Regalo personalizado y con valor emocional.<\/li>\n\n\n\n<li>Herencia familiar. Este \u00e1lbum de tus mejores fotograf\u00edas familiares se convertir\u00e1 en historia viva que podr\u00e1n disfrutar diferentes generaciones.<\/li>\n<\/ol>\n\n\n\n<p class=\"has-text-align-center\">Busca un motivo, (cumplea\u00f1os, Navidad, dia del padre o de la madre\u2026) para disfrutar en familia de un rato que espero que se os haga corto de Reportaje, en el que el objetivo principal ser\u00e1 pasar tiempo de calidad juntos y recordarlo siempre con las mejores fotograf\u00edas.<\/p>\n<\/div><\/div>\n<\/div><\/div>\n","protected":false},"excerpt":{"rendered":"<p>Regala una sesi\u00f3n de fotos Regalar una experiencia fotogr\u00e1fica es regalar una sesi\u00f3n de fotos para compartir y disfrutar a solas, o bien acompa\u00f1ado, y [&hellip;]<\/p>\n","protected":false},"author":5,"featured_media":18566,"parent":0,"menu_order":0,"comment_status":"closed","ping_status":"closed","template":"","meta":{"_uag_custom_page_level_css":"","_joinchat":[],"footnotes":""},"class_list":["post-17137","page","type-page","status-publish","has-post-thumbnail","hentry"],"uagb_featured_image_src":{"full":["https:\/\/www.carmedeolazabal.cat\/wp-content\/uploads\/2024\/07\/regalo-sesiones-fotos-sant-cugat.webp",500,500,false],"thumbnail":["https:\/\/www.carmedeolazabal.cat\/wp-content\/uploads\/2024\/07\/regalo-sesiones-fotos-sant-cugat-150x150.webp",150,150,true],"medium":["https:\/\/www.carmedeolazabal.cat\/wp-content\/uploads\/2024\/07\/regalo-sesiones-fotos-sant-cugat-300x300.webp",300,300,true],"medium_large":["https:\/\/www.carmedeolazabal.cat\/wp-content\/uploads\/2024\/07\/regalo-sesiones-fotos-sant-cugat.webp",500,500,false],"large":["https:\/\/www.carmedeolazabal.cat\/wp-content\/uploads\/2024\/07\/regalo-sesiones-fotos-sant-cugat.webp",500,500,false],"1536x1536":["https:\/\/www.carmedeolazabal.cat\/wp-content\/uploads\/2024\/07\/regalo-sesiones-fotos-sant-cugat.webp",500,500,false],"2048x2048":["https:\/\/www.carmedeolazabal.cat\/wp-content\/uploads\/2024\/07\/regalo-sesiones-fotos-sant-cugat.webp",500,500,false],"ultp_layout_landscape_large":["https:\/\/www.carmedeolazabal.cat\/wp-content\/uploads\/2024\/07\/regalo-sesiones-fotos-sant-cugat.webp",500,500,false],"ultp_layout_landscape":["https:\/\/www.carmedeolazabal.cat\/wp-content\/uploads\/2024\/07\/regalo-sesiones-fotos-sant-cugat.webp",500,500,false],"ultp_layout_portrait":["https:\/\/www.carmedeolazabal.cat\/wp-content\/uploads\/2024\/07\/regalo-sesiones-fotos-sant-cugat.webp",500,500,false],"ultp_layout_square":["https:\/\/www.carmedeolazabal.cat\/wp-content\/uploads\/2024\/07\/regalo-sesiones-fotos-sant-cugat.webp",500,500,false],"authorship-box-avatar":["https:\/\/www.carmedeolazabal.cat\/wp-content\/uploads\/2024\/07\/regalo-sesiones-fotos-sant-cugat-150x150.webp",150,150,true],"authorship-box-related":["https:\/\/www.carmedeolazabal.cat\/wp-content\/uploads\/2024\/07\/regalo-sesiones-fotos-sant-cugat-70x70.webp",70,70,true],"post-thumbnail":["https:\/\/www.carmedeolazabal.cat\/wp-content\/uploads\/2024\/07\/regalo-sesiones-fotos-sant-cugat.webp",500,500,false],"getwid_base-cropped":["https:\/\/www.carmedeolazabal.cat\/wp-content\/uploads\/2024\/07\/regalo-sesiones-fotos-sant-cugat.webp",500,500,false],"getwid_base-large":["https:\/\/www.carmedeolazabal.cat\/wp-content\/uploads\/2024\/07\/regalo-sesiones-fotos-sant-cugat.webp",500,500,false]},"uagb_author_info":{"display_name":"Carme De Olazabal","author_link":"https:\/\/www.carmedeolazabal.cat\/es\/author\/carme\/"},"uagb_comment_info":0,"uagb_excerpt":"Regala una sesi\u00f3n de fotos Regalar una experiencia fotogr\u00e1fica es regalar una sesi\u00f3n de fotos para compartir y disfrutar a solas, o bien acompa\u00f1ado, y [&hellip;]","rttpg_featured_image_url":{"full":["https:\/\/www.carmedeolazabal.cat\/wp-content\/uploads\/2024\/07\/regalo-sesiones-fotos-sant-cugat.webp",500,500,false],"landscape":["https:\/\/www.carmedeolazabal.cat\/wp-content\/uploads\/2024\/07\/regalo-sesiones-fotos-sant-cugat.webp",500,500,false],"portraits":["https:\/\/www.carmedeolazabal.cat\/wp-content\/uploads\/2024\/07\/regalo-sesiones-fotos-sant-cugat.webp",500,500,false],"thumbnail":["https:\/\/www.carmedeolazabal.cat\/wp-content\/uploads\/2024\/07\/regalo-sesiones-fotos-sant-cugat-150x150.webp",150,150,true],"medium":["https:\/\/www.carmedeolazabal.cat\/wp-content\/uploads\/2024\/07\/regalo-sesiones-fotos-sant-cugat-300x300.webp",300,300,true],"large":["https:\/\/www.carmedeolazabal.cat\/wp-content\/uploads\/2024\/07\/regalo-sesiones-fotos-sant-cugat.webp",500,500,false],"1536x1536":["https:\/\/www.carmedeolazabal.cat\/wp-content\/uploads\/2024\/07\/regalo-sesiones-fotos-sant-cugat.webp",500,500,false],"2048x2048":["https:\/\/www.carmedeolazabal.cat\/wp-content\/uploads\/2024\/07\/regalo-sesiones-fotos-sant-cugat.webp",500,500,false],"ultp_layout_landscape_large":["https:\/\/www.carmedeolazabal.cat\/wp-content\/uploads\/2024\/07\/regalo-sesiones-fotos-sant-cugat.webp",500,500,false],"ultp_layout_landscape":["https:\/\/www.carmedeolazabal.cat\/wp-content\/uploads\/2024\/07\/regalo-sesiones-fotos-sant-cugat.webp",500,500,false],"ultp_layout_portrait":["https:\/\/www.carmedeolazabal.cat\/wp-content\/uploads\/2024\/07\/regalo-sesiones-fotos-sant-cugat.webp",500,500,false],"ultp_layout_square":["https:\/\/www.carmedeolazabal.cat\/wp-content\/uploads\/2024\/07\/regalo-sesiones-fotos-sant-cugat.webp",500,500,false],"authorship-box-avatar":["https:\/\/www.carmedeolazabal.cat\/wp-content\/uploads\/2024\/07\/regalo-sesiones-fotos-sant-cugat-150x150.webp",150,150,true],"authorship-box-related":["https:\/\/www.carmedeolazabal.cat\/wp-content\/uploads\/2024\/07\/regalo-sesiones-fotos-sant-cugat-70x70.webp",70,70,true],"post-thumbnail":["https:\/\/www.carmedeolazabal.cat\/wp-content\/uploads\/2024\/07\/regalo-sesiones-fotos-sant-cugat.webp",500,500,false],"getwid_base-cropped":["https:\/\/www.carmedeolazabal.cat\/wp-content\/uploads\/2024\/07\/regalo-sesiones-fotos-sant-cugat.webp",500,500,false],"getwid_base-large":["https:\/\/www.carmedeolazabal.cat\/wp-content\/uploads\/2024\/07\/regalo-sesiones-fotos-sant-cugat.webp",500,500,false]},"rttpg_author":{"display_name":"Carme De Olazabal","author_link":"https:\/\/www.carmedeolazabal.cat\/es\/author\/carme\/"},"rttpg_comment":0,"rttpg_category":" <a href=\"https:\/\/www.carmedeolazabal.cat\/es\/?taxonomy=translation_priority&#038;term=opcional\" rel=\"tag\">Opcional<\/a>","rttpg_excerpt":"Regala una sesi\u00f3n de fotos Regalar una experiencia fotogr\u00e1fica es regalar una sesi\u00f3n de fotos para compartir y disfrutar a solas, o bien acompa\u00f1ado, y [&hellip;]","_links":{"self":[{"href":"https:\/\/www.carmedeolazabal.cat\/es\/wp-json\/wp\/v2\/pages\/17137","targetHints":{"allow":["GET"]}}],"collection":[{"href":"https:\/\/www.carmedeolazabal.cat\/es\/wp-json\/wp\/v2\/pages"}],"about":[{"href":"https:\/\/www.carmedeolazabal.cat\/es\/wp-json\/wp\/v2\/types\/page"}],"author":[{"embeddable":true,"href":"https:\/\/www.carmedeolazabal.cat\/es\/wp-json\/wp\/v2\/users\/5"}],"replies":[{"embeddable":true,"href":"https:\/\/www.carmedeolazabal.cat\/es\/wp-json\/wp\/v2\/comments?post=17137"}],"version-history":[{"count":17,"href":"https:\/\/www.carmedeolazabal.cat\/es\/wp-json\/wp\/v2\/pages\/17137\/revisions"}],"predecessor-version":[{"id":19227,"href":"https:\/\/www.carmedeolazabal.cat\/es\/wp-json\/wp\/v2\/pages\/17137\/revisions\/19227"}],"wp:featuredmedia":[{"embeddable":true,"href":"https:\/\/www.carmedeolazabal.cat\/es\/wp-json\/wp\/v2\/media\/18566"}],"wp:attachment":[{"href":"https:\/\/www.carmedeolazabal.cat\/es\/wp-json\/wp\/v2\/media?parent=17137"}],"curies":[{"name":"wp","href":"https:\/\/api.w.org\/{rel}","templated":true}]}}