{"id":18389,"date":"2024-07-10T08:33:48","date_gmt":"2024-07-10T06:33:48","guid":{"rendered":"https:\/\/www.carmedeolazabal.cat\/?page_id=18389"},"modified":"2024-08-08T12:04:29","modified_gmt":"2024-08-08T10:04:29","slug":"fotografia-rubi","status":"publish","type":"page","link":"https:\/\/www.carmedeolazabal.cat\/es\/fotografia-rubi\/","title":{"rendered":"Fotografia Rub\u00ed"},"content":{"rendered":"\n<div class=\"wp-block-group alignfull\"><div class=\"wp-block-group__inner-container is-layout-constrained wp-block-group-is-layout-constrained\">\n<div class=\"wp-block-cover alignfull is-light\" style=\"min-height:80vh;aspect-ratio:unset;\"><span aria-hidden=\"true\" class=\"wp-block-cover__background has-black-background-color has-background-dim-0 has-background-dim\"><\/span><img loading=\"lazy\" decoding=\"async\" width=\"2000\" height=\"1333\" class=\"wp-block-cover__image-background wp-image-18415\" alt=\"fotografa profesional sesiones fotos sant quirze valles\" src=\"https:\/\/www.carmedeolazabal.cat\/wp-content\/uploads\/2024\/07\/fotografa-profesional-sesiones-fotos-sant-quirze-valles.webp\" data-object-fit=\"cover\" title=\"\" srcset=\"https:\/\/www.carmedeolazabal.cat\/wp-content\/uploads\/2024\/07\/fotografa-profesional-sesiones-fotos-sant-quirze-valles.webp 2000w, https:\/\/www.carmedeolazabal.cat\/wp-content\/uploads\/2024\/07\/fotografa-profesional-sesiones-fotos-sant-quirze-valles-300x200.webp 300w, https:\/\/www.carmedeolazabal.cat\/wp-content\/uploads\/2024\/07\/fotografa-profesional-sesiones-fotos-sant-quirze-valles-1024x682.webp 1024w, https:\/\/www.carmedeolazabal.cat\/wp-content\/uploads\/2024\/07\/fotografa-profesional-sesiones-fotos-sant-quirze-valles-768x512.webp 768w, https:\/\/www.carmedeolazabal.cat\/wp-content\/uploads\/2024\/07\/fotografa-profesional-sesiones-fotos-sant-quirze-valles-1536x1024.webp 1536w, https:\/\/www.carmedeolazabal.cat\/wp-content\/uploads\/2024\/07\/fotografa-profesional-sesiones-fotos-sant-quirze-valles-1200x800.webp 1200w, https:\/\/www.carmedeolazabal.cat\/wp-content\/uploads\/2024\/07\/fotografa-profesional-sesiones-fotos-sant-quirze-valles-938x625.webp 938w, https:\/\/www.carmedeolazabal.cat\/wp-content\/uploads\/2024\/07\/fotografa-profesional-sesiones-fotos-sant-quirze-valles-1130x753.webp 1130w\" sizes=\"auto, (max-width: 2000px) 100vw, 2000px\" \/><div class=\"wp-block-cover__inner-container is-layout-flow wp-block-cover-is-layout-flow\">\n<div class=\"wp-block-group has-text-color has-link-color wp-elements-ba9b7828a1089f773d05cfb7befa5af8\" style=\"color:#ffffff\"><div class=\"wp-block-group__inner-container is-layout-constrained wp-block-group-is-layout-constrained\">\n<div class=\"wp-block-columns is-layout-flex wp-container-core-columns-is-layout-9d6595d7 wp-block-columns-is-layout-flex\">\n<div class=\"wp-block-column is-layout-flow wp-block-column-is-layout-flow\" style=\"flex-basis:100%\"><\/div>\n<\/div>\n<\/div><\/div>\n<\/div><\/div>\n\n\n\n<div class=\"wp-block-uagb-container uagb-block-fdd4491d alignfull uagb-is-root-container\"><div class=\"uagb-container-inner-blocks-wrap\">\n<h1 class=\"wp-block-heading has-text-align-center\">Estudio de fotograf\u00eda en<br>Rub\u00ed<\/h1>\n\n\n<div id=\"ez-toc-container\" class=\"ez-toc-v2_0_80 counter-hierarchy ez-toc-counter ez-toc-custom ez-toc-container-direction\">\n<div class=\"ez-toc-title-container\">\n<p class=\"ez-toc-title\" style=\"cursor:inherit\"><\/p>\n<span class=\"ez-toc-title-toggle\"><\/span><\/div>\n<nav><ul class='ez-toc-list ez-toc-list-level-1 ' ><li class='ez-toc-page-1 ez-toc-heading-level-2'><a class=\"ez-toc-link ez-toc-heading-1\" href=\"https:\/\/www.carmedeolazabal.cat\/es\/fotografia-rubi\/#carme-de-olazabal-tu-fotografa-en-rubi\">Carme de Olazabal, tu fot\u00f3grafa en Rub\u00ed<\/a><\/li><li class='ez-toc-page-1 ez-toc-heading-level-2'><a class=\"ez-toc-link ez-toc-heading-2\" href=\"https:\/\/www.carmedeolazabal.cat\/es\/fotografia-rubi\/#sesiones-familiares-en-estudio-o-exteriores\">Sesiones familiares en estudio o exteriores<\/a><\/li><li class='ez-toc-page-1 ez-toc-heading-level-2'><a class=\"ez-toc-link ez-toc-heading-3\" href=\"https:\/\/www.carmedeolazabal.cat\/es\/fotografia-rubi\/#opiniones\">Opiniones<\/a><\/li><li class='ez-toc-page-1 ez-toc-heading-level-2'><a class=\"ez-toc-link ez-toc-heading-4\" href=\"https:\/\/www.carmedeolazabal.cat\/es\/fotografia-rubi\/#fotografia-de-bebes-y-ninos\">Fotograf\u00eda de beb\u00e9s y ni\u00f1os<\/a><\/li><li class='ez-toc-page-1 ez-toc-heading-level-2'><a class=\"ez-toc-link ez-toc-heading-5\" href=\"https:\/\/www.carmedeolazabal.cat\/es\/fotografia-rubi\/#fotografo-de-boda-rubi\">Fot\u00f3grafo de boda Rub\u00ed<\/a><\/li><li class='ez-toc-page-1 ez-toc-heading-level-2'><a class=\"ez-toc-link ez-toc-heading-6\" href=\"https:\/\/www.carmedeolazabal.cat\/es\/fotografia-rubi\/#fotografia-embarazadas-en-rubi\">Fotograf\u00eda embarazadas en Rub\u00ed<\/a><\/li><li class='ez-toc-page-1 ez-toc-heading-level-2'><a class=\"ez-toc-link ez-toc-heading-7\" href=\"https:\/\/www.carmedeolazabal.cat\/es\/fotografia-rubi\/#sesion-de-fotos-de-comuniones-y-otras-celebraciones\">Sesi\u00f3n de fotos de comuniones y otras celebraciones<\/a><\/li><\/ul><\/nav><\/div>\n\n\n\n\n<p class=\"has-text-align-center\"><strong>Soy Carme de Olazabal<\/strong>, una fot\u00f3grafa profesional con estudio propio, que decid\u00ed dejar mi carrera en el derecho, para seguir mi sue\u00f1o de&nbsp;<strong>mostrar a trav\u00e9s de las im\u00e1genes<\/strong>, los mejores momentos de la vida de las personas.<\/p>\n<\/div><\/div>\n\n\n\n<div class=\"wp-block-uagb-container hide-tablet-desktop uagb-block-ed925623 alignfull uagb-is-root-container\">\n<div class=\"wp-block-uagb-container uagb-block-8486115d\">\n<div style=\"height:500px\" aria-hidden=\"true\" class=\"wp-block-spacer uag-hide-desktop\"><\/div>\n<\/div>\n<\/div>\n\n\n\n<div class=\"wp-block-uagb-container uagb-block-a5132c48 alignfull uagb-is-root-container\"><div class=\"uagb-container-inner-blocks-wrap\">\n<h2 class=\"wp-block-heading has-text-align-center\"><span class=\"ez-toc-section\" id=\"carme-de-olazabal-tu-fotografa-en-rubi\"><\/span>Carme de Olazabal, tu fot\u00f3grafa en Rub\u00ed<span class=\"ez-toc-section-end\"><\/span><\/h2>\n\n\n\n<p class=\"has-text-align-center\">Soy madre de dos hijos y he desarrollado una sensibilidad especial para<strong>&nbsp;jugar con la luz y los escenarios<\/strong>. De manera que cada una de las fotograf\u00edas cobre vida para convertirse en un recuerdo de los momentos m\u00e1s importantes de tu vida.<\/p>\n\n\n\n<p class=\"has-text-align-center\">Trabajo puntualmente con profesionales como maquilladores, vide\u00f3grafos, editores, etc. que me ayudan a que cada uno de los trabajos sea&nbsp;<strong>una pieza \u00fanica<\/strong>&nbsp;y refleje a la perfecci\u00f3n la esencia de cada momento.<\/p>\n\n\n\n<p class=\"has-text-align-center\">Si buscas un&nbsp;<a href=\"https:\/\/www.carmedeolazabal.cat\/es\/\" data-type=\"page\" data-id=\"15143\">fot\u00f3grafo en Sant Cugat<\/a>, muy cerca de <strong>Rub\u00ed<\/strong>, puedo darte el mejor servicio en mi estudio, desde el que hago&nbsp;<strong>books de fotos<\/strong>&nbsp;a mis clientes de todas las edades. Adem\u00e1s, ofrezco servicio de <strong>fotograf\u00eda en Rub\u00ed<\/strong> o all\u00ed donde t\u00fa me necesites: como en tu boda, la comuni\u00f3n de tu hijo, alguna celebraci\u00f3n especial, etc.<\/p>\n<\/div><\/div>\n\n\n\n<div class=\"wp-block-uagb-container uagb-block-3759cfa7 alignfull uagb-is-root-container\">\n<div class=\"wp-block-uagb-container uagb-block-71120743\">\n<div style=\"height:500px\" aria-hidden=\"true\" class=\"wp-block-spacer uag-hide-desktop\"><\/div>\n<\/div>\n\n\n\n<div class=\"wp-block-uagb-container uagb-block-77d37f72\">\n<h2 class=\"wp-block-heading\"><span class=\"ez-toc-section\" id=\"sesiones-familiares-en-estudio-o-exteriores\"><\/span>Sesiones familiares en estudio o exteriores<span class=\"ez-toc-section-end\"><\/span><\/h2>\n\n\n\n<p class=\"has-text-color has-link-color wp-elements-70d373a46bee4b48b89cfd9f02eaca68\" style=\"color:#ffffff\">La&nbsp;<strong>fotograf\u00eda familiar<\/strong>&nbsp;es una de las \u00e1reas en las que me he especializado. Siempre intento plasmar un momento concreto de la vida de la familia, mostrando c\u00f3mo interact\u00faan entre ellos y cu\u00e1l es su relaci\u00f3n. Se pueden realizar en mi estudio, en Rub\u00ed a domicilio o en exteriores con mucha luz.<\/p>\n\n\n\n<p class=\"has-text-color has-link-color wp-elements-3f4575e6a6b12efc92238f7d37bf0443\" style=\"color:#ffffff\">En una&nbsp;<a href=\"https:\/\/www.carmedeolazabal.cat\/es\/sesiones-fotos\/familia-ninos\/\" data-type=\"page\" data-id=\"14873\"><strong>sesi\u00f3n de fotos familiar<\/strong><\/a>&nbsp;siempre intentar\u00e9 buscar que las personas salgan lo m\u00e1s natural posible, simplemente ensalzando sus figuras a&nbsp;<strong>trav\u00e9s de la luz<\/strong>.<\/p>\n\n\n\n<p class=\"has-text-color has-link-color wp-elements-d21ca699a8d32b0cbcfdeaa657198e4d\" style=\"color:#ffffff\">Son sesiones muy \u00edntimas en las que la buscaremos momentos tiernos y honestos para que los puedas recordar toda la vida. Por eso es muy importante que cada familia se sienta c\u00f3moda para ser ella misma y&nbsp;<strong>brillar delante de la c\u00e1mara<\/strong>.<\/p>\n\n\n\n<p class=\"has-text-color has-link-color wp-elements-7b4e9e165bbb15c89fb8d90f08cb18ec\" style=\"color:#ffffff\">Soy experta en hacer books de fotos de padres con su beb\u00e9, de hermanos, de abuelos con sus nietos, etc. Siempre utilizo el&nbsp;<strong>atrezzo m\u00e1s adecuado<\/strong>&nbsp;para cada una de las composiciones, sacando fotos divertidas y espont\u00e1neas en las que se perciba la esencia de la personalidad de cada uno de los miembros de la familia.<\/p>\n\n\n\n<div class=\"wp-block-buttons is-content-justification-left is-layout-flex wp-container-core-buttons-is-layout-fdcfc74e wp-block-buttons-is-layout-flex\">\n<div class=\"wp-block-button\"><a class=\"wp-block-button__link wp-element-button\" href=\"https:\/\/www.carmedeolazabal.cat\/es\/sesiones-fotos\/familia-ninos\/\">Ver sesiones de familias<\/a><\/div>\n<\/div>\n<\/div>\n<\/div>\n\n\n\n<div class=\"wp-block-uagb-container uagb-block-ede23aa4 alignfull uagb-is-root-container\"><div class=\"uagb-container-inner-blocks-wrap\">\n<h2 class=\"wp-block-heading has-text-align-center\"><span class=\"ez-toc-section\" id=\"opiniones\"><\/span>Opiniones<span class=\"ez-toc-section-end\"><\/span><\/h2>\n\n\n<div id=\"google-business-reviews-rating-2\" class=\"google-business-reviews-rating gmbrr tile columns three fill fonts carousel\" data-view=\"3\" data-loop=\"4\" data-interval=\"7\">\r\n<ul class=\"listing\">\r\n\t\t<li class=\"rating-5 visible no-date text-first\" data-index=\"0\">\r\n\t\t\t<div class=\"text text-excerpt\"><span class=\"review-snippet\">Sin ninguna duda una gran profesional, a sabido plasmar la idea que quer\u00eda para<\/span> <span class=\"review-more-placeholder\">\u2026 More<\/span><span class=\"review-full-text\"> mi perfil profesional, y a parte del trato agradable que hizo la sesi\u00f3n muy entretenida y din\u00e1mica, la rapidez en la entrega y posterior selecci\u00f3n ha sido muy diligente. Recomendable al 100% me ha faltado tiempo para utilizarlas en mis diferentes perfiles.<br>\n\t\t\t\tMuchas gracias Carmen<\/span><\/div>\r\n\t\t\t<span class=\"author-avatar\"><a href=\"https:\/\/www.google.com\/maps\/contrib\/104320972753440002314\/reviews\" target=\"_blank\" rel=\"nofollow noopener\"><img decoding=\"async\" src=\"https:\/\/lh3.googleusercontent.com\/a-\/ALV-UjVs6VgQu7oieGO29mOqYQMKhmbmTDVVS6NUkrg42JYZJ53N38Y=s128-c0x00000000-cc-rp-mo\" alt=\"Avatar\" title=\"\"><\/a><\/span>\r\n\t\t\t<span class=\"review-meta\">\r\n\t\t\t\t<span class=\"author-name\"><a href=\"https:\/\/www.google.com\/maps\/contrib\/104320972753440002314\/reviews\" target=\"_blank\" rel=\"nofollow noopener\">Jose F B<\/a><\/span>\r\n\t\t\t\t<span class=\"rating\">\u2605\u2605\u2605\u2605\u2605<\/span>\r\n\t\t\t<\/span>\r\n\t\t<\/li>\r\n\t\t<li class=\"rating-5 visible no-date text-first\" data-index=\"1\">\r\n\t\t\t<div class=\"text text-excerpt\"><span class=\"review-snippet\">Gracias Carmen por hacer que una experiencia que nos daba un poco de apuro se<\/span> <span class=\"review-more-placeholder\">\u2026 More<\/span><span class=\"review-full-text\"> haya convertido en un recuerdo inolvidable! Gran profesional, consigui\u00f3 que hasta la peque\u00f1a quisiera posar para las fotos! Tiene mucha mano con los ni\u00f1os y es muy cuidadosa con los detalles. Sin duda, seguro que repetiremos \ud83d\ude42<\/span><\/div>\r\n\t\t\t<span class=\"author-avatar\"><a href=\"https:\/\/www.google.com\/maps\/contrib\/117158638095260320749\/reviews\" target=\"_blank\" rel=\"nofollow noopener\"><img decoding=\"async\" src=\"https:\/\/lh3.googleusercontent.com\/a-\/ALV-UjUa12e1n-VM8K46XloUbtkPzPf4Qby37bUKmVnbyl7eLPoxs-4=s128-c0x00000000-cc-rp-mo\" alt=\"Avatar\" title=\"\"><\/a><\/span>\r\n\t\t\t<span class=\"review-meta\">\r\n\t\t\t\t<span class=\"author-name\"><a href=\"https:\/\/www.google.com\/maps\/contrib\/117158638095260320749\/reviews\" target=\"_blank\" rel=\"nofollow noopener\">Blanca Corcoy De F<\/a><\/span>\r\n\t\t\t\t<span class=\"rating\">\u2605\u2605\u2605\u2605\u2605<\/span>\r\n\t\t\t<\/span>\r\n\t\t<\/li>\r\n\t\t<li class=\"rating-5 visible no-date text-first\" data-index=\"2\">\r\n\t\t\t<div class=\"text text-excerpt\"><span class=\"review-snippet\">Carme nos ha hecho nuestra primera sesi\u00f3n fotogr\u00e1fica en fam\u00edlia para estas<\/span> <span class=\"review-more-placeholder\">\u2026 More<\/span><span class=\"review-full-text\"> Navidades. Ha sido muy profesional y nos ha guiado de maravilla a todos, sobre todo a las dos peques, ha mostrado con ellas mucho cari\u00f1o y paciencia. Las fotos a cual m\u00e1s preciosa, el mejor regalo de Navidad que cualquiera podr\u00eda desear. Os la recomendamos totalmente. Muchas gracias, Carme!!!<\/span><\/div>\r\n\t\t\t<span class=\"author-avatar\"><a href=\"https:\/\/www.google.com\/maps\/contrib\/118206452582847929164\/reviews\" target=\"_blank\" rel=\"nofollow noopener\"><img decoding=\"async\" src=\"https:\/\/lh3.googleusercontent.com\/a-\/ALV-UjV4X2JtELkzGrIGOCisiUyhonSFbMVOnlTomOf35P7Obp1Av3Pq=s128-c0x00000000-cc-rp-mo\" alt=\"Avatar\" title=\"\"><\/a><\/span>\r\n\t\t\t<span class=\"review-meta\">\r\n\t\t\t\t<span class=\"author-name\"><a href=\"https:\/\/www.google.com\/maps\/contrib\/118206452582847929164\/reviews\" target=\"_blank\" rel=\"nofollow noopener\">Ana Clara R<\/a><\/span>\r\n\t\t\t\t<span class=\"rating\">\u2605\u2605\u2605\u2605\u2605<\/span>\r\n\t\t\t<\/span>\r\n\t\t<\/li>\r\n\t\t<li class=\"rating-5 hidden no-date text-first\" data-index=\"3\">\r\n\t\t\t<div class=\"text text-excerpt\"><span class=\"review-snippet\">Una gran profesional que hacen que las sesiones de fotos sean din\u00e1micas y f\u00e1ciles.<\/span> <span class=\"review-more-placeholder\">\u2026 More<\/span><span class=\"review-full-text\"><br>\n\t\t\t\tMe hice mi sesi\u00f3n de embarazada con ella y sin duda la recomiendo 100%.<br>\n\t\t\t\tGracias Carme por hacerlo tan bonito.<\/span><\/div>\r\n\t\t\t<span class=\"author-avatar\"><a href=\"https:\/\/www.google.com\/maps\/contrib\/117653320175581867705\/reviews\" target=\"_blank\" rel=\"nofollow noopener\"><img decoding=\"async\" src=\"https:\/\/lh3.googleusercontent.com\/a\/ACg8ocLZMycAbU1scIMhaFxN_tpCjWww_qy2_V8nVW3uoIU-m2xjIw=s128-c0x00000000-cc-rp-mo\" alt=\"Avatar\" title=\"\"><\/a><\/span>\r\n\t\t\t<span class=\"review-meta\">\r\n\t\t\t\t<span class=\"author-name\"><a href=\"https:\/\/www.google.com\/maps\/contrib\/117653320175581867705\/reviews\" target=\"_blank\" rel=\"nofollow noopener\">Irene U<\/a><\/span>\r\n\t\t\t\t<span class=\"rating\">\u2605\u2605\u2605\u2605\u2605<\/span>\r\n\t\t\t<\/span>\r\n\t\t<\/li>\r\n\t\t<li class=\"rating-5 hidden no-date text-first\" data-index=\"4\">\r\n\t\t\t<div class=\"text text-excerpt\"><span class=\"review-snippet\">Conoc\u00ed a Carme a trav\u00e9s de un concurso que puso en Instagram. Ganamos una sesi\u00f3n<\/span> <span class=\"review-more-placeholder\">\u2026 More<\/span><span class=\"review-full-text\"> de fotos para nuestro beb\u00e9. Carme no es s\u00f3lo una gran fot\u00f3grafa, cuida los detalles y sobre todo, da a los peque\u00f1os el tiempo que necesiten para sentirse c\u00f3modos y sacar su mejor versi\u00f3n.<br>\n\t\t\t\tEs un placer verla trabajar con tanto mimo y dedicaci\u00f3n. Sin duda le encanta su trabajo, y eso se refleja en su trato y en el resultado de sus sesiones.<\/span><\/div>\r\n\t\t\t<span class=\"author-avatar\"><a href=\"https:\/\/www.google.com\/maps\/contrib\/113179552001191643664\/reviews\" target=\"_blank\" rel=\"nofollow noopener\"><img decoding=\"async\" src=\"https:\/\/lh3.googleusercontent.com\/a\/ACg8ocItpBUs89OVHvqO83eSrD8Ue-WQYX9--Du3VG2JMz-eCuU0Ag=s128-c0x00000000-cc-rp-mo\" alt=\"Avatar\" title=\"\"><\/a><\/span>\r\n\t\t\t<span class=\"review-meta\">\r\n\t\t\t\t<span class=\"author-name\"><a href=\"https:\/\/www.google.com\/maps\/contrib\/113179552001191643664\/reviews\" target=\"_blank\" rel=\"nofollow noopener\">Lorena R<\/a><\/span>\r\n\t\t\t\t<span class=\"rating\">\u2605\u2605\u2605\u2605\u2605<\/span>\r\n\t\t\t<\/span>\r\n\t\t<\/li>\r\n\t\t<li class=\"rating-5 hidden no-date text-first\" data-index=\"5\">\r\n\t\t\t<div class=\"text text-excerpt\"><span class=\"review-snippet\">Carme es una gran profesional y su trabajo es de excelente calidad. Es una persona<\/span> <span class=\"review-more-placeholder\">\u2026 More<\/span><span class=\"review-full-text\"> muy cercana y hace que te sientas muy c\u00f3modo en las sesiones de estudio (muy de agradecer a los que no estamos acostumbrados a posar delante de una c\u00e1mara).<\/span><\/div>\r\n\t\t\t<span class=\"author-avatar\"><a href=\"https:\/\/www.google.com\/maps\/contrib\/116220878743327362177\/reviews\" target=\"_blank\" rel=\"nofollow noopener\"><img decoding=\"async\" src=\"https:\/\/lh3.googleusercontent.com\/a-\/ALV-UjXYMmyLP-ZsueRWW5rk5u5hsC6ScWkOtPOPVhPvAPAdYyXLJ1f8=w36-h36-p-rp-mo-ba3-br100\" alt=\"Avatar\" title=\"\"><\/a><\/span>\r\n\t\t\t<span class=\"review-meta\">\r\n\t\t\t\t<span class=\"author-name\"><a href=\"https:\/\/www.google.com\/maps\/contrib\/116220878743327362177\/reviews\" target=\"_blank\" rel=\"nofollow noopener\">Cristian T<\/a><\/span>\r\n\t\t\t\t<span class=\"rating\">\u2605\u2605\u2605\u2605\u2605<\/span>\r\n\t\t\t<\/span>\r\n\t\t<\/li>\r\n\t\t<li class=\"rating-5 hidden no-date text-first\" data-index=\"6\">\r\n\t\t\t<div class=\"text text-excerpt\"><span class=\"review-snippet\">Carme hizo un reportaje de mi hija y una amiga hace un tiempo. Nos ha montado<\/span> <span class=\"review-more-placeholder\">\u2026 More<\/span><span class=\"review-full-text\"> un \u00e1lbum bonito y elegante, muy fino, con unas fotos en su interior preciosas. Un bonito recuerdo y regalo de cumplea\u00f1os \ud83d\ude42<\/span><\/div>\r\n\t\t\t<span class=\"author-avatar\"><a href=\"https:\/\/www.google.com\/maps\/contrib\/103960190138570743257\/reviews\" target=\"_blank\" rel=\"nofollow noopener\"><img decoding=\"async\" src=\"https:\/\/lh3.googleusercontent.com\/a\/ACg8ocJkM8X-9oaNcnWA-wXokyGRs8ne8_jwjlnch5UnXyZSXpBLXQ=w36-h36-p-rp-mo-br100\" alt=\"Avatar\" title=\"\"><\/a><\/span>\r\n\t\t\t<span class=\"review-meta\">\r\n\t\t\t\t<span class=\"author-name\"><a href=\"https:\/\/www.google.com\/maps\/contrib\/103960190138570743257\/reviews\" target=\"_blank\" rel=\"nofollow noopener\">Karen M<\/a><\/span>\r\n\t\t\t\t<span class=\"rating\">\u2605\u2605\u2605\u2605\u2605<\/span>\r\n\t\t\t<\/span>\r\n\t\t<\/li>\r\n\t\t<li class=\"rating-5 hidden no-date text-first\" data-index=\"7\">\r\n\t\t\t<div class=\"text text-excerpt\"><span class=\"review-snippet\">Carme ha hecho una sesi\u00f3n de fotos preciosa a mis 4 hijos. Se adapt\u00f3 a la localizaci\u00f3n<\/span> <span class=\"review-more-placeholder\">\u2026 More<\/span><span class=\"review-full-text\"> que le propusimos y fue fant\u00e1stico. Es muy paciente y muy buena profesional! El resultado un 10!<\/span><\/div>\r\n\t\t\t<span class=\"author-avatar\"><a href=\"https:\/\/www.google.com\/maps\/contrib\/117473184746838766491\/reviews\" target=\"_blank\" rel=\"nofollow noopener\"><img decoding=\"async\" src=\"https:\/\/lh3.googleusercontent.com\/a\/ACg8ocK7KYEKjA_Z55rR5E1l7PTEs_vy8xb4L2IpiJnS2186DbtxzQ=w36-h36-p-rp-mo-br100\" alt=\"Avatar\" title=\"\"><\/a><\/span>\r\n\t\t\t<span class=\"review-meta\">\r\n\t\t\t\t<span class=\"author-name\"><a href=\"https:\/\/www.google.com\/maps\/contrib\/117473184746838766491\/reviews\" target=\"_blank\" rel=\"nofollow noopener\">Ana G<\/a><\/span>\r\n\t\t\t\t<span class=\"rating\">\u2605\u2605\u2605\u2605\u2605<\/span>\r\n\t\t\t<\/span>\r\n\t\t<\/li>\r\n\t\t<li class=\"rating-5 hidden no-date text-first\" data-index=\"8\">\r\n\t\t\t<div class=\"text text-excerpt\"><span class=\"review-snippet\">Hemos hecho una sesi\u00f3n de embarazo y reci\u00e9n nacido con Carme. Una muy buena<\/span> <span class=\"review-more-placeholder\">\u2026 More<\/span><span class=\"review-full-text\"> experiencia, es muy profesional. Te agradecemos el cari\u00f1o y la flexibilidad para lograr las fotos que quer\u00edamos. Muchas gracias por cuidar todos los detalles. El resultado nos encant\u00f3 \ud83d\ude0d\ud83d\ude0d\ud83d\ude0d<\/span><\/div>\r\n\t\t\t<span class=\"author-avatar\"><a href=\"https:\/\/www.google.com\/maps\/contrib\/101409885890701720453\/reviews\" target=\"_blank\" rel=\"nofollow noopener\"><img decoding=\"async\" src=\"https:\/\/lh3.googleusercontent.com\/a\/ACg8ocJcwtU4EiCpmbVnbCGBLqnBh903DFjlejzfRhjUcpglMuxMDw=w36-h36-p-rp-mo-br100\" alt=\"Avatar\" title=\"\"><\/a><\/span>\r\n\t\t\t<span class=\"review-meta\">\r\n\t\t\t\t<span class=\"author-name\"><a href=\"https:\/\/www.google.com\/maps\/contrib\/101409885890701720453\/reviews\" target=\"_blank\" rel=\"nofollow noopener\">Andrea C<\/a><\/span>\r\n\t\t\t\t<span class=\"rating\">\u2605\u2605\u2605\u2605\u2605<\/span>\r\n\t\t\t<\/span>\r\n\t\t<\/li>\r\n\t<\/ul>\r\n\t<ul class=\"navigation\">\t\t<li class=\"bullet current\"><a href=\"#google-business-reviews-rating-2\" data-slide=\"1\">\u25cf<\/a><\/li>\t\t<li class=\"bullet\"><a href=\"#google-business-reviews-rating-2\" data-slide=\"2\">\u25cf<\/a><\/li>\t\t<li class=\"bullet\"><a href=\"#google-business-reviews-rating-2\" data-slide=\"3\">\u25cf<\/a><\/li>\t<\/ul><\/div>\r\n\n\n\n\n<div class=\"wp-block-buttons is-content-justification-center is-layout-flex wp-container-core-buttons-is-layout-16018d1d wp-block-buttons-is-layout-flex\">\n<div class=\"wp-block-button\"><a class=\"wp-block-button__link wp-element-button\" href=\"https:\/\/www.carmedeolazabal.cat\/es\/opiniones\/\">M\u00e1s opiniones<\/a><\/div>\n<\/div>\n<\/div><\/div>\n\n\n\n<div class=\"wp-block-uagb-container uagb-block-f8fed4d7 alignfull uagb-is-root-container\">\n<div class=\"wp-block-uagb-container uagb-block-2d27bfaa\">\n<div style=\"height:500px\" aria-hidden=\"true\" class=\"wp-block-spacer uag-hide-desktop\"><\/div>\n<\/div>\n\n\n\n<div class=\"wp-block-uagb-container uagb-block-de1efbde\">\n<h2 class=\"wp-block-heading\"><span class=\"ez-toc-section\" id=\"fotografia-de-bebes-y-ninos\"><\/span>Fotograf\u00eda de beb\u00e9s y ni\u00f1os<span class=\"ez-toc-section-end\"><\/span><\/h2>\n\n\n\n<p class=\"has-text-color has-link-color wp-elements-627b451fa51bba87a03bcfd9c2c8a29c\" style=\"color:#ffffff\"><br>Hay tres momentos esenciales durante el primer a\u00f1o de la vida de tu hijo. Las&nbsp;<a href=\"https:\/\/www.carmedeolazabal.cat\/es\/sesiones-fotos\/bebes\/\" data-type=\"page\" data-id=\"14905\">sesiones de fotos de beb\u00e9s<\/a>&nbsp;te permiten plasmar esos tres momentos, para tener un recuerdo imborrable de la evoluci\u00f3n de tu ni\u00f1o durante sus primeros meses de vida:<\/p>\n\n\n\n<ul style=\"color:#ffffff\" class=\"wp-block-list has-text-color has-link-color wp-elements-f468e7a5d82cfe409c07fa24bbc55753\">\n<li>Beb\u00e9s reci\u00e9n nacidos: A los 10 o 12 d\u00edas de que haya nacido tu beb\u00e9, todav\u00eda duerme en posici\u00f3n fetal y se puede captar de una manera muy sencilla y cuidadosa la pureza que desprende.<\/li>\n\n\n\n<li>Beb\u00e9s de 6 meses: A los 6 meses, el beb\u00e9 ya puede mantenerse sentado y comienza a trabajar con sus expresiones corporales y faciales. Captar ese momento puede ser uno de los mejores recuerdos de cara al futuro.<\/li>\n\n\n\n<li>Beb\u00e9s de 1 a\u00f1o: Para celebrar el primer a\u00f1o del beb\u00e9 no hay nada mejor que preparar una buena fiesta de \u201csmash cake\u201d, en la que la captar\u00e9 los mejores momentos de tu beb\u00e9 jugando, probando y comi\u00e9ndose su pastel con total libertad.<\/li>\n<\/ul>\n\n\n\n<div class=\"wp-block-buttons is-layout-flex wp-block-buttons-is-layout-flex\">\n<div class=\"wp-block-button\"><a class=\"wp-block-button__link wp-element-button\" href=\"https:\/\/www.carmedeolazabal.cat\/es\/sesiones-fotos\/bebes\/\">Ver sesiones de beb\u00e9s<\/a><\/div>\n<\/div>\n<\/div>\n<\/div>\n\n\n\n<div class=\"wp-block-uagb-container hide-tablet-desktop uagb-block-d4a111ac alignfull uagb-is-root-container\">\n<div class=\"wp-block-uagb-container uagb-block-f0e447be\">\n<div style=\"height:500px\" aria-hidden=\"true\" class=\"wp-block-spacer uag-hide-desktop\"><\/div>\n<\/div>\n<\/div>\n\n\n\n<div class=\"wp-block-uagb-container uagb-block-e3dce461 alignfull uagb-is-root-container\">\n<div class=\"wp-block-uagb-container uagb-block-5603683f\">\n<h2 class=\"wp-block-heading\"><span class=\"ez-toc-section\" id=\"fotografo-de-boda-rubi\"><\/span>Fot\u00f3grafo de boda Rub\u00ed<span class=\"ez-toc-section-end\"><\/span><\/h2>\n\n\n\n<p><strong>Tu boda<\/strong>&nbsp;ser\u00e1 uno de los d\u00edas m\u00e1s felices de tu vida y seguramente tendr\u00e1s organizados todos los detalles. La&nbsp;<a href=\"https:\/\/www.carmedeolazabal.cat\/es\/celebraciones\/bodas-sant-cugat\/\" data-type=\"page\" data-id=\"14855\"><strong>sesi\u00f3n fotos de boda<\/strong><\/a>&nbsp;es uno de los detalles m\u00e1s importantes que tienes que dejar cerrado antes del gran d\u00eda en Rub\u00ed. Porque necesitas a un&nbsp;<strong>equipo de profesionales<\/strong>&nbsp;que est\u00e9n atentos para captar cada uno de los momentos esenciales que vivir\u00e1s durante ese d\u00eda.<\/p>\n\n\n\n<p>Adem\u00e1s, puedes contratar una&nbsp;<strong>sesi\u00f3n de fotos de preboda<\/strong>&nbsp;para tener las \u00faltimas im\u00e1genes con tu pareja cuando todav\u00eda no estabais casados. Es una manera fant\u00e1stica para comenzar a acostumbraros a mi manera de trabajar para que despu\u00e9s est\u00e9is relajados en vuestro d\u00eda tan especial.<\/p>\n\n\n\n<p>Cuando la boda termine y todo haya pasado, podr\u00e1s recibir tus&nbsp;<strong>fotograf\u00edas retocadas<\/strong>&nbsp;en los formatos que quieras, digitales, el papel, en diferentes tama\u00f1os, enmarcadas, etc. Para que puedas tener un&nbsp;<strong>recuerdo muy palpable<\/strong>&nbsp;de ese d\u00eda que disfrutaste tanto y que fue un antes y un despu\u00e9s en tu vida.<\/p>\n\n\n\n<div class=\"wp-block-buttons is-layout-flex wp-block-buttons-is-layout-flex\">\n<div class=\"wp-block-button\"><a class=\"wp-block-button__link wp-element-button\" href=\"https:\/\/www.carmedeolazabal.cat\/es\/celebraciones\/bodas-sant-cugat\/\">Ver sesiones de bodas<\/a><\/div>\n<\/div>\n<\/div>\n\n\n\n<div class=\"wp-block-uagb-container hide-mobile uagb-block-d7577ff7\">\n<div style=\"height:500px\" aria-hidden=\"true\" class=\"wp-block-spacer uag-hide-desktop\"><\/div>\n<\/div>\n<\/div>\n\n\n\n<div class=\"wp-block-uagb-container cta uagb-layout-flex uagb-block-80b381a2 alignfull uagb-is-root-container\">\n<p class=\"has-text-align-center has-text-color has-link-color has-large-font-size wp-elements-553c4aa43b991af5a2f14a69c4eabd18\" style=\"color:#ffffff\">Visita las tarifas para la sesi\u00f3n de fotos que deseas<\/p>\n\n\n\n<div class=\"wp-block-buttons alignfull is-content-justification-center is-layout-flex wp-container-core-buttons-is-layout-16018d1d wp-block-buttons-is-layout-flex\">\n<div class=\"wp-block-button has-custom-width wp-block-button__width-50 button-cta\"><a class=\"wp-block-button__link wp-element-button\" href=\"https:\/\/www.carmedeolazabal.cat\/es\/precios\/\">Ver tarifas<\/a><\/div>\n<\/div>\n<\/div>\n\n\n\n<div class=\"wp-block-uagb-container uagb-block-94e41be1 alignfull uagb-is-root-container\">\n<div class=\"wp-block-uagb-container uagb-block-42eba990\">\n<div style=\"height:500px\" aria-hidden=\"true\" class=\"wp-block-spacer\"><\/div>\n<\/div>\n\n\n\n<div class=\"wp-block-uagb-container uagb-block-43bb0f2c\">\n<h2 class=\"wp-block-heading\"><span class=\"ez-toc-section\" id=\"fotografia-embarazadas-en-rubi\"><\/span>Fotograf\u00eda embarazadas en Rub\u00ed<span class=\"ez-toc-section-end\"><\/span><\/h2>\n\n\n\n<p class=\"has-text-color has-link-color wp-elements-beb4ee86109d029abc5ef05edd6ac76b\" style=\"color:#ffffff\">El&nbsp;<strong>embarazo<\/strong>&nbsp;es uno de los momentos de m\u00e1s felicidad y emoci\u00f3n en una mujer y eso es lo que quiero captar a trav\u00e9s de mis sesiones en el estudio. Los&nbsp;<a href=\"https:\/\/www.carmedeolazabal.cat\/es\/sesiones-fotos\/embarazadas\/\" data-type=\"page\" data-id=\"14870\"><strong>fot\u00f3grafos de embarazadas<\/strong><\/a>&nbsp;deben tener una&nbsp;<strong>especial sensibilidad para captar la belleza<\/strong>&nbsp;en cada una de las posiciones y movimientos del cuerpo femenino que est\u00e1 en constante cambio.<\/p>\n\n\n\n<p class=\"has-text-color has-link-color wp-elements-20ffe69a35c372532959c1f0b5f90928\" style=\"color:#ffffff\">En nuestro estudio de fotograf\u00eda en Rub\u00ed trabajamos para&nbsp;<strong>dar protagonismo a la mujer<\/strong>&nbsp;en uno de los procesos m\u00e1s importantes de su vida, en el que est\u00e1 sufriendo cambios f\u00edsicos temporales y cambios psicol\u00f3gicos permanentes que le permitir\u00e1n convertirse en una madre.<\/p>\n\n\n\n<p class=\"has-text-color has-link-color wp-elements-46195449a3dc764316b0c8ff05f74cb5\" style=\"color:#ffffff\">A trav\u00e9s de la l<strong>uz, el atrezzo y de los movimientos<\/strong>&nbsp;intentaremos captar el brillo de la mujer embarazada. Posteriormente, te dar\u00e9 la opci\u00f3n de hacer algunas fotograf\u00edas con tu pareja o el resto de la familia para tener un recuerdo conjunto de ese momento tan especial.<\/p>\n\n\n\n<div class=\"wp-block-buttons is-layout-flex wp-block-buttons-is-layout-flex\">\n<div class=\"wp-block-button\"><a class=\"wp-block-button__link wp-element-button\" href=\"https:\/\/www.carmedeolazabal.cat\/es\/sesiones-fotos\/embarazadas\/\">Ver sesiones de embarazos<\/a><\/div>\n<\/div>\n<\/div>\n<\/div>\n\n\n\n<div class=\"wp-block-uagb-container hide-tablet-desktop uagb-block-42c920ee alignfull uagb-is-root-container\">\n<div class=\"wp-block-uagb-container uagb-block-97c82904\">\n<div style=\"height:500px\" aria-hidden=\"true\" class=\"wp-block-spacer uag-hide-desktop\"><\/div>\n<\/div>\n<\/div>\n\n\n\n<div class=\"wp-block-uagb-container uagb-block-4eca0a22 alignfull uagb-is-root-container\">\n<div class=\"wp-block-uagb-container uagb-block-62e45ccd\">\n<h2 class=\"wp-block-heading\"><span class=\"ez-toc-section\" id=\"sesion-de-fotos-de-comuniones-y-otras-celebraciones\"><\/span>Sesi\u00f3n de fotos de comuniones y otras celebraciones<span class=\"ez-toc-section-end\"><\/span><\/h2>\n\n\n\n<p>Para tener buenos&nbsp;<a href=\"https:\/\/www.carmedeolazabal.cat\/es\/celebraciones\/comuniones-y-bautizos\/\" data-type=\"page\" data-id=\"14858\">reportajes de comuni\u00f3n<\/a>, bautizos y otras celebraciones es muy importante que los&nbsp;<strong>ni\u00f1os se sientan c\u00f3modos<\/strong>&nbsp;con la persona que les est\u00e1 haciendo las fotos para poder soltarse, ser ellos mismos y que la c\u00e1mara capte a la perfecci\u00f3n su esencia.<\/p>\n\n\n\n<p><strong>El bautizo<\/strong>&nbsp;es uno de los momentos m\u00e1s valiosos para los padres y tener fotos de ese d\u00eda os permitir\u00e1 poderlo recordar durante toda la vida y que vuestro hijo pueda revivirlo ya de mayor.<\/p>\n\n\n\n<p><strong>La comuni\u00f3n<\/strong>&nbsp;es uno de los momentos m\u00e1s relevantes para tus hijos, en el que por primera vez se visten de gala y tienen un evento dedicado a ellos, as\u00ed que tambi\u00e9n querr\u00e1s tener un buen recuerdo de ese d\u00eda.<\/p>\n\n\n\n<div class=\"wp-block-buttons is-layout-flex wp-block-buttons-is-layout-flex\">\n<div class=\"wp-block-button\"><a class=\"wp-block-button__link wp-element-button\" href=\"https:\/\/www.carmedeolazabal.cat\/es\/celebraciones\/\">Ver sesiones de celebraciones<\/a><\/div>\n<\/div>\n<\/div>\n\n\n\n<div class=\"wp-block-uagb-container hide-mobile uagb-block-34fd58ac\">\n<div style=\"height:500px\" aria-hidden=\"true\" class=\"wp-block-spacer uag-hide-desktop\"><\/div>\n<\/div>\n<\/div>\n\n\n\n<div class=\"wp-block-uagb-container cta uagb-layout-flex uagb-block-f4208808 alignfull uagb-is-root-container\">\n<p class=\"has-text-align-center has-text-color has-link-color has-large-font-size wp-elements-7956e11028161d2341da62ba2efeb414\" style=\"color:#ffffff\">\u00bfTienes alguna duda? Cont\u00e1ctame<\/p>\n\n\n\n<div class=\"wp-block-buttons alignfull is-content-justification-center is-layout-flex wp-container-core-buttons-is-layout-16018d1d wp-block-buttons-is-layout-flex\">\n<div class=\"wp-block-button has-custom-width wp-block-button__width-50 button-cta\"><a class=\"wp-block-button__link wp-element-button\" href=\"https:\/\/wa.me\/649295823\" target=\"_blank\" rel=\"noopener\">\u00bfTienes dudas?<\/a><\/div>\n<\/div>\n<\/div>\n<\/div><\/div>\n","protected":false},"excerpt":{"rendered":"<p>Estudio de fotograf\u00eda enRub\u00ed Soy Carme de Olazabal, una fot\u00f3grafa profesional con estudio propio, que decid\u00ed dejar mi carrera en el derecho, para seguir mi [&hellip;]<\/p>\n","protected":false},"author":5,"featured_media":18524,"parent":0,"menu_order":0,"comment_status":"closed","ping_status":"closed","template":"","meta":{"_uag_custom_page_level_css":"","_joinchat":[],"footnotes":""},"class_list":["post-18389","page","type-page","status-publish","has-post-thumbnail","hentry"],"uagb_featured_image_src":{"full":["https:\/\/www.carmedeolazabal.cat\/wp-content\/uploads\/2024\/07\/fotografo-profesional-sesiones-fotos-rubi-jpg.avif",500,500,false],"thumbnail":["https:\/\/www.carmedeolazabal.cat\/wp-content\/uploads\/2024\/07\/fotografo-profesional-sesiones-fotos-rubi-150x150.avif",150,150,true],"medium":["https:\/\/www.carmedeolazabal.cat\/wp-content\/uploads\/2024\/07\/fotografo-profesional-sesiones-fotos-rubi-300x300.avif",300,300,true],"medium_large":["https:\/\/www.carmedeolazabal.cat\/wp-content\/uploads\/2024\/07\/fotografo-profesional-sesiones-fotos-rubi-jpg.avif",500,500,false],"large":["https:\/\/www.carmedeolazabal.cat\/wp-content\/uploads\/2024\/07\/fotografo-profesional-sesiones-fotos-rubi-jpg.avif",500,500,false],"1536x1536":["https:\/\/www.carmedeolazabal.cat\/wp-content\/uploads\/2024\/07\/fotografo-profesional-sesiones-fotos-rubi-jpg.avif",500,500,false],"2048x2048":["https:\/\/www.carmedeolazabal.cat\/wp-content\/uploads\/2024\/07\/fotografo-profesional-sesiones-fotos-rubi-jpg.avif",500,500,false],"ultp_layout_landscape_large":["https:\/\/www.carmedeolazabal.cat\/wp-content\/uploads\/2024\/07\/fotografo-profesional-sesiones-fotos-rubi-jpg.avif",500,500,false],"ultp_layout_landscape":["https:\/\/www.carmedeolazabal.cat\/wp-content\/uploads\/2024\/07\/fotografo-profesional-sesiones-fotos-rubi-jpg.avif",500,500,false],"ultp_layout_portrait":["https:\/\/www.carmedeolazabal.cat\/wp-content\/uploads\/2024\/07\/fotografo-profesional-sesiones-fotos-rubi-jpg.avif",500,500,false],"ultp_layout_square":["https:\/\/www.carmedeolazabal.cat\/wp-content\/uploads\/2024\/07\/fotografo-profesional-sesiones-fotos-rubi-jpg.avif",500,500,false],"authorship-box-avatar":["https:\/\/www.carmedeolazabal.cat\/wp-content\/uploads\/2024\/07\/fotografo-profesional-sesiones-fotos-rubi-150x150.avif",150,150,true],"authorship-box-related":["https:\/\/www.carmedeolazabal.cat\/wp-content\/uploads\/2024\/07\/fotografo-profesional-sesiones-fotos-rubi-70x70.avif",70,70,true],"post-thumbnail":["https:\/\/www.carmedeolazabal.cat\/wp-content\/uploads\/2024\/07\/fotografo-profesional-sesiones-fotos-rubi-jpg.avif",500,500,false],"getwid_base-cropped":["https:\/\/www.carmedeolazabal.cat\/wp-content\/uploads\/2024\/07\/fotografo-profesional-sesiones-fotos-rubi-jpg.avif",500,500,false],"getwid_base-large":["https:\/\/www.carmedeolazabal.cat\/wp-content\/uploads\/2024\/07\/fotografo-profesional-sesiones-fotos-rubi-jpg.avif",500,500,false]},"uagb_author_info":{"display_name":"Carme De Olazabal","author_link":"https:\/\/www.carmedeolazabal.cat\/es\/author\/carme\/"},"uagb_comment_info":0,"uagb_excerpt":"Estudio de fotograf\u00eda enRub\u00ed Soy Carme de Olazabal, una fot\u00f3grafa profesional con estudio propio, que decid\u00ed dejar mi carrera en el derecho, para seguir mi [&hellip;]","rttpg_featured_image_url":{"full":["https:\/\/www.carmedeolazabal.cat\/wp-content\/uploads\/2024\/07\/fotografo-profesional-sesiones-fotos-rubi-jpg.avif",500,500,false],"landscape":["https:\/\/www.carmedeolazabal.cat\/wp-content\/uploads\/2024\/07\/fotografo-profesional-sesiones-fotos-rubi-jpg.avif",500,500,false],"portraits":["https:\/\/www.carmedeolazabal.cat\/wp-content\/uploads\/2024\/07\/fotografo-profesional-sesiones-fotos-rubi-jpg.avif",500,500,false],"thumbnail":["https:\/\/www.carmedeolazabal.cat\/wp-content\/uploads\/2024\/07\/fotografo-profesional-sesiones-fotos-rubi-150x150.avif",150,150,true],"medium":["https:\/\/www.carmedeolazabal.cat\/wp-content\/uploads\/2024\/07\/fotografo-profesional-sesiones-fotos-rubi-300x300.avif",300,300,true],"large":["https:\/\/www.carmedeolazabal.cat\/wp-content\/uploads\/2024\/07\/fotografo-profesional-sesiones-fotos-rubi-jpg.avif",500,500,false],"1536x1536":["https:\/\/www.carmedeolazabal.cat\/wp-content\/uploads\/2024\/07\/fotografo-profesional-sesiones-fotos-rubi-jpg.avif",500,500,false],"2048x2048":["https:\/\/www.carmedeolazabal.cat\/wp-content\/uploads\/2024\/07\/fotografo-profesional-sesiones-fotos-rubi-jpg.avif",500,500,false],"ultp_layout_landscape_large":["https:\/\/www.carmedeolazabal.cat\/wp-content\/uploads\/2024\/07\/fotografo-profesional-sesiones-fotos-rubi-jpg.avif",500,500,false],"ultp_layout_landscape":["https:\/\/www.carmedeolazabal.cat\/wp-content\/uploads\/2024\/07\/fotografo-profesional-sesiones-fotos-rubi-jpg.avif",500,500,false],"ultp_layout_portrait":["https:\/\/www.carmedeolazabal.cat\/wp-content\/uploads\/2024\/07\/fotografo-profesional-sesiones-fotos-rubi-jpg.avif",500,500,false],"ultp_layout_square":["https:\/\/www.carmedeolazabal.cat\/wp-content\/uploads\/2024\/07\/fotografo-profesional-sesiones-fotos-rubi-jpg.avif",500,500,false],"authorship-box-avatar":["https:\/\/www.carmedeolazabal.cat\/wp-content\/uploads\/2024\/07\/fotografo-profesional-sesiones-fotos-rubi-150x150.avif",150,150,true],"authorship-box-related":["https:\/\/www.carmedeolazabal.cat\/wp-content\/uploads\/2024\/07\/fotografo-profesional-sesiones-fotos-rubi-70x70.avif",70,70,true],"post-thumbnail":["https:\/\/www.carmedeolazabal.cat\/wp-content\/uploads\/2024\/07\/fotografo-profesional-sesiones-fotos-rubi-jpg.avif",500,500,false],"getwid_base-cropped":["https:\/\/www.carmedeolazabal.cat\/wp-content\/uploads\/2024\/07\/fotografo-profesional-sesiones-fotos-rubi-jpg.avif",500,500,false],"getwid_base-large":["https:\/\/www.carmedeolazabal.cat\/wp-content\/uploads\/2024\/07\/fotografo-profesional-sesiones-fotos-rubi-jpg.avif",500,500,false]},"rttpg_author":{"display_name":"Carme De Olazabal","author_link":"https:\/\/www.carmedeolazabal.cat\/es\/author\/carme\/"},"rttpg_comment":0,"rttpg_category":" <a href=\"https:\/\/www.carmedeolazabal.cat\/es\/?taxonomy=translation_priority&#038;term=opcional\" rel=\"tag\">Opcional<\/a>","rttpg_excerpt":"Estudio de fotograf\u00eda enRub\u00ed Soy Carme de Olazabal, una fot\u00f3grafa profesional con estudio propio, que decid\u00ed dejar mi carrera en el derecho, para seguir mi [&hellip;]","_links":{"self":[{"href":"https:\/\/www.carmedeolazabal.cat\/es\/wp-json\/wp\/v2\/pages\/18389","targetHints":{"allow":["GET"]}}],"collection":[{"href":"https:\/\/www.carmedeolazabal.cat\/es\/wp-json\/wp\/v2\/pages"}],"about":[{"href":"https:\/\/www.carmedeolazabal.cat\/es\/wp-json\/wp\/v2\/types\/page"}],"author":[{"embeddable":true,"href":"https:\/\/www.carmedeolazabal.cat\/es\/wp-json\/wp\/v2\/users\/5"}],"replies":[{"embeddable":true,"href":"https:\/\/www.carmedeolazabal.cat\/es\/wp-json\/wp\/v2\/comments?post=18389"}],"version-history":[{"count":13,"href":"https:\/\/www.carmedeolazabal.cat\/es\/wp-json\/wp\/v2\/pages\/18389\/revisions"}],"predecessor-version":[{"id":19399,"href":"https:\/\/www.carmedeolazabal.cat\/es\/wp-json\/wp\/v2\/pages\/18389\/revisions\/19399"}],"wp:featuredmedia":[{"embeddable":true,"href":"https:\/\/www.carmedeolazabal.cat\/es\/wp-json\/wp\/v2\/media\/18524"}],"wp:attachment":[{"href":"https:\/\/www.carmedeolazabal.cat\/es\/wp-json\/wp\/v2\/media?parent=18389"}],"curies":[{"name":"wp","href":"https:\/\/api.w.org\/{rel}","templated":true}]}}