{"id":18399,"date":"2024-07-10T13:34:15","date_gmt":"2024-07-10T11:34:15","guid":{"rendered":"https:\/\/www.carmedeolazabal.cat\/?page_id=18399"},"modified":"2024-08-08T12:09:35","modified_gmt":"2024-08-08T10:09:35","slug":"fotografo-sant-quirze","status":"publish","type":"page","link":"https:\/\/www.carmedeolazabal.cat\/es\/fotografo-sant-quirze\/","title":{"rendered":"Fotografia Sant Quirze"},"content":{"rendered":"\n<div class=\"wp-block-group alignfull\"><div class=\"wp-block-group__inner-container is-layout-constrained wp-block-group-is-layout-constrained\">\n<div class=\"wp-block-cover alignfull is-light\" style=\"min-height:80vh;aspect-ratio:unset;\"><span aria-hidden=\"true\" class=\"wp-block-cover__background has-black-background-color has-background-dim-0 has-background-dim\"><\/span><img loading=\"lazy\" decoding=\"async\" width=\"2000\" height=\"1333\" class=\"wp-block-cover__image-background wp-image-18415\" alt=\"fotografa profesional sesiones fotos sant quirze valles\" src=\"https:\/\/www.carmedeolazabal.cat\/wp-content\/uploads\/2024\/07\/fotografa-profesional-sesiones-fotos-sant-quirze-valles.webp\" data-object-fit=\"cover\" title=\"\" srcset=\"https:\/\/www.carmedeolazabal.cat\/wp-content\/uploads\/2024\/07\/fotografa-profesional-sesiones-fotos-sant-quirze-valles.webp 2000w, https:\/\/www.carmedeolazabal.cat\/wp-content\/uploads\/2024\/07\/fotografa-profesional-sesiones-fotos-sant-quirze-valles-300x200.webp 300w, https:\/\/www.carmedeolazabal.cat\/wp-content\/uploads\/2024\/07\/fotografa-profesional-sesiones-fotos-sant-quirze-valles-1024x682.webp 1024w, https:\/\/www.carmedeolazabal.cat\/wp-content\/uploads\/2024\/07\/fotografa-profesional-sesiones-fotos-sant-quirze-valles-768x512.webp 768w, https:\/\/www.carmedeolazabal.cat\/wp-content\/uploads\/2024\/07\/fotografa-profesional-sesiones-fotos-sant-quirze-valles-1536x1024.webp 1536w, https:\/\/www.carmedeolazabal.cat\/wp-content\/uploads\/2024\/07\/fotografa-profesional-sesiones-fotos-sant-quirze-valles-1200x800.webp 1200w, https:\/\/www.carmedeolazabal.cat\/wp-content\/uploads\/2024\/07\/fotografa-profesional-sesiones-fotos-sant-quirze-valles-938x625.webp 938w, https:\/\/www.carmedeolazabal.cat\/wp-content\/uploads\/2024\/07\/fotografa-profesional-sesiones-fotos-sant-quirze-valles-1130x753.webp 1130w\" sizes=\"auto, (max-width: 2000px) 100vw, 2000px\" \/><div class=\"wp-block-cover__inner-container is-layout-flow wp-block-cover-is-layout-flow\">\n<div class=\"wp-block-group has-text-color has-link-color wp-elements-ba9b7828a1089f773d05cfb7befa5af8\" style=\"color:#ffffff\"><div class=\"wp-block-group__inner-container is-layout-constrained wp-block-group-is-layout-constrained\">\n<div class=\"wp-block-columns is-layout-flex wp-container-core-columns-is-layout-9d6595d7 wp-block-columns-is-layout-flex\">\n<div class=\"wp-block-column is-layout-flow wp-block-column-is-layout-flow\" style=\"flex-basis:100%\"><\/div>\n<\/div>\n<\/div><\/div>\n<\/div><\/div>\n\n\n\n<div class=\"wp-block-uagb-container uagb-block-fdd4491d alignfull uagb-is-root-container\"><div class=\"uagb-container-inner-blocks-wrap\">\n<h1 class=\"wp-block-heading has-text-align-center\">Estudio de fotograf\u00eda en<br>Sant Quirze del Vall\u00e9s<\/h1>\n\n\n<div id=\"ez-toc-container\" class=\"ez-toc-v2_0_80 counter-hierarchy ez-toc-counter ez-toc-custom ez-toc-container-direction\">\n<div class=\"ez-toc-title-container\">\n<p class=\"ez-toc-title\" style=\"cursor:inherit\"><\/p>\n<span class=\"ez-toc-title-toggle\"><\/span><\/div>\n<nav><ul class='ez-toc-list ez-toc-list-level-1 ' ><li class='ez-toc-page-1 ez-toc-heading-level-2'><a class=\"ez-toc-link ez-toc-heading-1\" href=\"https:\/\/www.carmedeolazabal.cat\/es\/fotografo-sant-quirze\/#carme-de-olazabal-tu-fotografa-en-sant-quirze\">Carme de Olazabal, tu fot\u00f3grafa en Sant Quirze<\/a><\/li><li class='ez-toc-page-1 ez-toc-heading-level-2'><a class=\"ez-toc-link ez-toc-heading-2\" href=\"https:\/\/www.carmedeolazabal.cat\/es\/fotografo-sant-quirze\/#fotografia-familiar-en-estudio-o-exteriores\">Fotograf\u00eda familiar en estudio o exteriores<\/a><\/li><li class='ez-toc-page-1 ez-toc-heading-level-2'><a class=\"ez-toc-link ez-toc-heading-3\" href=\"https:\/\/www.carmedeolazabal.cat\/es\/fotografo-sant-quirze\/#opiniones\">Opiniones<\/a><\/li><li class='ez-toc-page-1 ez-toc-heading-level-2'><a class=\"ez-toc-link ez-toc-heading-4\" href=\"https:\/\/www.carmedeolazabal.cat\/es\/fotografo-sant-quirze\/#reportajes-para-bebes-y-ninos\">Reportajes para beb\u00e9s y ni\u00f1os<\/a><\/li><li class='ez-toc-page-1 ez-toc-heading-level-2'><a class=\"ez-toc-link ez-toc-heading-5\" href=\"https:\/\/www.carmedeolazabal.cat\/es\/fotografo-sant-quirze\/#fotografo-de-boda-en-sant-quirze-del-valles\">Fot\u00f3grafo de boda en Sant Quirze del Vall\u00e9s<\/a><\/li><li class='ez-toc-page-1 ez-toc-heading-level-2'><a class=\"ez-toc-link ez-toc-heading-6\" href=\"https:\/\/www.carmedeolazabal.cat\/es\/fotografo-sant-quirze\/#fotografia-embarazadas-en-sant-quirze-del-valles\">Fotograf\u00eda embarazadas en Sant Quirze del Vall\u00e9s<\/a><\/li><li class='ez-toc-page-1 ez-toc-heading-level-2'><a class=\"ez-toc-link ez-toc-heading-7\" href=\"https:\/\/www.carmedeolazabal.cat\/es\/fotografo-sant-quirze\/#sesion-de-fotos-de-comuniones-y-otras-celebraciones\">Sesi\u00f3n de fotos de comuniones y otras celebraciones<\/a><\/li><\/ul><\/nav><\/div>\n\n\n\n\n<p class=\"has-text-align-center\">Soy&nbsp;<strong>Carme de Olazabal<\/strong>, una abogada de formaci\u00f3n pero que se decidi\u00f3 a cumplir su sue\u00f1o. Inmortalizar los momentos memorables de la vida de las personas es una de mis m\u00e1s grandes pasiones. Debido a esto, decid\u00ed dejar de lado mi carrera como abogada para dedicarme de manera profesional a la fotograf\u00eda.<\/p>\n<\/div><\/div>\n\n\n\n<div class=\"wp-block-uagb-container hide-tablet-desktop uagb-block-ed925623 alignfull uagb-is-root-container\">\n<div class=\"wp-block-uagb-container uagb-block-8486115d\">\n<div style=\"height:500px\" aria-hidden=\"true\" class=\"wp-block-spacer uag-hide-desktop\"><\/div>\n<\/div>\n<\/div>\n\n\n\n<div class=\"wp-block-uagb-container uagb-block-bd636d7f alignfull uagb-is-root-container\"><div class=\"uagb-container-inner-blocks-wrap\">\n<h2 class=\"wp-block-heading has-text-align-center\"><span class=\"ez-toc-section\" id=\"carme-de-olazabal-tu-fotografa-en-sant-quirze\"><\/span>Carme de Olazabal, tu fot\u00f3grafa en Sant Quirze<span class=\"ez-toc-section-end\"><\/span><\/h2>\n\n\n\n<p class=\"has-text-align-center\">Adem\u00e1s de <strong>fot\u00f3grafa en Sant Quirze<\/strong>, soy madre de dos hijos, raz\u00f3n por la cual me he especializado en fotos familiares. Gracias a mi sensibilidad, puedo encontrar los mejores escenarios para plasmar fotos familiares. Espacios en los cuales, la luz juega un papel importante. Con esto, logro que las fotograf\u00edas queden inmortalizadas como recuerdos de momentos inolvidables.<\/p>\n\n\n\n<p class=\"has-text-align-center\">Asimismo, trabajo con profesionales de la imagen como maquilladores, editores, vide\u00f3grafos y otros. Lo cual me ha ayudado a entender las fotograf\u00edas como un conjunto \u00fanico. Por este motivo, me aboco a cuidar cada uno de los detalles de las fotograf\u00edas. Logro captar, mediante mis im\u00e1genes, la esencia de cada uno de los momentos, torn\u00e1ndolos en inolvidables.<\/p>\n\n\n\n<p class=\"has-text-align-center\">Si buscas un&nbsp;<a href=\"https:\/\/www.carmedeolazabal.cat\/es\/\" data-type=\"page\" data-id=\"15143\"><strong>estudio de fotograf\u00eda en Sant Cugat<\/strong><\/a>&nbsp;o <strong>Sant Quirze del Vall\u00e9<\/strong>s, visita mi precioso estudio desde el cual hacemos books de fotos. Asimismo, tambi\u00e9n puedo desplazarme para ofrecer mis servicios donde lo requieras. Me encuentro especializada en fotograf\u00edas de bodas, bautizos, celebraciones familiares. Es decir, de todos aquellos instantes en los cuales las familias disfrutan de momentos inolvidables.<\/p>\n<\/div><\/div>\n\n\n\n<div class=\"wp-block-uagb-container uagb-block-3759cfa7 alignfull uagb-is-root-container\">\n<div class=\"wp-block-uagb-container uagb-block-71120743\">\n<div style=\"height:500px\" aria-hidden=\"true\" class=\"wp-block-spacer uag-hide-desktop\"><\/div>\n<\/div>\n\n\n\n<div class=\"wp-block-uagb-container uagb-block-77d37f72\">\n<h2 class=\"wp-block-heading\"><span class=\"ez-toc-section\" id=\"fotografia-familiar-en-estudio-o-exteriores\"><\/span>Fotograf\u00eda familiar en estudio o exteriores<span class=\"ez-toc-section-end\"><\/span><\/h2>\n\n\n\n<p class=\"has-text-color has-link-color wp-elements-fd899d239410f5adc6fb8386aa611394\" style=\"color:#ffffff\">En mi estudio me encargo de realizar<a href=\"https:\/\/www.carmedeolazabal.cat\/es\/sesiones-fotos\/familia-ninos\/\" data-type=\"page\" data-id=\"14873\"><strong> fotograf\u00eda familiar<\/strong><\/a>. En todas estas fotos logro captar momentos inolvidables. Las conexiones y los lazos de amor entre los miembros que forman cada una de las familias con las que trabajo. Con el objetivo de lograr esto, realizo <strong>sesiones de fotograf\u00edas familiares<\/strong> en las cuales me enfoco en la naturalidad. El jugar con la luz resulta muy importante para m\u00ed.<\/p>\n\n\n\n<p class=\"has-text-color has-link-color wp-elements-d0277c15b671718bcd4321d17f5ab07a\" style=\"color:#ffffff\">Las sesiones se caracterizan por ser momentos que siempre se recordar\u00e1n. Pues busco la crear un ambiente c\u00f3modo y relajado. Registraremos momentos tiernos, en los cuales cada uno de los miembros de la familia mostrar\u00e1 toda su esencia delante de la c\u00e1mara.<\/p>\n\n\n\n<p class=\"has-text-color has-link-color wp-elements-c38f2d6f113f2092347f68c26c443fe1\" style=\"color:#ffffff\">Estas sesiones de fotos se realizan en Barber\u00e1 del Vall\u00e9s (a domicilio), en mi estudio de Sant Cugat o en un lugar bonito en exteriores, como el campo, la playa, monta\u00f1a, etc.<\/p>\n\n\n\n<p class=\"has-text-color has-link-color wp-elements-2f2526578641cb6a1c606b486c3c8bf0\" style=\"color:#ffffff\">Mi especialidad en fotograf\u00eda familiar me permite dedicarme tambi\u00e9n a las fotograf\u00edas de beb\u00e9s. Cuento con una gran variedad de atrezzo y vestuario que me permite componer cada toma de la mejor manera. Al contar conmigo, mi objetivo ser\u00e1 que tus fotos familiares sean espont\u00e1neas y entra\u00f1ables.<\/p>\n\n\n\n<div class=\"wp-block-buttons is-content-justification-left is-layout-flex wp-container-core-buttons-is-layout-fdcfc74e wp-block-buttons-is-layout-flex\">\n<div class=\"wp-block-button\"><a class=\"wp-block-button__link wp-element-button\" href=\"https:\/\/www.carmedeolazabal.cat\/es\/sesiones-fotos\/familia-ninos\/\">Ver sesiones de familias<\/a><\/div>\n<\/div>\n<\/div>\n<\/div>\n\n\n\n<div class=\"wp-block-uagb-container uagb-block-ede23aa4 alignfull uagb-is-root-container\"><div class=\"uagb-container-inner-blocks-wrap\">\n<h2 class=\"wp-block-heading has-text-align-center\"><span class=\"ez-toc-section\" id=\"opiniones\"><\/span>Opiniones<span class=\"ez-toc-section-end\"><\/span><\/h2>\n\n\n<div id=\"google-business-reviews-rating-2\" class=\"google-business-reviews-rating gmbrr tile columns three fill fonts carousel\" data-view=\"3\" data-loop=\"4\" data-interval=\"7\">\r\n<ul class=\"listing\">\r\n\t\t<li class=\"rating-5 visible no-date text-first\" data-index=\"0\">\r\n\t\t\t<div class=\"text text-excerpt\"><span class=\"review-snippet\">Sin ninguna duda una gran profesional, a sabido plasmar la idea que quer\u00eda para<\/span> <span class=\"review-more-placeholder\">\u2026 More<\/span><span class=\"review-full-text\"> mi perfil profesional, y a parte del trato agradable que hizo la sesi\u00f3n muy entretenida y din\u00e1mica, la rapidez en la entrega y posterior selecci\u00f3n ha sido muy diligente. Recomendable al 100% me ha faltado tiempo para utilizarlas en mis diferentes perfiles.<br>\n\t\t\t\tMuchas gracias Carmen<\/span><\/div>\r\n\t\t\t<span class=\"author-avatar\"><a href=\"https:\/\/www.google.com\/maps\/contrib\/104320972753440002314\/reviews\" target=\"_blank\" rel=\"nofollow noopener\"><img decoding=\"async\" src=\"https:\/\/lh3.googleusercontent.com\/a-\/ALV-UjVs6VgQu7oieGO29mOqYQMKhmbmTDVVS6NUkrg42JYZJ53N38Y=s128-c0x00000000-cc-rp-mo\" alt=\"Avatar\" title=\"\"><\/a><\/span>\r\n\t\t\t<span class=\"review-meta\">\r\n\t\t\t\t<span class=\"author-name\"><a href=\"https:\/\/www.google.com\/maps\/contrib\/104320972753440002314\/reviews\" target=\"_blank\" rel=\"nofollow noopener\">Jose F B<\/a><\/span>\r\n\t\t\t\t<span class=\"rating\">\u2605\u2605\u2605\u2605\u2605<\/span>\r\n\t\t\t<\/span>\r\n\t\t<\/li>\r\n\t\t<li class=\"rating-5 visible no-date text-first\" data-index=\"1\">\r\n\t\t\t<div class=\"text text-excerpt\"><span class=\"review-snippet\">Gracias Carmen por hacer que una experiencia que nos daba un poco de apuro se<\/span> <span class=\"review-more-placeholder\">\u2026 More<\/span><span class=\"review-full-text\"> haya convertido en un recuerdo inolvidable! Gran profesional, consigui\u00f3 que hasta la peque\u00f1a quisiera posar para las fotos! Tiene mucha mano con los ni\u00f1os y es muy cuidadosa con los detalles. Sin duda, seguro que repetiremos \ud83d\ude42<\/span><\/div>\r\n\t\t\t<span class=\"author-avatar\"><a href=\"https:\/\/www.google.com\/maps\/contrib\/117158638095260320749\/reviews\" target=\"_blank\" rel=\"nofollow noopener\"><img decoding=\"async\" src=\"https:\/\/lh3.googleusercontent.com\/a-\/ALV-UjUa12e1n-VM8K46XloUbtkPzPf4Qby37bUKmVnbyl7eLPoxs-4=s128-c0x00000000-cc-rp-mo\" alt=\"Avatar\" title=\"\"><\/a><\/span>\r\n\t\t\t<span class=\"review-meta\">\r\n\t\t\t\t<span class=\"author-name\"><a href=\"https:\/\/www.google.com\/maps\/contrib\/117158638095260320749\/reviews\" target=\"_blank\" rel=\"nofollow noopener\">Blanca Corcoy De F<\/a><\/span>\r\n\t\t\t\t<span class=\"rating\">\u2605\u2605\u2605\u2605\u2605<\/span>\r\n\t\t\t<\/span>\r\n\t\t<\/li>\r\n\t\t<li class=\"rating-5 visible no-date text-first\" data-index=\"2\">\r\n\t\t\t<div class=\"text text-excerpt\"><span class=\"review-snippet\">Carme nos ha hecho nuestra primera sesi\u00f3n fotogr\u00e1fica en fam\u00edlia para estas<\/span> <span class=\"review-more-placeholder\">\u2026 More<\/span><span class=\"review-full-text\"> Navidades. Ha sido muy profesional y nos ha guiado de maravilla a todos, sobre todo a las dos peques, ha mostrado con ellas mucho cari\u00f1o y paciencia. Las fotos a cual m\u00e1s preciosa, el mejor regalo de Navidad que cualquiera podr\u00eda desear. Os la recomendamos totalmente. Muchas gracias, Carme!!!<\/span><\/div>\r\n\t\t\t<span class=\"author-avatar\"><a href=\"https:\/\/www.google.com\/maps\/contrib\/118206452582847929164\/reviews\" target=\"_blank\" rel=\"nofollow noopener\"><img decoding=\"async\" src=\"https:\/\/lh3.googleusercontent.com\/a-\/ALV-UjV4X2JtELkzGrIGOCisiUyhonSFbMVOnlTomOf35P7Obp1Av3Pq=s128-c0x00000000-cc-rp-mo\" alt=\"Avatar\" title=\"\"><\/a><\/span>\r\n\t\t\t<span class=\"review-meta\">\r\n\t\t\t\t<span class=\"author-name\"><a href=\"https:\/\/www.google.com\/maps\/contrib\/118206452582847929164\/reviews\" target=\"_blank\" rel=\"nofollow noopener\">Ana Clara R<\/a><\/span>\r\n\t\t\t\t<span class=\"rating\">\u2605\u2605\u2605\u2605\u2605<\/span>\r\n\t\t\t<\/span>\r\n\t\t<\/li>\r\n\t\t<li class=\"rating-5 hidden no-date text-first\" data-index=\"3\">\r\n\t\t\t<div class=\"text text-excerpt\"><span class=\"review-snippet\">Una gran profesional que hacen que las sesiones de fotos sean din\u00e1micas y f\u00e1ciles.<\/span> <span class=\"review-more-placeholder\">\u2026 More<\/span><span class=\"review-full-text\"><br>\n\t\t\t\tMe hice mi sesi\u00f3n de embarazada con ella y sin duda la recomiendo 100%.<br>\n\t\t\t\tGracias Carme por hacerlo tan bonito.<\/span><\/div>\r\n\t\t\t<span class=\"author-avatar\"><a href=\"https:\/\/www.google.com\/maps\/contrib\/117653320175581867705\/reviews\" target=\"_blank\" rel=\"nofollow noopener\"><img decoding=\"async\" src=\"https:\/\/lh3.googleusercontent.com\/a\/ACg8ocLZMycAbU1scIMhaFxN_tpCjWww_qy2_V8nVW3uoIU-m2xjIw=s128-c0x00000000-cc-rp-mo\" alt=\"Avatar\" title=\"\"><\/a><\/span>\r\n\t\t\t<span class=\"review-meta\">\r\n\t\t\t\t<span class=\"author-name\"><a href=\"https:\/\/www.google.com\/maps\/contrib\/117653320175581867705\/reviews\" target=\"_blank\" rel=\"nofollow noopener\">Irene U<\/a><\/span>\r\n\t\t\t\t<span class=\"rating\">\u2605\u2605\u2605\u2605\u2605<\/span>\r\n\t\t\t<\/span>\r\n\t\t<\/li>\r\n\t\t<li class=\"rating-5 hidden no-date text-first\" data-index=\"4\">\r\n\t\t\t<div class=\"text text-excerpt\"><span class=\"review-snippet\">Conoc\u00ed a Carme a trav\u00e9s de un concurso que puso en Instagram. Ganamos una sesi\u00f3n<\/span> <span class=\"review-more-placeholder\">\u2026 More<\/span><span class=\"review-full-text\"> de fotos para nuestro beb\u00e9. Carme no es s\u00f3lo una gran fot\u00f3grafa, cuida los detalles y sobre todo, da a los peque\u00f1os el tiempo que necesiten para sentirse c\u00f3modos y sacar su mejor versi\u00f3n.<br>\n\t\t\t\tEs un placer verla trabajar con tanto mimo y dedicaci\u00f3n. Sin duda le encanta su trabajo, y eso se refleja en su trato y en el resultado de sus sesiones.<\/span><\/div>\r\n\t\t\t<span class=\"author-avatar\"><a href=\"https:\/\/www.google.com\/maps\/contrib\/113179552001191643664\/reviews\" target=\"_blank\" rel=\"nofollow noopener\"><img decoding=\"async\" src=\"https:\/\/lh3.googleusercontent.com\/a\/ACg8ocItpBUs89OVHvqO83eSrD8Ue-WQYX9--Du3VG2JMz-eCuU0Ag=s128-c0x00000000-cc-rp-mo\" alt=\"Avatar\" title=\"\"><\/a><\/span>\r\n\t\t\t<span class=\"review-meta\">\r\n\t\t\t\t<span class=\"author-name\"><a href=\"https:\/\/www.google.com\/maps\/contrib\/113179552001191643664\/reviews\" target=\"_blank\" rel=\"nofollow noopener\">Lorena R<\/a><\/span>\r\n\t\t\t\t<span class=\"rating\">\u2605\u2605\u2605\u2605\u2605<\/span>\r\n\t\t\t<\/span>\r\n\t\t<\/li>\r\n\t\t<li class=\"rating-5 hidden no-date text-first\" data-index=\"5\">\r\n\t\t\t<div class=\"text text-excerpt\"><span class=\"review-snippet\">Carme es una gran profesional y su trabajo es de excelente calidad. Es una persona<\/span> <span class=\"review-more-placeholder\">\u2026 More<\/span><span class=\"review-full-text\"> muy cercana y hace que te sientas muy c\u00f3modo en las sesiones de estudio (muy de agradecer a los que no estamos acostumbrados a posar delante de una c\u00e1mara).<\/span><\/div>\r\n\t\t\t<span class=\"author-avatar\"><a href=\"https:\/\/www.google.com\/maps\/contrib\/116220878743327362177\/reviews\" target=\"_blank\" rel=\"nofollow noopener\"><img decoding=\"async\" src=\"https:\/\/lh3.googleusercontent.com\/a-\/ALV-UjXYMmyLP-ZsueRWW5rk5u5hsC6ScWkOtPOPVhPvAPAdYyXLJ1f8=w36-h36-p-rp-mo-ba3-br100\" alt=\"Avatar\" title=\"\"><\/a><\/span>\r\n\t\t\t<span class=\"review-meta\">\r\n\t\t\t\t<span class=\"author-name\"><a href=\"https:\/\/www.google.com\/maps\/contrib\/116220878743327362177\/reviews\" target=\"_blank\" rel=\"nofollow noopener\">Cristian T<\/a><\/span>\r\n\t\t\t\t<span class=\"rating\">\u2605\u2605\u2605\u2605\u2605<\/span>\r\n\t\t\t<\/span>\r\n\t\t<\/li>\r\n\t\t<li class=\"rating-5 hidden no-date text-first\" data-index=\"6\">\r\n\t\t\t<div class=\"text text-excerpt\"><span class=\"review-snippet\">Carme hizo un reportaje de mi hija y una amiga hace un tiempo. Nos ha montado<\/span> <span class=\"review-more-placeholder\">\u2026 More<\/span><span class=\"review-full-text\"> un \u00e1lbum bonito y elegante, muy fino, con unas fotos en su interior preciosas. Un bonito recuerdo y regalo de cumplea\u00f1os \ud83d\ude42<\/span><\/div>\r\n\t\t\t<span class=\"author-avatar\"><a href=\"https:\/\/www.google.com\/maps\/contrib\/103960190138570743257\/reviews\" target=\"_blank\" rel=\"nofollow noopener\"><img decoding=\"async\" src=\"https:\/\/lh3.googleusercontent.com\/a\/ACg8ocJkM8X-9oaNcnWA-wXokyGRs8ne8_jwjlnch5UnXyZSXpBLXQ=w36-h36-p-rp-mo-br100\" alt=\"Avatar\" title=\"\"><\/a><\/span>\r\n\t\t\t<span class=\"review-meta\">\r\n\t\t\t\t<span class=\"author-name\"><a href=\"https:\/\/www.google.com\/maps\/contrib\/103960190138570743257\/reviews\" target=\"_blank\" rel=\"nofollow noopener\">Karen M<\/a><\/span>\r\n\t\t\t\t<span class=\"rating\">\u2605\u2605\u2605\u2605\u2605<\/span>\r\n\t\t\t<\/span>\r\n\t\t<\/li>\r\n\t\t<li class=\"rating-5 hidden no-date text-first\" data-index=\"7\">\r\n\t\t\t<div class=\"text text-excerpt\"><span class=\"review-snippet\">Carme ha hecho una sesi\u00f3n de fotos preciosa a mis 4 hijos. Se adapt\u00f3 a la localizaci\u00f3n<\/span> <span class=\"review-more-placeholder\">\u2026 More<\/span><span class=\"review-full-text\"> que le propusimos y fue fant\u00e1stico. Es muy paciente y muy buena profesional! El resultado un 10!<\/span><\/div>\r\n\t\t\t<span class=\"author-avatar\"><a href=\"https:\/\/www.google.com\/maps\/contrib\/117473184746838766491\/reviews\" target=\"_blank\" rel=\"nofollow noopener\"><img decoding=\"async\" src=\"https:\/\/lh3.googleusercontent.com\/a\/ACg8ocK7KYEKjA_Z55rR5E1l7PTEs_vy8xb4L2IpiJnS2186DbtxzQ=w36-h36-p-rp-mo-br100\" alt=\"Avatar\" title=\"\"><\/a><\/span>\r\n\t\t\t<span class=\"review-meta\">\r\n\t\t\t\t<span class=\"author-name\"><a href=\"https:\/\/www.google.com\/maps\/contrib\/117473184746838766491\/reviews\" target=\"_blank\" rel=\"nofollow noopener\">Ana G<\/a><\/span>\r\n\t\t\t\t<span class=\"rating\">\u2605\u2605\u2605\u2605\u2605<\/span>\r\n\t\t\t<\/span>\r\n\t\t<\/li>\r\n\t\t<li class=\"rating-5 hidden no-date text-first\" data-index=\"8\">\r\n\t\t\t<div class=\"text text-excerpt\"><span class=\"review-snippet\">Hemos hecho una sesi\u00f3n de embarazo y reci\u00e9n nacido con Carme. Una muy buena<\/span> <span class=\"review-more-placeholder\">\u2026 More<\/span><span class=\"review-full-text\"> experiencia, es muy profesional. Te agradecemos el cari\u00f1o y la flexibilidad para lograr las fotos que quer\u00edamos. Muchas gracias por cuidar todos los detalles. El resultado nos encant\u00f3 \ud83d\ude0d\ud83d\ude0d\ud83d\ude0d<\/span><\/div>\r\n\t\t\t<span class=\"author-avatar\"><a href=\"https:\/\/www.google.com\/maps\/contrib\/101409885890701720453\/reviews\" target=\"_blank\" rel=\"nofollow noopener\"><img decoding=\"async\" src=\"https:\/\/lh3.googleusercontent.com\/a\/ACg8ocJcwtU4EiCpmbVnbCGBLqnBh903DFjlejzfRhjUcpglMuxMDw=w36-h36-p-rp-mo-br100\" alt=\"Avatar\" title=\"\"><\/a><\/span>\r\n\t\t\t<span class=\"review-meta\">\r\n\t\t\t\t<span class=\"author-name\"><a href=\"https:\/\/www.google.com\/maps\/contrib\/101409885890701720453\/reviews\" target=\"_blank\" rel=\"nofollow noopener\">Andrea C<\/a><\/span>\r\n\t\t\t\t<span class=\"rating\">\u2605\u2605\u2605\u2605\u2605<\/span>\r\n\t\t\t<\/span>\r\n\t\t<\/li>\r\n\t<\/ul>\r\n\t<ul class=\"navigation\">\t\t<li class=\"bullet current\"><a href=\"#google-business-reviews-rating-2\" data-slide=\"1\">\u25cf<\/a><\/li>\t\t<li class=\"bullet\"><a href=\"#google-business-reviews-rating-2\" data-slide=\"2\">\u25cf<\/a><\/li>\t\t<li class=\"bullet\"><a href=\"#google-business-reviews-rating-2\" data-slide=\"3\">\u25cf<\/a><\/li>\t<\/ul><\/div>\r\n\n\n\n\n<div class=\"wp-block-buttons is-content-justification-center is-layout-flex wp-container-core-buttons-is-layout-16018d1d wp-block-buttons-is-layout-flex\">\n<div class=\"wp-block-button\"><a class=\"wp-block-button__link wp-element-button\" href=\"https:\/\/www.carmedeolazabal.cat\/es\/opiniones\/\">M\u00e1s opiniones<\/a><\/div>\n<\/div>\n<\/div><\/div>\n\n\n\n<div class=\"wp-block-uagb-container uagb-block-f8fed4d7 alignfull uagb-is-root-container\">\n<div class=\"wp-block-uagb-container uagb-block-2d27bfaa\">\n<div style=\"height:500px\" aria-hidden=\"true\" class=\"wp-block-spacer uag-hide-desktop\"><\/div>\n<\/div>\n\n\n\n<div class=\"wp-block-uagb-container uagb-block-de1efbde\">\n<h2 class=\"wp-block-heading\"><span class=\"ez-toc-section\" id=\"reportajes-para-bebes-y-ninos\"><\/span>Reportajes para beb\u00e9s y ni\u00f1os<span class=\"ez-toc-section-end\"><\/span><\/h2>\n\n\n\n<p class=\"has-text-color has-link-color wp-elements-60f5bf59a33bcca07fa1b92786e35a71\" style=\"color:#ffffff\">Una de mis grandes pasiones es realizar&nbsp;<a href=\"https:\/\/www.carmedeolazabal.cat\/es\/sesiones-fotos\/bebes\/\" data-type=\"page\" data-id=\"14905\"><strong>sesiones de fotograf\u00edas de beb\u00e9s<\/strong><\/a>. Me encanta realizar reportajes que capten los mejores momentos de tu beb\u00e9. Y, en funci\u00f3n de la edad de tu hijo o hija, planificar\u00e9 la sesi\u00f3n m\u00e1s adecuada para \u00e9l o ella. De esta manera, puedo realizar books de beb\u00e9s de:<\/p>\n\n\n\n<ul style=\"color:#ffffff\" class=\"wp-block-list has-text-color has-link-color wp-elements-53cb278e0d1449bda03cd1373157ceea\">\n<li><strong>Beb\u00e9s reci\u00e9n nacidos<\/strong>: Este tipo de fotograf\u00edas muestran a tu beb\u00e9 cuando apenas cuenta con apenas unos 10 d\u00edas. Con esta edad, los beb\u00e9s a\u00fan duermen en posici\u00f3n fetal y nos mostrar\u00e1n su pureza y tranquilidad, algo que quedar\u00e1 inmortalizado en mis im\u00e1genes.<\/li>\n\n\n\n<li><strong>Beb\u00e9s de 6 meses<\/strong>: Con 6 meses, los beb\u00e9s empiezan a ser mucho m\u00e1s aut\u00f3nomos. A esta edad ya pueden mantenerse sentados. Asimismo, resultan ser muy expresivos. Debido a todo esto, estas sesiones ser\u00e1n muy divertidas.<\/li>\n\n\n\n<li><strong>Beb\u00e9s de 1 a\u00f1o<\/strong>: Uno de los momentos que tambi\u00e9n me encanta captar es cuando cumplen su primer a\u00f1o. Para esto, organizo unas maravillosas fiestas \u201csmash cake\u201d, con el objetivo de que tu beb\u00e9 pueda jugar y probar su primer pastel. Todos sus gestos ser\u00e1n captados por mi c\u00e1mara al probar su delicioso pastel.<\/li>\n<\/ul>\n\n\n\n<div class=\"wp-block-buttons is-layout-flex wp-block-buttons-is-layout-flex\">\n<div class=\"wp-block-button\"><a class=\"wp-block-button__link wp-element-button\" href=\"https:\/\/www.carmedeolazabal.cat\/es\/sesiones-fotos\/bebes\/\">Ver sesiones de beb\u00e9s<\/a><\/div>\n<\/div>\n<\/div>\n<\/div>\n\n\n\n<div class=\"wp-block-uagb-container hide-tablet-desktop uagb-block-d4a111ac alignfull uagb-is-root-container\">\n<div class=\"wp-block-uagb-container uagb-block-f0e447be\">\n<div style=\"height:500px\" aria-hidden=\"true\" class=\"wp-block-spacer uag-hide-desktop\"><\/div>\n<\/div>\n<\/div>\n\n\n\n<div class=\"wp-block-uagb-container uagb-block-e3dce461 alignfull uagb-is-root-container\">\n<div class=\"wp-block-uagb-container uagb-block-5603683f\">\n<h2 class=\"wp-block-heading\"><span class=\"ez-toc-section\" id=\"fotografo-de-boda-en-sant-quirze-del-valles\"><\/span>Fot\u00f3grafo de boda en Sant Quirze del Vall\u00e9s<span class=\"ez-toc-section-end\"><\/span><\/h2>\n\n\n\n<p>Sin lugar a dudas,&nbsp;<strong>casarse<\/strong>&nbsp;es un momento sumamente maravilloso, siendo uno de los recuerdos m\u00e1s bonitos de nuestra vida. Por esta raz\u00f3n, todos vamos a querer contar con una <strong>sesi\u00f3n de fotos en Sant Quirze<\/strong> o donde me digas, que inmortalice nuestra felicidad. Los&nbsp;<a href=\"https:\/\/www.carmedeolazabal.cat\/es\/celebraciones\/bodas-sant-cugat\/\" data-type=\"page\" data-id=\"14855\"><strong>reportajes de boda<\/strong><\/a>&nbsp;es el tipo de sesiones que me encanta, porque est\u00e1 llena de ilusi\u00f3n. Yo cuidar\u00e9 cada uno de los detalles para que sea inolvidable.<\/p>\n\n\n\n<p>El d\u00eda de nuestra boda es uno de los m\u00e1s importantes de nuestra, debiendo contar con un equipo de profesionales que puedan captar todos los momentos tiernos, \u00edntimos y bonitos del enlace. Es as\u00ed que resulta sumamente importante que contratemos a un profesional con el debido tiempo de antelaci\u00f3n. Por este motivo cuento con una agenda de celebraciones.<\/p>\n\n\n\n<p>Asimismo, tambi\u00e9n podr\u00e1s contratar una&nbsp;sesi\u00f3n de fotos de preboda. Este tipo de sesiones resultan ser perfectas para tener como recuerdo las \u00faltimas im\u00e1genes con tu pareja como novios antes del enlace. Sin lugar a dudas, ser\u00e1 un recuerdo inolvidable que permitir\u00e1 captar todo vuestro amor. Adem\u00e1s, esta sesi\u00f3n tambi\u00e9n resulta perfecta para que nos vayamos conociendo y sep\u00e1is c\u00f3mo es mi trabajo. Esto os ayudar\u00e1 a que est\u00e9is mucho m\u00e1s relajados el d\u00eda del enlace.<\/p>\n\n\n\n<p>Posteriormente al d\u00eda de la boda, os entregar\u00e9 el reportaje en los diferentes formatos que hay\u00e1is elegido: digital, papel. Asimismo, tendr\u00e1s las im\u00e1genes en tama\u00f1os diferentes, fotograf\u00edas enmarcadas o en lienzos tipo cuadro. Esto es algo que vais a poder colocar en vuestra casa, pudiendo revisar las im\u00e1genes cuando quer\u00e1is recordar ese d\u00eda tan especial.<\/p>\n\n\n\n<div class=\"wp-block-buttons is-layout-flex wp-block-buttons-is-layout-flex\">\n<div class=\"wp-block-button\"><a class=\"wp-block-button__link wp-element-button\" href=\"https:\/\/www.carmedeolazabal.cat\/es\/celebraciones\/bodas-sant-cugat\/\">Ver sesiones de bodas<\/a><\/div>\n<\/div>\n<\/div>\n\n\n\n<div class=\"wp-block-uagb-container hide-mobile uagb-block-d7577ff7\">\n<div style=\"height:500px\" aria-hidden=\"true\" class=\"wp-block-spacer uag-hide-desktop\"><\/div>\n<\/div>\n<\/div>\n\n\n\n<div class=\"wp-block-uagb-container cta uagb-layout-flex uagb-block-80b381a2 alignfull uagb-is-root-container\">\n<p class=\"has-text-align-center has-text-color has-link-color has-large-font-size wp-elements-553c4aa43b991af5a2f14a69c4eabd18\" style=\"color:#ffffff\">Visita las tarifas para la sesi\u00f3n de fotos que deseas<\/p>\n\n\n\n<div class=\"wp-block-buttons alignfull is-content-justification-center is-layout-flex wp-container-core-buttons-is-layout-16018d1d wp-block-buttons-is-layout-flex\">\n<div class=\"wp-block-button has-custom-width wp-block-button__width-50 button-cta\"><a class=\"wp-block-button__link wp-element-button\" href=\"https:\/\/www.carmedeolazabal.cat\/es\/precios\/\">Ver tarifas<\/a><\/div>\n<\/div>\n<\/div>\n\n\n\n<div class=\"wp-block-uagb-container uagb-block-94e41be1 alignfull uagb-is-root-container\">\n<div class=\"wp-block-uagb-container uagb-block-42eba990\">\n<div style=\"height:500px\" aria-hidden=\"true\" class=\"wp-block-spacer\"><\/div>\n<\/div>\n\n\n\n<div class=\"wp-block-uagb-container uagb-block-43bb0f2c\">\n<h2 class=\"wp-block-heading\"><span class=\"ez-toc-section\" id=\"fotografia-embarazadas-en-sant-quirze-del-valles\"><\/span>Fotograf\u00eda embarazadas en Sant Quirze del Vall\u00e9s<span class=\"ez-toc-section-end\"><\/span><\/h2>\n\n\n\n<p class=\"has-text-color has-link-color wp-elements-beb91ee6abcb337114242c7bb124bf5c\" style=\"color:#ffffff\">Adem\u00e1s, si te encuentras embarazada tambi\u00e9n vas a poder realizar una <a href=\"https:\/\/www.carmedeolazabal.cat\/es\/sesiones-fotos\/embarazadas\/\" data-type=\"page\" data-id=\"14870\"><strong>sesi\u00f3n de fotos de tu embarazo<\/strong><\/a>&nbsp;que ser\u00e1 una excelente forma de recordar uno de los momentos m\u00e1s felices que vivir\u00e1s. La etapa del embarazo es un momento de emociones constantes. En mis books de embarazo os har\u00e9 fotograf\u00edas junto a tu pareja, hijos o con los familiares que t\u00fa desees. Asimismo, me encargar\u00e1 de crear un espacio \u00edntimo, lleno de sensibilidad en el cual te sentir\u00e1s c\u00f3moda. Tu barriga y t\u00fa, van a ser las protagonistas de esta sesi\u00f3n.<\/p>\n\n\n\n<p class=\"has-text-color has-link-color wp-elements-4f2868b474e7a459266ceca17ea0fca5\" style=\"color:#ffffff\">Cuento con un estudio y con el atrezzo adecuado para este tipo de sesiones. La luz es uno de los principales componentes de esta sesi\u00f3n. Las fotograf\u00edas van a mostrar la esencia m\u00e1s bonita de este momento tan dulce por el cual te encuentras pasando. Vas a brillar como una estrella, ya que la sesi\u00f3n estar\u00e1 pensada completamente para ti. Asimismo, tendr\u00e1s la oportunidad de realizar diversas im\u00e1genes con la familia y con tu pareja, para que as\u00ed puedas tener un recuerdo indeleble.<\/p>\n\n\n\n<div class=\"wp-block-buttons is-layout-flex wp-block-buttons-is-layout-flex\">\n<div class=\"wp-block-button\"><a class=\"wp-block-button__link wp-element-button\" href=\"https:\/\/www.carmedeolazabal.cat\/es\/sesiones-fotos\/embarazadas\/\">Ver sesiones de embarazos<\/a><\/div>\n<\/div>\n<\/div>\n<\/div>\n\n\n\n<div class=\"wp-block-uagb-container hide-tablet-desktop uagb-block-599422b6 alignfull uagb-is-root-container\">\n<div class=\"wp-block-uagb-container uagb-block-cfcc39f2\">\n<div style=\"height:500px\" aria-hidden=\"true\" class=\"wp-block-spacer uag-hide-desktop\"><\/div>\n<\/div>\n<\/div>\n\n\n\n<div class=\"wp-block-uagb-container uagb-block-4eca0a22 alignfull uagb-is-root-container\">\n<div class=\"wp-block-uagb-container uagb-block-62e45ccd\">\n<h2 class=\"wp-block-heading\"><span class=\"ez-toc-section\" id=\"sesion-de-fotos-de-comuniones-y-otras-celebraciones\"><\/span>Sesi\u00f3n de fotos de comuniones y otras celebraciones<span class=\"ez-toc-section-end\"><\/span><\/h2>\n\n\n\n<p>Tambi\u00e9n realizo sesiones en Sant Quirze del Vall\u00e9s como&nbsp;<a href=\"https:\/\/www.carmedeolazabal.cat\/es\/celebraciones\/comuniones-y-bautizos\/\" data-type=\"page\" data-id=\"14858\"><strong>reportajes de comuniones<\/strong><\/a>, bautizos y de diversas celebraciones importantes. Mi objetivo principal es crear siempre un espacio de confianza, con el objetivo de que los ni\u00f1os se sientan totalmente c\u00f3modos conmigo, pudiendo mostrar mayor tranquilidad en sus fotograf\u00edas.<\/p>\n\n\n\n<p>La&nbsp;<strong>ceremonia del bautizo<\/strong>&nbsp;es uno de los instantes m\u00e1s especiales de un beb\u00e9 y de sus padres y familiares. Debido a esto, resulta importante que el fot\u00f3grafo que elijas, tenga la destreza necesaria para captar la esencia de este instante. Mi intenci\u00f3n ser\u00e1 siempre poner toda mi alma y mi profesionalismo en las fotograf\u00edas que capto. Mi objetivo ser\u00e1 que este reportaje os pueda hacer revivir este momento familiar tan \u00edntimo y bonito.<\/p>\n\n\n\n<p>A medida que vayan creciendo, tus celebrar\u00e1n su&nbsp;<strong>comuni\u00f3n<\/strong>. Y yo me encontrar\u00e9 ah\u00ed para poder captar e inmortalizar dicho momento. No olvidemos que est\u00e9s es su momento, siendo los protagonistas de este momento. Para esta ocasi\u00f3n ir\u00e1n vestidos de gala, rode\u00e1ndose de amigos y familiares para celebrar.<\/p>\n\n\n\n<p>De la misma manera, vamos a tener otros diversos eventos, como su&nbsp;<strong>cumplea\u00f1os, mayor\u00eda de edad, graduaci\u00f3n<\/strong>. Tambi\u00e9n podemos captar su alegr\u00eda y emoci\u00f3n en viajes, paseos por el campo, as\u00ed como su primera vez en la nieve o en la playa. Contar con una buena fotograf\u00eda ser\u00e1 nuestro recuerdo m\u00e1s preciado del mundo.<\/p>\n\n\n\n<div class=\"wp-block-buttons is-layout-flex wp-block-buttons-is-layout-flex\">\n<div class=\"wp-block-button\"><a class=\"wp-block-button__link wp-element-button\" href=\"https:\/\/www.carmedeolazabal.cat\/es\/celebraciones\/\">Ver sesiones de celebraciones<\/a><\/div>\n<\/div>\n<\/div>\n\n\n\n<div class=\"wp-block-uagb-container hide-mobile uagb-block-34fd58ac\">\n<div style=\"height:500px\" aria-hidden=\"true\" class=\"wp-block-spacer uag-hide-desktop\"><\/div>\n<\/div>\n<\/div>\n\n\n\n<div class=\"wp-block-uagb-container cta uagb-layout-flex uagb-block-f4208808 alignfull uagb-is-root-container\">\n<p class=\"has-text-align-center has-text-color has-link-color has-large-font-size wp-elements-7956e11028161d2341da62ba2efeb414\" style=\"color:#ffffff\">\u00bfTienes alguna duda? Cont\u00e1ctame<\/p>\n\n\n\n<div class=\"wp-block-buttons alignfull is-content-justification-center is-layout-flex wp-container-core-buttons-is-layout-16018d1d wp-block-buttons-is-layout-flex\">\n<div class=\"wp-block-button has-custom-width wp-block-button__width-50 button-cta\"><a class=\"wp-block-button__link wp-element-button\" href=\"https:\/\/wa.me\/649295823\" target=\"_blank\" rel=\"noopener\">\u00bfTienes dudas?<\/a><\/div>\n<\/div>\n<\/div>\n<\/div><\/div>\n","protected":false},"excerpt":{"rendered":"<p>Estudio de fotograf\u00eda enSant Quirze del Vall\u00e9s Soy&nbsp;Carme de Olazabal, una abogada de formaci\u00f3n pero que se decidi\u00f3 a cumplir su sue\u00f1o. Inmortalizar los momentos [&hellip;]<\/p>\n","protected":false},"author":5,"featured_media":18534,"parent":0,"menu_order":0,"comment_status":"closed","ping_status":"closed","template":"","meta":{"_uag_custom_page_level_css":"","_joinchat":[],"footnotes":""},"class_list":["post-18399","page","type-page","status-publish","has-post-thumbnail","hentry"],"uagb_featured_image_src":{"full":["https:\/\/www.carmedeolazabal.cat\/wp-content\/uploads\/2024\/07\/fotografo-profesional-sesiones-fotos-sant-quirze.webp",500,500,false],"thumbnail":["https:\/\/www.carmedeolazabal.cat\/wp-content\/uploads\/2024\/07\/fotografo-profesional-sesiones-fotos-sant-quirze-150x150.webp",150,150,true],"medium":["https:\/\/www.carmedeolazabal.cat\/wp-content\/uploads\/2024\/07\/fotografo-profesional-sesiones-fotos-sant-quirze-300x300.webp",300,300,true],"medium_large":["https:\/\/www.carmedeolazabal.cat\/wp-content\/uploads\/2024\/07\/fotografo-profesional-sesiones-fotos-sant-quirze.webp",500,500,false],"large":["https:\/\/www.carmedeolazabal.cat\/wp-content\/uploads\/2024\/07\/fotografo-profesional-sesiones-fotos-sant-quirze.webp",500,500,false],"1536x1536":["https:\/\/www.carmedeolazabal.cat\/wp-content\/uploads\/2024\/07\/fotografo-profesional-sesiones-fotos-sant-quirze.webp",500,500,false],"2048x2048":["https:\/\/www.carmedeolazabal.cat\/wp-content\/uploads\/2024\/07\/fotografo-profesional-sesiones-fotos-sant-quirze.webp",500,500,false],"ultp_layout_landscape_large":["https:\/\/www.carmedeolazabal.cat\/wp-content\/uploads\/2024\/07\/fotografo-profesional-sesiones-fotos-sant-quirze.webp",500,500,false],"ultp_layout_landscape":["https:\/\/www.carmedeolazabal.cat\/wp-content\/uploads\/2024\/07\/fotografo-profesional-sesiones-fotos-sant-quirze.webp",500,500,false],"ultp_layout_portrait":["https:\/\/www.carmedeolazabal.cat\/wp-content\/uploads\/2024\/07\/fotografo-profesional-sesiones-fotos-sant-quirze.webp",500,500,false],"ultp_layout_square":["https:\/\/www.carmedeolazabal.cat\/wp-content\/uploads\/2024\/07\/fotografo-profesional-sesiones-fotos-sant-quirze.webp",500,500,false],"authorship-box-avatar":["https:\/\/www.carmedeolazabal.cat\/wp-content\/uploads\/2024\/07\/fotografo-profesional-sesiones-fotos-sant-quirze-150x150.webp",150,150,true],"authorship-box-related":["https:\/\/www.carmedeolazabal.cat\/wp-content\/uploads\/2024\/07\/fotografo-profesional-sesiones-fotos-sant-quirze-70x70.webp",70,70,true],"post-thumbnail":["https:\/\/www.carmedeolazabal.cat\/wp-content\/uploads\/2024\/07\/fotografo-profesional-sesiones-fotos-sant-quirze.webp",500,500,false],"getwid_base-cropped":["https:\/\/www.carmedeolazabal.cat\/wp-content\/uploads\/2024\/07\/fotografo-profesional-sesiones-fotos-sant-quirze.webp",500,500,false],"getwid_base-large":["https:\/\/www.carmedeolazabal.cat\/wp-content\/uploads\/2024\/07\/fotografo-profesional-sesiones-fotos-sant-quirze.webp",500,500,false]},"uagb_author_info":{"display_name":"Carme De Olazabal","author_link":"https:\/\/www.carmedeolazabal.cat\/es\/author\/carme\/"},"uagb_comment_info":0,"uagb_excerpt":"Estudio de fotograf\u00eda enSant Quirze del Vall\u00e9s Soy&nbsp;Carme de Olazabal, una abogada de formaci\u00f3n pero que se decidi\u00f3 a cumplir su sue\u00f1o. Inmortalizar los momentos [&hellip;]","rttpg_featured_image_url":{"full":["https:\/\/www.carmedeolazabal.cat\/wp-content\/uploads\/2024\/07\/fotografo-profesional-sesiones-fotos-sant-quirze.webp",500,500,false],"landscape":["https:\/\/www.carmedeolazabal.cat\/wp-content\/uploads\/2024\/07\/fotografo-profesional-sesiones-fotos-sant-quirze.webp",500,500,false],"portraits":["https:\/\/www.carmedeolazabal.cat\/wp-content\/uploads\/2024\/07\/fotografo-profesional-sesiones-fotos-sant-quirze.webp",500,500,false],"thumbnail":["https:\/\/www.carmedeolazabal.cat\/wp-content\/uploads\/2024\/07\/fotografo-profesional-sesiones-fotos-sant-quirze-150x150.webp",150,150,true],"medium":["https:\/\/www.carmedeolazabal.cat\/wp-content\/uploads\/2024\/07\/fotografo-profesional-sesiones-fotos-sant-quirze-300x300.webp",300,300,true],"large":["https:\/\/www.carmedeolazabal.cat\/wp-content\/uploads\/2024\/07\/fotografo-profesional-sesiones-fotos-sant-quirze.webp",500,500,false],"1536x1536":["https:\/\/www.carmedeolazabal.cat\/wp-content\/uploads\/2024\/07\/fotografo-profesional-sesiones-fotos-sant-quirze.webp",500,500,false],"2048x2048":["https:\/\/www.carmedeolazabal.cat\/wp-content\/uploads\/2024\/07\/fotografo-profesional-sesiones-fotos-sant-quirze.webp",500,500,false],"ultp_layout_landscape_large":["https:\/\/www.carmedeolazabal.cat\/wp-content\/uploads\/2024\/07\/fotografo-profesional-sesiones-fotos-sant-quirze.webp",500,500,false],"ultp_layout_landscape":["https:\/\/www.carmedeolazabal.cat\/wp-content\/uploads\/2024\/07\/fotografo-profesional-sesiones-fotos-sant-quirze.webp",500,500,false],"ultp_layout_portrait":["https:\/\/www.carmedeolazabal.cat\/wp-content\/uploads\/2024\/07\/fotografo-profesional-sesiones-fotos-sant-quirze.webp",500,500,false],"ultp_layout_square":["https:\/\/www.carmedeolazabal.cat\/wp-content\/uploads\/2024\/07\/fotografo-profesional-sesiones-fotos-sant-quirze.webp",500,500,false],"authorship-box-avatar":["https:\/\/www.carmedeolazabal.cat\/wp-content\/uploads\/2024\/07\/fotografo-profesional-sesiones-fotos-sant-quirze-150x150.webp",150,150,true],"authorship-box-related":["https:\/\/www.carmedeolazabal.cat\/wp-content\/uploads\/2024\/07\/fotografo-profesional-sesiones-fotos-sant-quirze-70x70.webp",70,70,true],"post-thumbnail":["https:\/\/www.carmedeolazabal.cat\/wp-content\/uploads\/2024\/07\/fotografo-profesional-sesiones-fotos-sant-quirze.webp",500,500,false],"getwid_base-cropped":["https:\/\/www.carmedeolazabal.cat\/wp-content\/uploads\/2024\/07\/fotografo-profesional-sesiones-fotos-sant-quirze.webp",500,500,false],"getwid_base-large":["https:\/\/www.carmedeolazabal.cat\/wp-content\/uploads\/2024\/07\/fotografo-profesional-sesiones-fotos-sant-quirze.webp",500,500,false]},"rttpg_author":{"display_name":"Carme De Olazabal","author_link":"https:\/\/www.carmedeolazabal.cat\/es\/author\/carme\/"},"rttpg_comment":0,"rttpg_category":" <a href=\"https:\/\/www.carmedeolazabal.cat\/es\/?taxonomy=translation_priority&#038;term=opcional\" rel=\"tag\">Opcional<\/a>","rttpg_excerpt":"Estudio de fotograf\u00eda enSant Quirze del Vall\u00e9s Soy&nbsp;Carme de Olazabal, una abogada de formaci\u00f3n pero que se decidi\u00f3 a cumplir su sue\u00f1o. Inmortalizar los momentos [&hellip;]","_links":{"self":[{"href":"https:\/\/www.carmedeolazabal.cat\/es\/wp-json\/wp\/v2\/pages\/18399","targetHints":{"allow":["GET"]}}],"collection":[{"href":"https:\/\/www.carmedeolazabal.cat\/es\/wp-json\/wp\/v2\/pages"}],"about":[{"href":"https:\/\/www.carmedeolazabal.cat\/es\/wp-json\/wp\/v2\/types\/page"}],"author":[{"embeddable":true,"href":"https:\/\/www.carmedeolazabal.cat\/es\/wp-json\/wp\/v2\/users\/5"}],"replies":[{"embeddable":true,"href":"https:\/\/www.carmedeolazabal.cat\/es\/wp-json\/wp\/v2\/comments?post=18399"}],"version-history":[{"count":8,"href":"https:\/\/www.carmedeolazabal.cat\/es\/wp-json\/wp\/v2\/pages\/18399\/revisions"}],"predecessor-version":[{"id":19404,"href":"https:\/\/www.carmedeolazabal.cat\/es\/wp-json\/wp\/v2\/pages\/18399\/revisions\/19404"}],"wp:featuredmedia":[{"embeddable":true,"href":"https:\/\/www.carmedeolazabal.cat\/es\/wp-json\/wp\/v2\/media\/18534"}],"wp:attachment":[{"href":"https:\/\/www.carmedeolazabal.cat\/es\/wp-json\/wp\/v2\/media?parent=18399"}],"curies":[{"name":"wp","href":"https:\/\/api.w.org\/{rel}","templated":true}]}}